{"id":13446,"date":"2024-02-06T12:18:06","date_gmt":"2024-02-06T12:18:06","guid":{"rendered":"https:\/\/www.vinhosdoalgarve.pt\/a-regiao\/vinhos\/"},"modified":"2024-05-02T08:24:56","modified_gmt":"2024-05-02T08:24:56","slug":"vins","status":"publish","type":"page","link":"https:\/\/www.vinhosdoalgarve.pt\/fr\/region\/vins\/","title":{"rendered":"Vins"},"content":{"rendered":"\t\t<div data-elementor-type=\"wp-page\" data-elementor-id=\"13446\" class=\"elementor elementor-13446 elementor-11929\">\n\t\t\t\t\t\t<section class=\"elementor-section elementor-top-section elementor-element elementor-element-de771c1 elementor-section-full_width elementor-section-height-min-height elementor-section-height-default elementor-section-items-middle\" data-id=\"de771c1\" data-element_type=\"section\" data-settings=\"{&quot;background_background&quot;:&quot;classic&quot;}\">\n\t\t\t\t\t\t<div class=\"elementor-container elementor-column-gap-default\">\n\t\t\t\t\t<div class=\"elementor-column elementor-col-100 elementor-top-column elementor-element elementor-element-4960781\" data-id=\"4960781\" data-element_type=\"column\">\n\t\t\t<div class=\"elementor-widget-wrap\">\n\t\t\t\t\t\t\t<\/div>\n\t\t<\/div>\n\t\t\t\t\t<\/div>\n\t\t<\/section>\n\t\t\t\t<section class=\"elementor-section elementor-top-section elementor-element elementor-element-3a49618 elementor-section-full_width qodef-elementor-content-grid elementor-section-height-default elementor-section-height-default\" data-id=\"3a49618\" data-element_type=\"section\">\n\t\t\t\t\t\t<div class=\"elementor-container elementor-column-gap-default\">\n\t\t\t\t\t<div class=\"elementor-column elementor-col-50 elementor-top-column elementor-element elementor-element-64e0d33\" data-id=\"64e0d33\" data-element_type=\"column\">\n\t\t\t<div class=\"elementor-widget-wrap elementor-element-populated\">\n\t\t\t\t\t\t<section class=\"elementor-section elementor-inner-section elementor-element elementor-element-dc9feaf elementor-section-full_width elementor-section-height-default elementor-section-height-default\" data-id=\"dc9feaf\" data-element_type=\"section\">\n\t\t\t\t\t\t<div class=\"elementor-container elementor-column-gap-default\">\n\t\t\t\t\t<div class=\"elementor-column elementor-col-100 elementor-inner-column elementor-element elementor-element-6098f4f\" data-id=\"6098f4f\" data-element_type=\"column\" data-settings=\"{&quot;background_background&quot;:&quot;classic&quot;}\">\n\t\t\t<div class=\"elementor-widget-wrap\">\n\t\t\t\t\t\t\t<\/div>\n\t\t<\/div>\n\t\t\t\t\t<\/div>\n\t\t<\/section>\n\t\t\t\t<div class=\"elementor-element elementor-element-c199853 elementor-widget-tablet__width-inherit elementor-widget elementor-widget-chateau_core_section_title\" data-id=\"c199853\" data-element_type=\"widget\" data-widget_type=\"chateau_core_section_title.default\">\n\t\t\t\t<div class=\"elementor-widget-container\">\n\t\t\t\t\t<div class=\"qodef-shortcode qodef-m  qodef-section-title qodef-alignment--left qodef-title-break--disabled\">\n\t\t<h2 class=\"qodef-m-title\" >\n\t\t\t\t\tVins\t\t\t<\/h2>\n\t<div class=\"qodef-m-subtitle-content qodef--has-appear\" style=\"margin-top: 14px\">\n\t<div class=\"qodef-m-subtitle-line-one\" style=\"width: 25px;background-color: #354C04\"><\/div>\n\t\t<div class=\"qodef-m-subtitle-line-two\" style=\"display: none;\"><\/div>\n<\/div>\n\t<\/div>\n\t\t\t\t<\/div>\n\t\t\t\t<\/div>\n\t\t\t\t\t<\/div>\n\t\t<\/div>\n\t\t\t\t<div class=\"elementor-column elementor-col-50 elementor-top-column elementor-element elementor-element-5576bcb\" data-id=\"5576bcb\" data-element_type=\"column\">\n\t\t\t<div class=\"elementor-widget-wrap elementor-element-populated\">\n\t\t\t\t\t\t<div class=\"elementor-element elementor-element-252086e elementor-widget elementor-widget-text-editor\" data-id=\"252086e\" data-element_type=\"widget\" data-widget_type=\"text-editor.default\">\n\t\t\t\t<div class=\"elementor-widget-container\">\n\t\t\t\t\t\t\t\t\t<h5><span style=\"font-weight: 400;\"><strong><span class=\"TextRun SCXW82525324 BCX0\" lang=\"FR-FR\" xml:lang=\"FR-FR\" data-contrast=\"auto\"><span class=\"NormalTextRun SCXW82525324 BCX0\">DANS LA R\u00c9GION DE L&rsquo;ALGARVE, ON PRODUIT DES VINS ROUGES, BLANCS, ROS\u00c9S, MOUSSEUX ET DE LIQUEUR<\/span><\/span>.<\/strong><\/span><\/h5><p><span data-contrast=\"auto\">Les vins sont produits et <strong>certifi\u00e9s avec 4 D\u00e9nominations d&rsquo;Origine<\/strong> (Lagos, Portim\u00e3o, Lagoa et Tavira) et avec la <strong>d\u00e9signation IG Algarve<\/strong> (Indication G\u00e9ographique).<\/span><span data-ccp-props=\"{&quot;201341983&quot;:0,&quot;335559685&quot;:-20,&quot;335559737&quot;:-20,&quot;335559739&quot;:160,&quot;335559740&quot;:257}\">\u00a0<\/span><\/p><p><span data-contrast=\"auto\">Les vins de l&rsquo;Algarve se caract\u00e9risent par leur \u00e9l\u00e9gance (pour les rouges) et leur <strong>grande fra\u00eecheur<\/strong> (pour les blancs).<\/span><span data-ccp-props=\"{&quot;201341983&quot;:0,&quot;335559685&quot;:-20,&quot;335559737&quot;:-20,&quot;335559739&quot;:160,&quot;335559740&quot;:257}\">\u00a0<\/span><\/p>\t\t\t\t\t\t\t\t<\/div>\n\t\t\t\t<\/div>\n\t\t\t\t\t<\/div>\n\t\t<\/div>\n\t\t\t\t\t<\/div>\n\t\t<\/section>\n\t\t<div class=\"elementor-element elementor-element-a5531ea e-flex e-con-boxed e-con e-parent\" data-id=\"a5531ea\" data-element_type=\"container\">\n\t\t\t\t\t<div class=\"e-con-inner\">\n\t\t\t\t<div class=\"elementor-element elementor-element-f3c19bd elementor-widget-divider--view-line elementor-widget elementor-widget-divider\" data-id=\"f3c19bd\" data-element_type=\"widget\" data-widget_type=\"divider.default\">\n\t\t\t\t<div class=\"elementor-widget-container\">\n\t\t\t\t\t\t\t<div class=\"elementor-divider\">\n\t\t\t<span class=\"elementor-divider-separator\">\n\t\t\t\t\t\t<\/span>\n\t\t<\/div>\n\t\t\t\t\t\t<\/div>\n\t\t\t\t<\/div>\n\t\t\t\t\t<\/div>\n\t\t\t\t<\/div>\n\t\t<div class=\"elementor-element elementor-element-6ddf02c e-flex e-con-boxed e-con e-parent\" data-id=\"6ddf02c\" data-element_type=\"container\">\n\t\t\t\t\t<div class=\"e-con-inner\">\n\t\t\t\t<div class=\"elementor-element elementor-element-cfbe7e3 elementor-widget elementor-widget-text-editor\" data-id=\"cfbe7e3\" data-element_type=\"widget\" data-widget_type=\"text-editor.default\">\n\t\t\t\t<div class=\"elementor-widget-container\">\n\t\t\t\t\t\t\t\t\t<h5>&#8211; <span class=\"TextRun SCXW122300795 BCX0\" lang=\"FR-FR\" xml:lang=\"FR-FR\" data-contrast=\"auto\"><span class=\"NormalTextRun SCXW122300795 BCX0\">CE SONT LES CARACT\u00c9RISTIQUES UNIQUES DE LA R\u00c9GION QUI D\u00c9FINISSENT SES VINS<\/span><\/span> &#8211;<\/h5><p><span data-contrast=\"auto\">Le <strong>syst\u00e8me montagneux<\/strong>, le <strong>vaste littoral<\/strong> de l&rsquo;Algarve et <strong>l&rsquo;influence m\u00e9diterran\u00e9enne<\/strong> et atlantique de <strong>son climat sont les caract\u00e9ristiques<\/strong> qui d\u00e9finissent les Vins de l&rsquo;Algarve.<\/span><span data-ccp-props=\"{&quot;201341983&quot;:0,&quot;335559685&quot;:-20,&quot;335559737&quot;:-20,&quot;335559739&quot;:160,&quot;335559740&quot;:257}\">\u00a0<\/span><\/p><p><span data-contrast=\"auto\">Dans la r\u00e9gion, la culture de la vigne coexiste avec les arbres fruitiers traditionnels de l&rsquo;Algarve, tels que le figuier, l&rsquo;amandier et le caroubier.<\/span><span data-ccp-props=\"{&quot;201341983&quot;:0,&quot;335559685&quot;:-20,&quot;335559737&quot;:-20,&quot;335559739&quot;:160,&quot;335559740&quot;:257}\">\u00a0<\/span><\/p><p><span data-contrast=\"auto\">Ces conditions ont \u00e9galement un impact sur la maturation compl\u00e8te des raisins, ce qui a une influence directe sur la qualit\u00e9 des vins, en termes de douceur, de sucrosit\u00e9 et d&rsquo;expression aromatique des c\u00e9pages, et ce pour les trois cat\u00e9gories de produits : Vin, Vin de liqueur et Vin mousseux.<\/span><span data-ccp-props=\"{&quot;201341983&quot;:0,&quot;335559685&quot;:-20,&quot;335559737&quot;:-20,&quot;335559739&quot;:160,&quot;335559740&quot;:257}\">\u00a0<\/span><\/p><p><span data-contrast=\"auto\">Les <strong>caract\u00e9ristiques du sol, l&rsquo;exposition au soleil<\/strong>, le <strong>climat et l&rsquo;environnement<\/strong> des <strong>montagnes au nord<\/strong>, l&rsquo;influence maritime et les facteurs humains traduits dans les pratiques culturales et la s\u00e9lection des c\u00e9pages, permettent la production de vin avec l&rsquo;Indication G\u00e9ographique de l&rsquo;Algarve.<\/span><span data-ccp-props=\"{&quot;201341983&quot;:0,&quot;335559685&quot;:-20,&quot;335559737&quot;:-20,&quot;335559739&quot;:160,&quot;335559740&quot;:257}\">\u00a0<\/span><\/p><h6>&#8211; <span class=\"TextRun SCXW148477019 BCX0\" lang=\"FR-FR\" xml:lang=\"FR-FR\" data-contrast=\"auto\"><span class=\"NormalTextRun SCXW148477019 BCX0\">LES VINS ROUGES<\/span><\/span> &#8211;<\/h6><p><span class=\"TextRun SCXW193009923 BCX0\" lang=\"FR-FR\" xml:lang=\"FR-FR\" data-contrast=\"auto\"><span class=\"NormalTextRun SCXW193009923 BCX0\">\u00c9labor\u00e9s \u00e0 partir de <strong>c\u00e9pages autochtones<\/strong>, tels que le <\/span><strong><span class=\"NormalTextRun SCXW193009923 BCX0\">Negra<\/span><\/strong><span class=\"NormalTextRun SCXW193009923 BCX0\"><strong> Mole<\/strong>, et d&rsquo;autres <strong>c\u00e9pages traditionnels et internationaux, parfaitement adapt\u00e9s au terroir<\/strong> de la r\u00e9gion de l&rsquo;Algarve, la plupart d&rsquo;entre eux sont le r\u00e9sultat d&rsquo;un assemblage de divers c\u00e9pages dont la complexit\u00e9 et la richesse leur conf\u00e8rent un profil caract\u00e9ristique de l&rsquo;Algarve, mais il existe \u00e9galement de bons vins mono-c\u00e9pages. Les vins rouges de l&rsquo;Indication G\u00e9ographique de l&rsquo;Algarve sont doux, se pr\u00e9sentant avec une perception sucr\u00e9e, onctueuse et alcoolis\u00e9e, avec peu d&rsquo;acidit\u00e9 et une l\u00e9g\u00e8re astringence, qui r\u00e9sulte des temp\u00e9ratures \u00e9lev\u00e9es qui caract\u00e9risent le climat de la r\u00e9gion.<\/span><\/span><span class=\"EOP SCXW193009923 BCX0\" data-ccp-props=\"{&quot;201341983&quot;:0,&quot;335559685&quot;:-20,&quot;335559737&quot;:-20,&quot;335559739&quot;:160,&quot;335559740&quot;:257}\">\u00a0<\/span><\/p><h6>&#8211; <span class=\"TextRun SCXW52633302 BCX0\" lang=\"FR-FR\" xml:lang=\"FR-FR\" data-contrast=\"auto\"><span class=\"NormalTextRun SCXW52633302 BCX0\">LES VINS BLANCS<\/span><\/span> &#8211;<\/h6><p><span class=\"TextRun SCXW241506154 BCX0\" lang=\"FR-FR\" xml:lang=\"FR-FR\" data-contrast=\"auto\"><span class=\"NormalTextRun SCXW241506154 BCX0\">Ils sont produits par l&rsquo;assemblage de plusieurs c\u00e9pages ou en mono-c\u00e9pages. Ils sont g\u00e9n\u00e9ralement d\u00e9licats et doux, sucr\u00e9s et l\u00e9g\u00e8rement alcoolis\u00e9s, tr\u00e8s fruit\u00e9s et avec une l\u00e9g\u00e8re acidit\u00e9. Ils peuvent \u00eatre vieillis dans un contenant en bois.<\/span><\/span><span class=\"EOP SCXW241506154 BCX0\" data-ccp-props=\"{&quot;201341983&quot;:0,&quot;335559685&quot;:-20,&quot;335559737&quot;:-20,&quot;335559739&quot;:160,&quot;335559740&quot;:257}\">\u00a0<\/span><\/p><h6>&#8211; <span class=\"TextRun SCXW9683479 BCX0\" lang=\"FR-FR\" xml:lang=\"FR-FR\" data-contrast=\"auto\"><span class=\"NormalTextRun SCXW9683479 BCX0\">LES VINS ROS\u00c9S<\/span><\/span> &#8211;<\/h6><p><span class=\"TextRun SCXW196420496 BCX0\" lang=\"FR-FR\" xml:lang=\"FR-FR\" data-contrast=\"auto\"><span class=\"NormalTextRun SCXW196420496 BCX0\">Produits \u00e0 partir d&rsquo;une l\u00e9g\u00e8re mac\u00e9ration de raisins rouges, ils ont une couleur ros\u00e9e et sont aromatiques, mais doux et sucr\u00e9s avec une l\u00e9g\u00e8re acidit\u00e9.<\/span><\/span><span class=\"EOP SCXW196420496 BCX0\" data-ccp-props=\"{&quot;201341983&quot;:0,&quot;335559685&quot;:-20,&quot;335559737&quot;:-20,&quot;335559739&quot;:160,&quot;335559740&quot;:257}\">\u00a0<\/span><\/p><h6>&#8211; <span class=\"TextRun SCXW84996713 BCX0\" lang=\"FR-FR\" xml:lang=\"FR-FR\" data-contrast=\"auto\"><span class=\"NormalTextRun SCXW84996713 BCX0\">LES VINS DE LIQUEUR<\/span><\/span> &#8211;<\/h6><p><span class=\"TextRun SCXW265369507 BCX0\" lang=\"FR-FR\" xml:lang=\"FR-FR\" data-contrast=\"auto\"><span class=\"NormalTextRun SCXW265369507 BCX0\"><strong>La r\u00e9gion de l&rsquo;Algarve a une longue tradition dans la production de liqueurs.<\/strong> Jusqu&rsquo;\u00e0 l&rsquo;apparition de l&rsquo;eau-de-vie au XVIIe si\u00e8cle, on \u00e9laborait des vins de raisins secs, une tradition m\u00e9diterran\u00e9enne. Les raisins \u00e9taient s\u00e9ch\u00e9s au soleil pour gagner en concentration et en sucre.<\/span><\/span><span class=\"EOP SCXW265369507 BCX0\" data-ccp-props=\"{&quot;201341983&quot;:0,&quot;335559685&quot;:-20,&quot;335559737&quot;:-20,&quot;335559739&quot;:160,&quot;335559740&quot;:257}\">\u00a0<\/span><\/p><ul><li style=\"list-style-type: none;\"><ul><li><span class=\"TextRun SCXW112496158 BCX0\" lang=\"FR-FR\" xml:lang=\"FR-FR\" data-contrast=\"auto\"><span class=\"NormalTextRun SCXW112496158 BCX0\">Dans les vins de liqueur avec l&rsquo;Indication G\u00e9ographique Algarve blanc doux, le c\u00e9page <\/span><span class=\"NormalTextRun SCXW112496158 BCX0\">Moscatel<\/span><span class=\"NormalTextRun SCXW112496158 BCX0\"> a toujours \u00e9t\u00e9 le plus utilis\u00e9 pour ce type de produit, qui a une couleur dor\u00e9e, avec des ar\u00f4mes floraux, de miel et de gel\u00e9e.<\/span><\/span><span class=\"EOP SCXW112496158 BCX0\" data-ccp-props=\"{&quot;201341983&quot;:0,&quot;335559685&quot;:-20,&quot;335559737&quot;:-20,&quot;335559739&quot;:160,&quot;335559740&quot;:257}\">\u00a0<\/span><\/li><li><span class=\"TextRun SCXW127813731 BCX0\" lang=\"FR-FR\" xml:lang=\"FR-FR\" data-contrast=\"auto\"><span class=\"NormalTextRun SCXW127813731 BCX0\">Les vins de liqueur avec l&rsquo;Indication G\u00e9ographique Algarve blanc sec, produits \u00e0 partir du c\u00e9page <\/span><span class=\"NormalTextRun SCXW127813731 BCX0\">Crato<\/span><span class=\"NormalTextRun SCXW127813731 BCX0\"> Branco\/<\/span><span class=\"NormalTextRun SCXW127813731 BCX0\">Siria<\/span><span class=\"NormalTextRun SCXW127813731 BCX0\">, ont une couleur ambr\u00e9e et un ar\u00f4me de fruits secs. Le go\u00fbt est compl\u00e8tement sec, complexe et \u00e9l\u00e9gant et se termine par une longue longueur en bouche.<\/span><\/span><span class=\"EOP SCXW127813731 BCX0\" data-ccp-props=\"{&quot;201341983&quot;:0,&quot;335559685&quot;:-20,&quot;335559737&quot;:-20,&quot;335559739&quot;:160,&quot;335559740&quot;:257}\">\u00a0<\/span><\/li><li><span class=\"TextRun SCXW182808966 BCX0\" lang=\"FR-FR\" xml:lang=\"FR-FR\" data-contrast=\"auto\"><span class=\"NormalTextRun SCXW182808966 BCX0\">Les vins de liqueur avec l&rsquo;Indication G\u00e9ographique Algarve rouge doux, produits essentiellement \u00e0 partir des c\u00e9pages <\/span><span class=\"NormalTextRun SCXW182808966 BCX0\">Negra<\/span><span class=\"NormalTextRun SCXW182808966 BCX0\"> Mole, <\/span><span class=\"NormalTextRun SCXW182808966 BCX0\">Castel\u00e3o<\/span><span class=\"NormalTextRun SCXW182808966 BCX0\"> et <\/span><span class=\"NormalTextRun SCXW182808966 BCX0\">Trincadeira<\/span><span class=\"NormalTextRun SCXW182808966 BCX0\">, plant\u00e9s sur des sols \u00e0 texture franche sableuse, ont une couleur grenat fonc\u00e9, un ar\u00f4me de fruits secs et de fruits confits, tr\u00e8s \u00e9l\u00e9gant et doux.<\/span><\/span><span class=\"EOP SCXW182808966 BCX0\" data-ccp-props=\"{&quot;201341983&quot;:0,&quot;335559685&quot;:-20,&quot;335559737&quot;:-20,&quot;335559739&quot;:160,&quot;335559740&quot;:257}\">\u00a0<\/span><\/li><\/ul><\/li><\/ul><h6>&#8211; <span class=\"TextRun SCXW86760440 BCX0\" lang=\"FR-FR\" xml:lang=\"FR-FR\" data-contrast=\"auto\"><span class=\"NormalTextRun SCXW86760440 BCX0\">LES VINS MOUSSEUX <\/span><\/span> &#8211;<\/h6><p><span data-contrast=\"auto\">Avec l&rsquo;Indication G\u00e9ographique de l&rsquo;Algarve, les vins les plus jeunes ont des ar\u00f4mes floraux ou fruit\u00e9s, tandis que les plus \u00e2g\u00e9s d\u00e9notent des ar\u00f4mes issus d&rsquo;un contact plus ou moins prolong\u00e9 avec les lies de la seconde fermentation.<\/span><span data-ccp-props=\"{&quot;201341983&quot;:0,&quot;335559685&quot;:-20,&quot;335559737&quot;:-20,&quot;335559739&quot;:160,&quot;335559740&quot;:257}\">\u00a0<\/span><\/p><p><span data-contrast=\"auto\">En ce qui concerne le degr\u00e9 de douceur, ces vins mousseux sont class\u00e9s comme crus, secs ou demi-secs.<\/span><span data-ccp-props=\"{&quot;201341983&quot;:0,&quot;335559685&quot;:-20,&quot;335559737&quot;:-20,&quot;335559739&quot;:160,&quot;335559740&quot;:257}\">\u00a0<\/span><\/p><ul><li style=\"list-style-type: none;\"><ul><li><span class=\"TextRun SCXW199021159 BCX0\" lang=\"FR-FR\" xml:lang=\"FR-FR\" data-contrast=\"auto\"><span class=\"NormalTextRun SCXW199021159 BCX0\">Les vins mousseux blancs ont g\u00e9n\u00e9ralement une couleur paille ouverte. Ils sont g\u00e9n\u00e9ralement d\u00e9licats, doux et tr\u00e8s fruit\u00e9s.<\/span><\/span><span class=\"EOP SCXW199021159 BCX0\" data-ccp-props=\"{&quot;201341983&quot;:0,&quot;335559685&quot;:-20,&quot;335559737&quot;:-20,&quot;335559739&quot;:160,&quot;335559740&quot;:257}\">\u00a0<\/span><\/li><li><span class=\"TextRun SCXW67060005 BCX0\" lang=\"FR-FR\" xml:lang=\"FR-FR\" data-contrast=\"auto\"><span class=\"NormalTextRun SCXW67060005 BCX0\">Les vins mousseux rouges ont g\u00e9n\u00e9ralement une couleur rubis qui \u00e9volue vers une tonalit\u00e9 topaze avec le vieillissement. Ils sont secs, doux, cors\u00e9s, fruit\u00e9s avec des ar\u00f4mes de fruits tropicaux et l\u00e9g\u00e8rement acides, avec une pointe d&rsquo;alcool.<\/span><\/span><span class=\"EOP SCXW67060005 BCX0\" data-ccp-props=\"{&quot;201341983&quot;:0,&quot;335559685&quot;:-20,&quot;335559737&quot;:-20,&quot;335559739&quot;:160,&quot;335559740&quot;:257}\">\u00a0<\/span><\/li><li><span class=\"TextRun SCXW267465858 BCX0\" lang=\"FR-FR\" xml:lang=\"FR-FR\" data-contrast=\"auto\"><span class=\"NormalTextRun SCXW267465858 BCX0\">Les vins mousseux ros\u00e9s sont issus d&rsquo;une l\u00e9g\u00e8re mac\u00e9ration de raisins rouges, ils ont g\u00e9n\u00e9ralement une couleur l\u00e9g\u00e8rement ros\u00e9e, des bulles fines sur un cordon persistant. Ils sont d\u00e9licats, doux, avec une l\u00e9g\u00e8re acidit\u00e9, avec un ar\u00f4me fruit\u00e9 et riches en notes de fruits rouges.<\/span><\/span><span class=\"EOP SCXW267465858 BCX0\" data-ccp-props=\"{&quot;201341983&quot;:0,&quot;335559685&quot;:-20,&quot;335559737&quot;:-20,&quot;335559739&quot;:160,&quot;335559740&quot;:257}\">\u00a0<\/span><\/li><\/ul><\/li><\/ul>\t\t\t\t\t\t\t\t<\/div>\n\t\t\t\t<\/div>\n\t\t\t\t\t<\/div>\n\t\t\t\t<\/div>\n\t\t<div class=\"elementor-element elementor-element-fa99385 e-flex e-con-boxed e-con e-parent\" data-id=\"fa99385\" data-element_type=\"container\">\n\t\t\t\t\t<div class=\"e-con-inner\">\n\t\t\t\t<div class=\"elementor-element elementor-element-7c74df0 elementor-widget-divider--view-line elementor-widget elementor-widget-divider\" data-id=\"7c74df0\" data-element_type=\"widget\" data-widget_type=\"divider.default\">\n\t\t\t\t<div class=\"elementor-widget-container\">\n\t\t\t\t\t\t\t<div class=\"elementor-divider\">\n\t\t\t<span class=\"elementor-divider-separator\">\n\t\t\t\t\t\t<\/span>\n\t\t<\/div>\n\t\t\t\t\t\t<\/div>\n\t\t\t\t<\/div>\n\t\t\t\t\t<\/div>\n\t\t\t\t<\/div>\n\t\t<div class=\"elementor-element elementor-element-c1fe52b e-flex e-con-boxed e-con e-parent\" data-id=\"c1fe52b\" data-element_type=\"container\">\n\t\t\t\t\t<div class=\"e-con-inner\">\n\t\t\t\t<div class=\"elementor-element elementor-element-f05c35a elementor-widget elementor-widget-heading\" data-id=\"f05c35a\" data-element_type=\"widget\" data-widget_type=\"heading.default\">\n\t\t\t\t<div class=\"elementor-widget-container\">\n\t\t\t\t\t<h2 class=\"elementor-heading-title elementor-size-default\">VINS TRANQUILLES <\/h2>\t\t\t\t<\/div>\n\t\t\t\t<\/div>\n\t\t\t\t\t<\/div>\n\t\t\t\t<\/div>\n\t\t<div class=\"elementor-element elementor-element-6c37bbe e-flex e-con-boxed e-con e-parent\" data-id=\"6c37bbe\" data-element_type=\"container\">\n\t\t\t\t\t<div class=\"e-con-inner\">\n\t\t<div class=\"elementor-element elementor-element-b3deeb5 e-con-full e-flex e-con e-child\" data-id=\"b3deeb5\" data-element_type=\"container\">\n\t\t\t\t<div class=\"elementor-element elementor-element-dd85f76 elementor-widget elementor-widget-qi_addons_for_elementor_section_title\" data-id=\"dd85f76\" data-element_type=\"widget\" data-widget_type=\"qi_addons_for_elementor_section_title.default\">\n\t\t\t\t<div class=\"elementor-widget-container\">\n\t\t\t\t\t<div class=\"qodef-shortcode qodef-m qodef-qi-section-title qodef-decoration--italic qodef-link--underline-draw qodef-subtitle-icon--left\">\n\t\t\t\t<h5 class=\"qodef-m-subtitle\">\n\t\tVINS\t\t\t<\/h5>\n\t\t\t<h2 class=\"qodef-m-title\">\n\t\tBLANCS \t<\/h2>\n\t\t\t<\/div>\n\t\t\t\t<\/div>\n\t\t\t\t<\/div>\n\t\t\t\t<\/div>\n\t\t<div class=\"elementor-element elementor-element-bfe808c e-con-full e-flex e-con e-child\" data-id=\"bfe808c\" data-element_type=\"container\">\n\t\t\t\t<div class=\"elementor-element elementor-element-0b6380f elementor-widget elementor-widget-text-editor\" data-id=\"0b6380f\" data-element_type=\"widget\" data-widget_type=\"text-editor.default\">\n\t\t\t\t<div class=\"elementor-widget-container\">\n\t\t\t\t\t\t\t\t\t<p><span data-contrast=\"auto\">Les vins blancs ont une couleur jaune paille d&rsquo;intensit\u00e9 moyenne.<\/span><span data-ccp-props=\"{&quot;201341983&quot;:0,&quot;335559685&quot;:-20,&quot;335559737&quot;:-20,&quot;335559739&quot;:160,&quot;335559740&quot;:257}\">\u00a0<\/span><\/p><p><span data-contrast=\"auto\">Au nez, ils pr\u00e9sentent des notes de fruits m\u00fbrs, tropicaux et \u00e0 noyau, avec une pr\u00e9sence secondaire d&rsquo;agrumes et de fruits blancs.<\/span><span data-ccp-props=\"{&quot;201341983&quot;:0,&quot;335559685&quot;:-20,&quot;335559737&quot;:-20,&quot;335559739&quot;:160,&quot;335559740&quot;:257}\">\u00a0<\/span><\/p><p><span data-contrast=\"auto\">Ils ont un ar\u00f4me d&rsquo;intensit\u00e9 moyenne.<\/span><span data-ccp-props=\"{&quot;201341983&quot;:0,&quot;335559685&quot;:-20,&quot;335559737&quot;:-20,&quot;335559739&quot;:160,&quot;335559740&quot;:257}\">\u00a0<\/span><\/p><p><span data-contrast=\"auto\">En bouche, ils ont une perception douce et alcoolis\u00e9e, un corps et une persistance moyens, avec peu d&rsquo;acidit\u00e9.<\/span><span data-ccp-props=\"{&quot;201341983&quot;:0,&quot;335559685&quot;:-20,&quot;335559737&quot;:-20,&quot;335559739&quot;:160,&quot;335559740&quot;:257}\">\u00a0<\/span><\/p>\t\t\t\t\t\t\t\t<\/div>\n\t\t\t\t<\/div>\n\t\t\t\t<\/div>\n\t\t\t\t\t<\/div>\n\t\t\t\t<\/div>\n\t\t<div class=\"elementor-element elementor-element-2271cca e-flex e-con-boxed e-con e-parent\" data-id=\"2271cca\" data-element_type=\"container\">\n\t\t\t\t\t<div class=\"e-con-inner\">\n\t\t<div class=\"elementor-element elementor-element-1813ba2 e-con-full e-flex e-con e-child\" data-id=\"1813ba2\" data-element_type=\"container\">\n\t\t\t\t<div class=\"elementor-element elementor-element-9ec7cba elementor-widget elementor-widget-qi_addons_for_elementor_section_title\" data-id=\"9ec7cba\" data-element_type=\"widget\" data-widget_type=\"qi_addons_for_elementor_section_title.default\">\n\t\t\t\t<div class=\"elementor-widget-container\">\n\t\t\t\t\t<div class=\"qodef-shortcode qodef-m qodef-qi-section-title qodef-decoration--italic qodef-link--underline-draw qodef-subtitle-icon--left\">\n\t\t\t\t<h5 class=\"qodef-m-subtitle\">\n\t\tVINS\t\t\t<\/h5>\n\t\t\t<h2 class=\"qodef-m-title\">\n\t\tROUGES \t<\/h2>\n\t\t\t<\/div>\n\t\t\t\t<\/div>\n\t\t\t\t<\/div>\n\t\t\t\t<\/div>\n\t\t<div class=\"elementor-element elementor-element-55fe91a e-con-full e-flex e-con e-child\" data-id=\"55fe91a\" data-element_type=\"container\">\n\t\t\t\t<div class=\"elementor-element elementor-element-a85f0cc elementor-widget elementor-widget-text-editor\" data-id=\"a85f0cc\" data-element_type=\"widget\" data-widget_type=\"text-editor.default\">\n\t\t\t\t<div class=\"elementor-widget-container\">\n\t\t\t\t\t\t\t\t\t<p><span data-contrast=\"auto\">Les vins rouges sont de couleur rubis-grenat d&rsquo;intensit\u00e9 moyenne \u00e0 forte.<\/span><span data-ccp-props=\"{&quot;201341983&quot;:0,&quot;335559685&quot;:-20,&quot;335559737&quot;:-20,&quot;335559739&quot;:160,&quot;335559740&quot;:257}\">\u00a0<\/span><\/p><p><span data-contrast=\"auto\">Au nez, ils pr\u00e9sentent des notes de fruits m\u00fbrs, comme la prune noire, des notes secondaires de fruits rouges, de bois et de fruits secs.<\/span><span data-ccp-props=\"{&quot;201341983&quot;:0,&quot;335559685&quot;:-20,&quot;335559737&quot;:-20,&quot;335559739&quot;:160,&quot;335559740&quot;:257}\">\u00a0<\/span><\/p><p><span data-contrast=\"auto\">Ils ont un ar\u00f4me moyen \u00e0 fort.<\/span><span data-ccp-props=\"{&quot;201341983&quot;:0,&quot;335559685&quot;:-20,&quot;335559737&quot;:-20,&quot;335559739&quot;:160,&quot;335559740&quot;:257}\">\u00a0<\/span><\/p><p><span data-contrast=\"auto\">En bouche, ils ont une perception douce, onctueuse et alcoolis\u00e9e, un corps et une persistance moyens, avec peu d&rsquo;acidit\u00e9, une amertume minimale et une l\u00e9g\u00e8re astringence.<\/span><span data-ccp-props=\"{&quot;201341983&quot;:0,&quot;335559685&quot;:-20,&quot;335559737&quot;:-20,&quot;335559739&quot;:160,&quot;335559740&quot;:257}\">\u00a0<\/span><\/p>\t\t\t\t\t\t\t\t<\/div>\n\t\t\t\t<\/div>\n\t\t\t\t<\/div>\n\t\t\t\t\t<\/div>\n\t\t\t\t<\/div>\n\t\t<div class=\"elementor-element elementor-element-323dde7 e-flex e-con-boxed e-con e-parent\" data-id=\"323dde7\" data-element_type=\"container\">\n\t\t\t\t\t<div class=\"e-con-inner\">\n\t\t<div class=\"elementor-element elementor-element-bf44d45 e-con-full e-flex e-con e-child\" data-id=\"bf44d45\" data-element_type=\"container\">\n\t\t\t\t<div class=\"elementor-element elementor-element-fcf1ece elementor-widget elementor-widget-qi_addons_for_elementor_section_title\" data-id=\"fcf1ece\" data-element_type=\"widget\" data-widget_type=\"qi_addons_for_elementor_section_title.default\">\n\t\t\t\t<div class=\"elementor-widget-container\">\n\t\t\t\t\t<div class=\"qodef-shortcode qodef-m qodef-qi-section-title qodef-decoration--italic qodef-link--underline-draw qodef-subtitle-icon--left\">\n\t\t\t\t<h5 class=\"qodef-m-subtitle\">\n\t\tVINS\t\t\t<\/h5>\n\t\t\t<h2 class=\"qodef-m-title\">\n\t\tROS\u00c9S \t<\/h2>\n\t\t\t<\/div>\n\t\t\t\t<\/div>\n\t\t\t\t<\/div>\n\t\t\t\t<\/div>\n\t\t<div class=\"elementor-element elementor-element-457fa40 e-con-full e-flex e-con e-child\" data-id=\"457fa40\" data-element_type=\"container\">\n\t\t\t\t<div class=\"elementor-element elementor-element-7ebd738 elementor-widget elementor-widget-text-editor\" data-id=\"7ebd738\" data-element_type=\"widget\" data-widget_type=\"text-editor.default\">\n\t\t\t\t<div class=\"elementor-widget-container\">\n\t\t\t\t\t\t\t\t\t<p><span data-contrast=\"auto\">Les vins ros\u00e9s ont une couleur ros\u00e9e et sont aromatiques, mais doux et sucr\u00e9s avec une l\u00e9g\u00e8re acidit\u00e9.\u00a0<\/span><span data-ccp-props=\"{&quot;201341983&quot;:0,&quot;335559685&quot;:-20,&quot;335559737&quot;:-20,&quot;335559739&quot;:160,&quot;335559740&quot;:257}\">\u00a0<\/span><\/p><p><span data-contrast=\"auto\">En ce qui concerne l&rsquo;ar\u00f4me et le go\u00fbt, le vin doit pr\u00e9senter un ar\u00f4me et un go\u00fbt fruit\u00e9s et\/ou floraux jeunes lorsqu&rsquo;ils sont neufs, \u00e9voluant avec l&rsquo;\u00e2ge vers des ar\u00f4mes tertiaires plus complexes, et ne pr\u00e9sentant pas de d\u00e9faut marqu\u00e9.<\/span><span data-ccp-props=\"{&quot;201341983&quot;:0,&quot;335559685&quot;:-20,&quot;335559737&quot;:-20,&quot;335559739&quot;:160,&quot;335559740&quot;:257}\">\u00a0<\/span><\/p>\t\t\t\t\t\t\t\t<\/div>\n\t\t\t\t<\/div>\n\t\t\t\t<\/div>\n\t\t\t\t\t<\/div>\n\t\t\t\t<\/div>\n\t\t<div class=\"elementor-element elementor-element-58729f9 e-flex e-con-boxed e-con e-parent\" data-id=\"58729f9\" data-element_type=\"container\">\n\t\t\t\t\t<div class=\"e-con-inner\">\n\t\t\t\t<div class=\"elementor-element elementor-element-06c2639 elementor-widget elementor-widget-qi_addons_for_elementor_image_gallery\" data-id=\"06c2639\" data-element_type=\"widget\" data-widget_type=\"qi_addons_for_elementor_image_gallery.default\">\n\t\t\t\t<div class=\"elementor-widget-container\">\n\t\t\t\t\t<div class=\"qodef-shortcode qodef-m qodef-qi-image-gallery qodef-qi-fslightbox-popup qodef-popup-gallery qodef-image--hover-zoom qodef-qi-grid qodef-layout--qi-columns qodef-col-num--3 qodef-responsive--predefined\">\n\t<div class=\"qodef-grid-inner\">\n\t\t<div class=\"qodef-e qodef-image-wrapper qodef-grid-item\">\n\t<div class=\"qodef-e-inner\">\n\t\t\t\t\t<a class=\"qodef-popup-item\" itemprop=\"image\" href=\"https:\/\/www.vinhosdoalgarve.pt\/wp-content\/uploads\/2024\/02\/vinho-branco-cva-01-scaled.jpg\" data-type=\"image\" data-fslightbox=\"gallery-377\">\n\t\t\t\t\t<img fetchpriority=\"high\" decoding=\"async\" width=\"2560\" height=\"1707\" src=\"https:\/\/www.vinhosdoalgarve.pt\/wp-content\/uploads\/2024\/02\/vinho-branco-cva-01-scaled.jpg\" class=\"attachment-full size-full\" alt=\"\" srcset=\"https:\/\/www.vinhosdoalgarve.pt\/wp-content\/uploads\/2024\/02\/vinho-branco-cva-01-scaled.jpg 2560w, https:\/\/www.vinhosdoalgarve.pt\/wp-content\/uploads\/2024\/02\/vinho-branco-cva-01-300x200.jpg 300w, https:\/\/www.vinhosdoalgarve.pt\/wp-content\/uploads\/2024\/02\/vinho-branco-cva-01-1024x683.jpg 1024w, https:\/\/www.vinhosdoalgarve.pt\/wp-content\/uploads\/2024\/02\/vinho-branco-cva-01-768x512.jpg 768w, https:\/\/www.vinhosdoalgarve.pt\/wp-content\/uploads\/2024\/02\/vinho-branco-cva-01-1536x1024.jpg 1536w, https:\/\/www.vinhosdoalgarve.pt\/wp-content\/uploads\/2024\/02\/vinho-branco-cva-01-2048x1366.jpg 2048w\" sizes=\"(max-width: 2560px) 100vw, 2560px\" \/>\t\t\t\t\t<\/a>\n\t\t\t<\/div>\n<\/div>\n<div class=\"qodef-e qodef-image-wrapper qodef-grid-item\">\n\t<div class=\"qodef-e-inner\">\n\t\t\t\t\t<a class=\"qodef-popup-item\" itemprop=\"image\" href=\"https:\/\/www.vinhosdoalgarve.pt\/wp-content\/uploads\/2024\/02\/vinho-tinto-cva-01-1-scaled.jpg\" data-type=\"image\" data-fslightbox=\"gallery-377\">\n\t\t\t\t\t<img decoding=\"async\" width=\"2560\" height=\"1707\" src=\"https:\/\/www.vinhosdoalgarve.pt\/wp-content\/uploads\/2024\/02\/vinho-tinto-cva-01-1-scaled.jpg\" class=\"attachment-full size-full\" alt=\"\" srcset=\"https:\/\/www.vinhosdoalgarve.pt\/wp-content\/uploads\/2024\/02\/vinho-tinto-cva-01-1-scaled.jpg 2560w, https:\/\/www.vinhosdoalgarve.pt\/wp-content\/uploads\/2024\/02\/vinho-tinto-cva-01-1-300x200.jpg 300w, https:\/\/www.vinhosdoalgarve.pt\/wp-content\/uploads\/2024\/02\/vinho-tinto-cva-01-1-1024x683.jpg 1024w, https:\/\/www.vinhosdoalgarve.pt\/wp-content\/uploads\/2024\/02\/vinho-tinto-cva-01-1-768x512.jpg 768w, https:\/\/www.vinhosdoalgarve.pt\/wp-content\/uploads\/2024\/02\/vinho-tinto-cva-01-1-1536x1024.jpg 1536w, https:\/\/www.vinhosdoalgarve.pt\/wp-content\/uploads\/2024\/02\/vinho-tinto-cva-01-1-2048x1366.jpg 2048w\" sizes=\"(max-width: 2560px) 100vw, 2560px\" \/>\t\t\t\t\t<\/a>\n\t\t\t<\/div>\n<\/div>\n<div class=\"qodef-e qodef-image-wrapper qodef-grid-item\">\n\t<div class=\"qodef-e-inner\">\n\t\t\t\t\t<a class=\"qodef-popup-item\" itemprop=\"image\" href=\"https:\/\/www.vinhosdoalgarve.pt\/wp-content\/uploads\/2024\/02\/CVA-AlgarveWineTourism-23032023-121-Web-2.jpg\" data-type=\"image\" data-fslightbox=\"gallery-377\">\n\t\t\t\t\t<img decoding=\"async\" width=\"2048\" height=\"1365\" src=\"https:\/\/www.vinhosdoalgarve.pt\/wp-content\/uploads\/2024\/02\/CVA-AlgarveWineTourism-23032023-121-Web-2.jpg\" class=\"attachment-full size-full\" alt=\"\" srcset=\"https:\/\/www.vinhosdoalgarve.pt\/wp-content\/uploads\/2024\/02\/CVA-AlgarveWineTourism-23032023-121-Web-2.jpg 2048w, https:\/\/www.vinhosdoalgarve.pt\/wp-content\/uploads\/2024\/02\/CVA-AlgarveWineTourism-23032023-121-Web-2-300x200.jpg 300w, https:\/\/www.vinhosdoalgarve.pt\/wp-content\/uploads\/2024\/02\/CVA-AlgarveWineTourism-23032023-121-Web-2-1024x683.jpg 1024w, https:\/\/www.vinhosdoalgarve.pt\/wp-content\/uploads\/2024\/02\/CVA-AlgarveWineTourism-23032023-121-Web-2-768x512.jpg 768w, https:\/\/www.vinhosdoalgarve.pt\/wp-content\/uploads\/2024\/02\/CVA-AlgarveWineTourism-23032023-121-Web-2-1536x1024.jpg 1536w\" sizes=\"(max-width: 2048px) 100vw, 2048px\" \/>\t\t\t\t\t<\/a>\n\t\t\t<\/div>\n<\/div>\n\t<\/div>\n<\/div>\n\t\t\t\t<\/div>\n\t\t\t\t<\/div>\n\t\t\t\t\t<\/div>\n\t\t\t\t<\/div>\n\t\t<div class=\"elementor-element elementor-element-1a70ed5 e-flex e-con-boxed e-con e-parent\" data-id=\"1a70ed5\" data-element_type=\"container\">\n\t\t\t\t\t<div class=\"e-con-inner\">\n\t\t\t\t<div class=\"elementor-element elementor-element-f4fffe3 elementor-widget-divider--view-line elementor-widget elementor-widget-divider\" data-id=\"f4fffe3\" data-element_type=\"widget\" data-widget_type=\"divider.default\">\n\t\t\t\t<div class=\"elementor-widget-container\">\n\t\t\t\t\t\t\t<div class=\"elementor-divider\">\n\t\t\t<span class=\"elementor-divider-separator\">\n\t\t\t\t\t\t<\/span>\n\t\t<\/div>\n\t\t\t\t\t\t<\/div>\n\t\t\t\t<\/div>\n\t\t\t\t\t<\/div>\n\t\t\t\t<\/div>\n\t\t<div class=\"elementor-element elementor-element-66b1031 e-flex e-con-boxed e-con e-parent\" data-id=\"66b1031\" data-element_type=\"container\">\n\t\t\t\t\t<div class=\"e-con-inner\">\n\t\t\t\t<div class=\"elementor-element elementor-element-00d3798 elementor-widget elementor-widget-heading\" data-id=\"00d3798\" data-element_type=\"widget\" data-widget_type=\"heading.default\">\n\t\t\t\t<div class=\"elementor-widget-container\">\n\t\t\t\t\t<h2 class=\"elementor-heading-title elementor-size-default\">VINS DE LIQUEUR <\/h2>\t\t\t\t<\/div>\n\t\t\t\t<\/div>\n\t\t\t\t\t<\/div>\n\t\t\t\t<\/div>\n\t\t<div class=\"elementor-element elementor-element-24a53b6 e-flex e-con-boxed e-con e-parent\" data-id=\"24a53b6\" data-element_type=\"container\">\n\t\t\t\t\t<div class=\"e-con-inner\">\n\t\t<div class=\"elementor-element elementor-element-636e5d5 e-con-full e-flex e-con e-child\" data-id=\"636e5d5\" data-element_type=\"container\">\n\t\t\t\t<div class=\"elementor-element elementor-element-5a8cfc3 elementor-widget elementor-widget-qi_addons_for_elementor_section_title\" data-id=\"5a8cfc3\" data-element_type=\"widget\" data-widget_type=\"qi_addons_for_elementor_section_title.default\">\n\t\t\t\t<div class=\"elementor-widget-container\">\n\t\t\t\t\t<div class=\"qodef-shortcode qodef-m qodef-qi-section-title qodef-decoration--italic qodef-link--underline-draw qodef-subtitle-icon--left\">\n\t\t\t\t<h5 class=\"qodef-m-subtitle\">\n\t\tVINS DE LIQUEUR\t\t\t<\/h5>\n\t\t\t<h2 class=\"qodef-m-title\">\n\t\tBLANCS \t<\/h2>\n\t\t\t<\/div>\n\t\t\t\t<\/div>\n\t\t\t\t<\/div>\n\t\t\t\t<\/div>\n\t\t<div class=\"elementor-element elementor-element-7a535a8 e-con-full e-flex e-con e-child\" data-id=\"7a535a8\" data-element_type=\"container\">\n\t\t\t\t<div class=\"elementor-element elementor-element-0138b04 elementor-widget elementor-widget-text-editor\" data-id=\"0138b04\" data-element_type=\"widget\" data-widget_type=\"text-editor.default\">\n\t\t\t\t<div class=\"elementor-widget-container\">\n\t\t\t\t\t\t\t\t\t<p><span data-contrast=\"auto\">Les vins de liqueur blancs secs ont une couleur ambr\u00e9e avec un ar\u00f4me de fruits secs.<\/span><span data-ccp-props=\"{&quot;201341983&quot;:0,&quot;335559685&quot;:-20,&quot;335559737&quot;:-20,&quot;335559739&quot;:160,&quot;335559740&quot;:257}\">\u00a0<\/span><\/p><p><span data-contrast=\"auto\">Le go\u00fbt est compl\u00e8tement sec, complexe et \u00e9l\u00e9gant et se termine par une longue longueur en bouche.<\/span><span data-ccp-props=\"{&quot;201341983&quot;:0,&quot;335559685&quot;:-20,&quot;335559737&quot;:-20,&quot;335559739&quot;:160,&quot;335559740&quot;:257}\">\u00a0<\/span><\/p><p><span data-contrast=\"auto\">Dans le cas des vins de liqueur blancs doux, ils ont une couleur dor\u00e9e, avec des ar\u00f4mes floraux, de miel et de gel\u00e9e.<\/span><span data-ccp-props=\"{&quot;201341983&quot;:0,&quot;335559685&quot;:-20,&quot;335559737&quot;:-20,&quot;335559739&quot;:160,&quot;335559740&quot;:257}\">\u00a0<\/span><\/p>\t\t\t\t\t\t\t\t<\/div>\n\t\t\t\t<\/div>\n\t\t\t\t<\/div>\n\t\t\t\t\t<\/div>\n\t\t\t\t<\/div>\n\t\t<div class=\"elementor-element elementor-element-d894a8a e-flex e-con-boxed e-con e-parent\" data-id=\"d894a8a\" data-element_type=\"container\">\n\t\t\t\t\t<div class=\"e-con-inner\">\n\t\t<div class=\"elementor-element elementor-element-1e1c461 e-con-full e-flex e-con e-child\" data-id=\"1e1c461\" data-element_type=\"container\">\n\t\t\t\t<div class=\"elementor-element elementor-element-8b0d629 elementor-widget elementor-widget-qi_addons_for_elementor_section_title\" data-id=\"8b0d629\" data-element_type=\"widget\" data-widget_type=\"qi_addons_for_elementor_section_title.default\">\n\t\t\t\t<div class=\"elementor-widget-container\">\n\t\t\t\t\t<div class=\"qodef-shortcode qodef-m qodef-qi-section-title qodef-decoration--italic qodef-link--underline-draw qodef-subtitle-icon--left\">\n\t\t\t\t<h5 class=\"qodef-m-subtitle\">\n\t\tVINS DE LIQUEUR\t\t\t<\/h5>\n\t\t\t<h2 class=\"qodef-m-title\">\n\t\tROUGES \t<\/h2>\n\t\t\t<\/div>\n\t\t\t\t<\/div>\n\t\t\t\t<\/div>\n\t\t\t\t<\/div>\n\t\t<div class=\"elementor-element elementor-element-44c173a e-con-full e-flex e-con e-child\" data-id=\"44c173a\" data-element_type=\"container\">\n\t\t\t\t<div class=\"elementor-element elementor-element-129319b elementor-widget elementor-widget-text-editor\" data-id=\"129319b\" data-element_type=\"widget\" data-widget_type=\"text-editor.default\">\n\t\t\t\t<div class=\"elementor-widget-container\">\n\t\t\t\t\t\t\t\t\t<p><span class=\"TextRun SCXW182002134 BCX0\" lang=\"FR-FR\" xml:lang=\"FR-FR\" data-contrast=\"auto\"><span class=\"NormalTextRun SCXW182002134 BCX0\">Les vins de liqueur rouge doux ont une robe grenat fonc\u00e9, un ar\u00f4me de fruits secs et de fruits confits, tr\u00e8s \u00e9l\u00e9gant et doux.<\/span><\/span><span class=\"EOP SCXW182002134 BCX0\" data-ccp-props=\"{&quot;201341983&quot;:0,&quot;335559685&quot;:-20,&quot;335559737&quot;:-20,&quot;335559739&quot;:160,&quot;335559740&quot;:257}\">\u00a0<\/span><\/p>\t\t\t\t\t\t\t\t<\/div>\n\t\t\t\t<\/div>\n\t\t\t\t<\/div>\n\t\t\t\t\t<\/div>\n\t\t\t\t<\/div>\n\t\t<div class=\"elementor-element elementor-element-d6c9692 e-flex e-con-boxed e-con e-parent\" data-id=\"d6c9692\" data-element_type=\"container\">\n\t\t\t\t\t<div class=\"e-con-inner\">\n\t\t\t\t<div class=\"elementor-element elementor-element-3b0ebf5 elementor-widget elementor-widget-qi_addons_for_elementor_image_gallery\" data-id=\"3b0ebf5\" data-element_type=\"widget\" data-widget_type=\"qi_addons_for_elementor_image_gallery.default\">\n\t\t\t\t<div class=\"elementor-widget-container\">\n\t\t\t\t\t<div class=\"qodef-shortcode qodef-m qodef-qi-image-gallery qodef-qi-fslightbox-popup qodef-popup-gallery qodef-image--hover-zoom qodef-qi-grid qodef-layout--qi-columns qodef-col-num--3 qodef-responsive--predefined\">\n\t<div class=\"qodef-grid-inner\">\n\t\t<div class=\"qodef-e qodef-image-wrapper qodef-grid-item\">\n\t<div class=\"qodef-e-inner\">\n\t\t\t\t\t<a class=\"qodef-popup-item\" itemprop=\"image\" href=\"https:\/\/www.vinhosdoalgarve.pt\/wp-content\/uploads\/2024\/03\/licoroso-CVA-01-scaled.jpg\" data-type=\"image\" data-fslightbox=\"gallery-579\">\n\t\t\t\t\t<img loading=\"lazy\" decoding=\"async\" width=\"2560\" height=\"1707\" src=\"https:\/\/www.vinhosdoalgarve.pt\/wp-content\/uploads\/2024\/03\/licoroso-CVA-01-scaled.jpg\" class=\"attachment-full size-full\" alt=\"\" srcset=\"https:\/\/www.vinhosdoalgarve.pt\/wp-content\/uploads\/2024\/03\/licoroso-CVA-01-scaled.jpg 2560w, https:\/\/www.vinhosdoalgarve.pt\/wp-content\/uploads\/2024\/03\/licoroso-CVA-01-300x200.jpg 300w, https:\/\/www.vinhosdoalgarve.pt\/wp-content\/uploads\/2024\/03\/licoroso-CVA-01-1024x683.jpg 1024w, https:\/\/www.vinhosdoalgarve.pt\/wp-content\/uploads\/2024\/03\/licoroso-CVA-01-768x512.jpg 768w, https:\/\/www.vinhosdoalgarve.pt\/wp-content\/uploads\/2024\/03\/licoroso-CVA-01-1536x1024.jpg 1536w, https:\/\/www.vinhosdoalgarve.pt\/wp-content\/uploads\/2024\/03\/licoroso-CVA-01-2048x1366.jpg 2048w\" sizes=\"(max-width: 2560px) 100vw, 2560px\" \/>\t\t\t\t\t<\/a>\n\t\t\t<\/div>\n<\/div>\n<div class=\"qodef-e qodef-image-wrapper qodef-grid-item\">\n\t<div class=\"qodef-e-inner\">\n\t\t\t\t\t<a class=\"qodef-popup-item\" itemprop=\"image\" href=\"https:\/\/www.vinhosdoalgarve.pt\/wp-content\/uploads\/2024\/03\/licoroso-CVA_1-01-scaled.jpg\" data-type=\"image\" data-fslightbox=\"gallery-579\">\n\t\t\t\t\t<img loading=\"lazy\" decoding=\"async\" width=\"2560\" height=\"1707\" src=\"https:\/\/www.vinhosdoalgarve.pt\/wp-content\/uploads\/2024\/03\/licoroso-CVA_1-01-scaled.jpg\" class=\"attachment-full size-full\" alt=\"\" srcset=\"https:\/\/www.vinhosdoalgarve.pt\/wp-content\/uploads\/2024\/03\/licoroso-CVA_1-01-scaled.jpg 2560w, https:\/\/www.vinhosdoalgarve.pt\/wp-content\/uploads\/2024\/03\/licoroso-CVA_1-01-300x200.jpg 300w, https:\/\/www.vinhosdoalgarve.pt\/wp-content\/uploads\/2024\/03\/licoroso-CVA_1-01-1024x683.jpg 1024w, https:\/\/www.vinhosdoalgarve.pt\/wp-content\/uploads\/2024\/03\/licoroso-CVA_1-01-768x512.jpg 768w, https:\/\/www.vinhosdoalgarve.pt\/wp-content\/uploads\/2024\/03\/licoroso-CVA_1-01-1536x1024.jpg 1536w, https:\/\/www.vinhosdoalgarve.pt\/wp-content\/uploads\/2024\/03\/licoroso-CVA_1-01-2048x1366.jpg 2048w\" sizes=\"(max-width: 2560px) 100vw, 2560px\" \/>\t\t\t\t\t<\/a>\n\t\t\t<\/div>\n<\/div>\n<div class=\"qodef-e qodef-image-wrapper qodef-grid-item\">\n\t<div class=\"qodef-e-inner\">\n\t\t\t\t\t<a class=\"qodef-popup-item\" itemprop=\"image\" href=\"https:\/\/www.vinhosdoalgarve.pt\/wp-content\/uploads\/2024\/03\/licoroso-CVA_2-01-scaled.jpg\" data-type=\"image\" data-fslightbox=\"gallery-579\">\n\t\t\t\t\t<img loading=\"lazy\" decoding=\"async\" width=\"2560\" height=\"1707\" src=\"https:\/\/www.vinhosdoalgarve.pt\/wp-content\/uploads\/2024\/03\/licoroso-CVA_2-01-scaled.jpg\" class=\"attachment-full size-full\" alt=\"\" srcset=\"https:\/\/www.vinhosdoalgarve.pt\/wp-content\/uploads\/2024\/03\/licoroso-CVA_2-01-scaled.jpg 2560w, https:\/\/www.vinhosdoalgarve.pt\/wp-content\/uploads\/2024\/03\/licoroso-CVA_2-01-300x200.jpg 300w, https:\/\/www.vinhosdoalgarve.pt\/wp-content\/uploads\/2024\/03\/licoroso-CVA_2-01-1024x683.jpg 1024w, https:\/\/www.vinhosdoalgarve.pt\/wp-content\/uploads\/2024\/03\/licoroso-CVA_2-01-768x512.jpg 768w, https:\/\/www.vinhosdoalgarve.pt\/wp-content\/uploads\/2024\/03\/licoroso-CVA_2-01-1536x1024.jpg 1536w, https:\/\/www.vinhosdoalgarve.pt\/wp-content\/uploads\/2024\/03\/licoroso-CVA_2-01-2048x1366.jpg 2048w\" sizes=\"(max-width: 2560px) 100vw, 2560px\" \/>\t\t\t\t\t<\/a>\n\t\t\t<\/div>\n<\/div>\n\t<\/div>\n<\/div>\n\t\t\t\t<\/div>\n\t\t\t\t<\/div>\n\t\t\t\t\t<\/div>\n\t\t\t\t<\/div>\n\t\t<div class=\"elementor-element elementor-element-3e29243 e-flex e-con-boxed e-con e-parent\" data-id=\"3e29243\" data-element_type=\"container\">\n\t\t\t\t\t<div class=\"e-con-inner\">\n\t\t\t\t<div class=\"elementor-element elementor-element-47ea520 elementor-widget-divider--view-line elementor-widget elementor-widget-divider\" data-id=\"47ea520\" data-element_type=\"widget\" data-widget_type=\"divider.default\">\n\t\t\t\t<div class=\"elementor-widget-container\">\n\t\t\t\t\t\t\t<div class=\"elementor-divider\">\n\t\t\t<span class=\"elementor-divider-separator\">\n\t\t\t\t\t\t<\/span>\n\t\t<\/div>\n\t\t\t\t\t\t<\/div>\n\t\t\t\t<\/div>\n\t\t\t\t\t<\/div>\n\t\t\t\t<\/div>\n\t\t<div class=\"elementor-element elementor-element-aa4bf85 e-flex e-con-boxed e-con e-parent\" data-id=\"aa4bf85\" data-element_type=\"container\">\n\t\t\t\t\t<div class=\"e-con-inner\">\n\t\t\t\t<div class=\"elementor-element elementor-element-ed55bd7 elementor-widget elementor-widget-heading\" data-id=\"ed55bd7\" data-element_type=\"widget\" data-widget_type=\"heading.default\">\n\t\t\t\t<div class=\"elementor-widget-container\">\n\t\t\t\t\t<h2 class=\"elementor-heading-title elementor-size-default\">VINS MOUSSEUX <\/h2>\t\t\t\t<\/div>\n\t\t\t\t<\/div>\n\t\t\t\t\t<\/div>\n\t\t\t\t<\/div>\n\t\t<div class=\"elementor-element elementor-element-2092c8e e-flex e-con-boxed e-con e-parent\" data-id=\"2092c8e\" data-element_type=\"container\">\n\t\t\t\t\t<div class=\"e-con-inner\">\n\t\t<div class=\"elementor-element elementor-element-a64687a e-con-full e-flex e-con e-child\" data-id=\"a64687a\" data-element_type=\"container\">\n\t\t\t\t<div class=\"elementor-element elementor-element-1e3dad3 elementor-widget elementor-widget-qi_addons_for_elementor_section_title\" data-id=\"1e3dad3\" data-element_type=\"widget\" data-widget_type=\"qi_addons_for_elementor_section_title.default\">\n\t\t\t\t<div class=\"elementor-widget-container\">\n\t\t\t\t\t<div class=\"qodef-shortcode qodef-m qodef-qi-section-title qodef-decoration--italic qodef-link--underline-draw qodef-subtitle-icon--left\">\n\t\t\t\t<h5 class=\"qodef-m-subtitle\">\n\t\tVINS MOUSSEUX\t\t\t<\/h5>\n\t\t\t<h2 class=\"qodef-m-title\">\n\t\tBLANCS \t<\/h2>\n\t\t\t<\/div>\n\t\t\t\t<\/div>\n\t\t\t\t<\/div>\n\t\t\t\t<\/div>\n\t\t<div class=\"elementor-element elementor-element-4c2305e e-con-full e-flex e-con e-child\" data-id=\"4c2305e\" data-element_type=\"container\">\n\t\t\t\t<div class=\"elementor-element elementor-element-716a824 elementor-widget elementor-widget-text-editor\" data-id=\"716a824\" data-element_type=\"widget\" data-widget_type=\"text-editor.default\">\n\t\t\t\t<div class=\"elementor-widget-container\">\n\t\t\t\t\t\t\t\t\t<p><span data-contrast=\"auto\">Les vins mousseux blancs ont g\u00e9n\u00e9ralement une couleur paille ouverte.<\/span><span data-ccp-props=\"{&quot;201341983&quot;:0,&quot;335559685&quot;:-20,&quot;335559737&quot;:-20,&quot;335559739&quot;:160,&quot;335559740&quot;:257}\">\u00a0<\/span><\/p><p><span data-contrast=\"auto\">Ils sont g\u00e9n\u00e9ralement d\u00e9licats, doux et tr\u00e8s fruit\u00e9s.<\/span><span data-ccp-props=\"{&quot;201341983&quot;:0,&quot;335559685&quot;:-20,&quot;335559737&quot;:-20,&quot;335559739&quot;:160,&quot;335559740&quot;:257}\">\u00a0<\/span><\/p>\t\t\t\t\t\t\t\t<\/div>\n\t\t\t\t<\/div>\n\t\t\t\t<\/div>\n\t\t\t\t\t<\/div>\n\t\t\t\t<\/div>\n\t\t<div class=\"elementor-element elementor-element-d689345 e-flex e-con-boxed e-con e-parent\" data-id=\"d689345\" data-element_type=\"container\">\n\t\t\t\t\t<div class=\"e-con-inner\">\n\t\t<div class=\"elementor-element elementor-element-21ad4e1 e-con-full e-flex e-con e-child\" data-id=\"21ad4e1\" data-element_type=\"container\">\n\t\t\t\t<div class=\"elementor-element elementor-element-b71c828 elementor-widget elementor-widget-qi_addons_for_elementor_section_title\" data-id=\"b71c828\" data-element_type=\"widget\" data-widget_type=\"qi_addons_for_elementor_section_title.default\">\n\t\t\t\t<div class=\"elementor-widget-container\">\n\t\t\t\t\t<div class=\"qodef-shortcode qodef-m qodef-qi-section-title qodef-decoration--italic qodef-link--underline-draw qodef-subtitle-icon--left\">\n\t\t\t\t<h5 class=\"qodef-m-subtitle\">\n\t\tVINS MOUSSEUX\t\t\t<\/h5>\n\t\t\t<h2 class=\"qodef-m-title\">\n\t\tROUGES \t<\/h2>\n\t\t\t<\/div>\n\t\t\t\t<\/div>\n\t\t\t\t<\/div>\n\t\t\t\t<\/div>\n\t\t<div class=\"elementor-element elementor-element-43a56da e-con-full e-flex e-con e-child\" data-id=\"43a56da\" data-element_type=\"container\">\n\t\t\t\t<div class=\"elementor-element elementor-element-dffdc85 elementor-widget elementor-widget-text-editor\" data-id=\"dffdc85\" data-element_type=\"widget\" data-widget_type=\"text-editor.default\">\n\t\t\t\t<div class=\"elementor-widget-container\">\n\t\t\t\t\t\t\t\t\t<p><span class=\"TextRun SCXW55014072 BCX0\" lang=\"FR-FR\" xml:lang=\"FR-FR\" data-contrast=\"auto\"><span class=\"NormalTextRun SCXW55014072 BCX0\">Les vins rouges mousseux ont g\u00e9n\u00e9ralement une couleur rubis qui \u00e9volue vers une tonalit\u00e9 topaze avec le vieillissement. Ils sont secs, doux, cors\u00e9s, fruit\u00e9s avec des ar\u00f4mes de fruits tropicaux et l\u00e9g\u00e8rement acides, avec une pointe d&rsquo;alcool.<\/span><\/span><span class=\"EOP SCXW55014072 BCX0\" data-ccp-props=\"{&quot;201341983&quot;:0,&quot;335559685&quot;:-20,&quot;335559737&quot;:-20,&quot;335559739&quot;:160,&quot;335559740&quot;:257}\">\u00a0<\/span><\/p>\t\t\t\t\t\t\t\t<\/div>\n\t\t\t\t<\/div>\n\t\t\t\t<\/div>\n\t\t\t\t\t<\/div>\n\t\t\t\t<\/div>\n\t\t<div class=\"elementor-element elementor-element-5cf32b3 e-flex e-con-boxed e-con e-parent\" data-id=\"5cf32b3\" data-element_type=\"container\">\n\t\t\t\t\t<div class=\"e-con-inner\">\n\t\t<div class=\"elementor-element elementor-element-76bd1f3 e-con-full e-flex e-con e-child\" data-id=\"76bd1f3\" data-element_type=\"container\">\n\t\t\t\t<div class=\"elementor-element elementor-element-d609fff elementor-widget elementor-widget-qi_addons_for_elementor_section_title\" data-id=\"d609fff\" data-element_type=\"widget\" data-widget_type=\"qi_addons_for_elementor_section_title.default\">\n\t\t\t\t<div class=\"elementor-widget-container\">\n\t\t\t\t\t<div class=\"qodef-shortcode qodef-m qodef-qi-section-title qodef-decoration--italic qodef-link--underline-draw qodef-subtitle-icon--left\">\n\t\t\t\t<h5 class=\"qodef-m-subtitle\">\n\t\tVINS MOUSSEUX\t\t\t<\/h5>\n\t\t\t<h2 class=\"qodef-m-title\">\n\t\tROS\u00c9S \t<\/h2>\n\t\t\t<\/div>\n\t\t\t\t<\/div>\n\t\t\t\t<\/div>\n\t\t\t\t<\/div>\n\t\t<div class=\"elementor-element elementor-element-a921ca1 e-con-full e-flex e-con e-child\" data-id=\"a921ca1\" data-element_type=\"container\">\n\t\t\t\t<div class=\"elementor-element elementor-element-74ad421 elementor-widget elementor-widget-text-editor\" data-id=\"74ad421\" data-element_type=\"widget\" data-widget_type=\"text-editor.default\">\n\t\t\t\t<div class=\"elementor-widget-container\">\n\t\t\t\t\t\t\t\t\t<p><span class=\"TextRun SCXW208917807 BCX0\" lang=\"FR-FR\" xml:lang=\"FR-FR\" data-contrast=\"auto\"><span class=\"NormalTextRun SCXW208917807 BCX0\">Issus d&rsquo;une l\u00e9g\u00e8re mac\u00e9ration de raisins rouges, ils ont g\u00e9n\u00e9ralement une couleur l\u00e9g\u00e8rement ros\u00e9e, des bulles fines sur un cordon persistant. Ils sont d\u00e9licats, doux, avec une l\u00e9g\u00e8re acidit\u00e9, avec un ar\u00f4me fruit\u00e9 et riches en notes de fruits rouges.<\/span><\/span><span class=\"EOP SCXW208917807 BCX0\" data-ccp-props=\"{&quot;201341983&quot;:0,&quot;335559685&quot;:-20,&quot;335559737&quot;:-20,&quot;335559739&quot;:160,&quot;335559740&quot;:257}\">\u00a0<\/span><\/p>\t\t\t\t\t\t\t\t<\/div>\n\t\t\t\t<\/div>\n\t\t\t\t<\/div>\n\t\t\t\t\t<\/div>\n\t\t\t\t<\/div>\n\t\t<div class=\"elementor-element elementor-element-ecedcb5 e-flex e-con-boxed e-con e-parent\" data-id=\"ecedcb5\" data-element_type=\"container\">\n\t\t\t\t\t<div class=\"e-con-inner\">\n\t\t\t\t<div class=\"elementor-element elementor-element-5ab4820 elementor-widget elementor-widget-qi_addons_for_elementor_image_gallery\" data-id=\"5ab4820\" data-element_type=\"widget\" data-widget_type=\"qi_addons_for_elementor_image_gallery.default\">\n\t\t\t\t<div class=\"elementor-widget-container\">\n\t\t\t\t\t<div class=\"qodef-shortcode qodef-m qodef-qi-image-gallery qodef-qi-fslightbox-popup qodef-popup-gallery qodef-image--hover-zoom qodef-qi-grid qodef-layout--qi-columns qodef-col-num--3 qodef-responsive--predefined\">\n\t<div class=\"qodef-grid-inner\">\n\t\t<div class=\"qodef-e qodef-image-wrapper qodef-grid-item\">\n\t<div class=\"qodef-e-inner\">\n\t\t\t\t\t<a class=\"qodef-popup-item\" itemprop=\"image\" href=\"https:\/\/www.vinhosdoalgarve.pt\/wp-content\/uploads\/2024\/02\/espumante-branco-cva-01-scaled.jpg\" data-type=\"image\" data-fslightbox=\"gallery-530\">\n\t\t\t\t\t<img loading=\"lazy\" decoding=\"async\" width=\"2560\" height=\"1707\" src=\"https:\/\/www.vinhosdoalgarve.pt\/wp-content\/uploads\/2024\/02\/espumante-branco-cva-01-scaled.jpg\" class=\"attachment-full size-full\" alt=\"\" srcset=\"https:\/\/www.vinhosdoalgarve.pt\/wp-content\/uploads\/2024\/02\/espumante-branco-cva-01-scaled.jpg 2560w, https:\/\/www.vinhosdoalgarve.pt\/wp-content\/uploads\/2024\/02\/espumante-branco-cva-01-300x200.jpg 300w, https:\/\/www.vinhosdoalgarve.pt\/wp-content\/uploads\/2024\/02\/espumante-branco-cva-01-1024x683.jpg 1024w, https:\/\/www.vinhosdoalgarve.pt\/wp-content\/uploads\/2024\/02\/espumante-branco-cva-01-768x512.jpg 768w, https:\/\/www.vinhosdoalgarve.pt\/wp-content\/uploads\/2024\/02\/espumante-branco-cva-01-1536x1024.jpg 1536w, https:\/\/www.vinhosdoalgarve.pt\/wp-content\/uploads\/2024\/02\/espumante-branco-cva-01-2048x1366.jpg 2048w\" sizes=\"(max-width: 2560px) 100vw, 2560px\" \/>\t\t\t\t\t<\/a>\n\t\t\t<\/div>\n<\/div>\n<div class=\"qodef-e qodef-image-wrapper qodef-grid-item\">\n\t<div class=\"qodef-e-inner\">\n\t\t\t\t\t<a class=\"qodef-popup-item\" itemprop=\"image\" href=\"https:\/\/www.vinhosdoalgarve.pt\/wp-content\/uploads\/2024\/03\/espumante-cva_1-01-scaled.jpg\" data-type=\"image\" data-fslightbox=\"gallery-530\">\n\t\t\t\t\t<img loading=\"lazy\" decoding=\"async\" width=\"2560\" height=\"1707\" src=\"https:\/\/www.vinhosdoalgarve.pt\/wp-content\/uploads\/2024\/03\/espumante-cva_1-01-scaled.jpg\" class=\"attachment-full size-full\" alt=\"\" srcset=\"https:\/\/www.vinhosdoalgarve.pt\/wp-content\/uploads\/2024\/03\/espumante-cva_1-01-scaled.jpg 2560w, https:\/\/www.vinhosdoalgarve.pt\/wp-content\/uploads\/2024\/03\/espumante-cva_1-01-300x200.jpg 300w, https:\/\/www.vinhosdoalgarve.pt\/wp-content\/uploads\/2024\/03\/espumante-cva_1-01-1024x683.jpg 1024w, https:\/\/www.vinhosdoalgarve.pt\/wp-content\/uploads\/2024\/03\/espumante-cva_1-01-768x512.jpg 768w, https:\/\/www.vinhosdoalgarve.pt\/wp-content\/uploads\/2024\/03\/espumante-cva_1-01-1536x1024.jpg 1536w, https:\/\/www.vinhosdoalgarve.pt\/wp-content\/uploads\/2024\/03\/espumante-cva_1-01-2048x1366.jpg 2048w\" sizes=\"(max-width: 2560px) 100vw, 2560px\" \/>\t\t\t\t\t<\/a>\n\t\t\t<\/div>\n<\/div>\n<div class=\"qodef-e qodef-image-wrapper qodef-grid-item\">\n\t<div class=\"qodef-e-inner\">\n\t\t\t\t\t<a class=\"qodef-popup-item\" itemprop=\"image\" href=\"https:\/\/www.vinhosdoalgarve.pt\/wp-content\/uploads\/2024\/03\/espumante-cva_2-01-scaled.jpg\" data-type=\"image\" data-fslightbox=\"gallery-530\">\n\t\t\t\t\t<img loading=\"lazy\" decoding=\"async\" width=\"2560\" height=\"1707\" src=\"https:\/\/www.vinhosdoalgarve.pt\/wp-content\/uploads\/2024\/03\/espumante-cva_2-01-scaled.jpg\" class=\"attachment-full size-full\" alt=\"\" srcset=\"https:\/\/www.vinhosdoalgarve.pt\/wp-content\/uploads\/2024\/03\/espumante-cva_2-01-scaled.jpg 2560w, https:\/\/www.vinhosdoalgarve.pt\/wp-content\/uploads\/2024\/03\/espumante-cva_2-01-300x200.jpg 300w, https:\/\/www.vinhosdoalgarve.pt\/wp-content\/uploads\/2024\/03\/espumante-cva_2-01-1024x683.jpg 1024w, https:\/\/www.vinhosdoalgarve.pt\/wp-content\/uploads\/2024\/03\/espumante-cva_2-01-768x512.jpg 768w, https:\/\/www.vinhosdoalgarve.pt\/wp-content\/uploads\/2024\/03\/espumante-cva_2-01-1536x1024.jpg 1536w, https:\/\/www.vinhosdoalgarve.pt\/wp-content\/uploads\/2024\/03\/espumante-cva_2-01-2048x1366.jpg 2048w\" sizes=\"(max-width: 2560px) 100vw, 2560px\" \/>\t\t\t\t\t<\/a>\n\t\t\t<\/div>\n<\/div>\n\t<\/div>\n<\/div>\n\t\t\t\t<\/div>\n\t\t\t\t<\/div>\n\t\t\t\t\t<\/div>\n\t\t\t\t<\/div>\n\t\t<div class=\"elementor-element elementor-element-af141e9 e-flex e-con-boxed e-con e-parent\" data-id=\"af141e9\" data-element_type=\"container\">\n\t\t\t\t\t<div class=\"e-con-inner\">\n\t\t\t\t\t<\/div>\n\t\t\t\t<\/div>\n\t\t<div class=\"elementor-element elementor-element-166f96f e-flex e-con-boxed e-con e-parent\" data-id=\"166f96f\" data-element_type=\"container\">\n\t\t\t\t\t<div class=\"e-con-inner\">\n\t\t\t\t<div class=\"elementor-element elementor-element-5eef79e elementor-widget elementor-widget-heading\" data-id=\"5eef79e\" data-element_type=\"widget\" data-widget_type=\"heading.default\">\n\t\t\t\t<div class=\"elementor-widget-container\">\n\t\t\t\t\t<h2 class=\"elementor-heading-title elementor-size-default\">Les vins de l'Algarve : UN MONDE \u00c0 D\u00c9COUVRIR<\/h2>\t\t\t\t<\/div>\n\t\t\t\t<\/div>\n\t\t\t\t\t<\/div>\n\t\t\t\t<\/div>\n\t\t\t\t<section class=\"elementor-section elementor-top-section elementor-element elementor-element-39ce995 elementor-section-full_width elementor-section-height-default elementor-section-height-default\" data-id=\"39ce995\" data-element_type=\"section\">\n\t\t\t\t\t\t<div class=\"elementor-container elementor-column-gap-default\">\n\t\t\t\t\t<div class=\"elementor-column elementor-col-100 elementor-top-column elementor-element elementor-element-f4991df\" data-id=\"f4991df\" data-element_type=\"column\">\n\t\t\t<div class=\"elementor-widget-wrap elementor-element-populated\">\n\t\t\t\t\t\t<div class=\"elementor-element elementor-element-f841966 elementor-widget elementor-widget-chateau_core_image_gallery\" data-id=\"f841966\" data-element_type=\"widget\" data-widget_type=\"chateau_core_image_gallery.default\">\n\t\t\t\t<div class=\"elementor-widget-container\">\n\t\t\t\t\t<div class=\"qodef-shortcode qodef-m  qodef-image-gallery qodef-magnific-popup qodef-popup-gallery   qodef-grid qodef-layout--columns  qodef-gutter--tiny qodef-vertical-gutter--tiny qodef-col-num--5    qodef-responsive--custom qodef-col-num--1440--5 qodef-col-num--1366--5 qodef-col-num--1024--5 qodef-col-num--768--2 qodef-col-num--680--1 qodef-col-num--480--1\" >\n\t<div class=\"qodef-grid-inner\">\n\t\t<div class=\"qodef-e qodef-image-wrapper qodef-grid-item \">\n\t\t\t<a class=\"qodef-popup-item\" itemprop=\"image\" href=\"https:\/\/www.vinhosdoalgarve.pt\/wp-content\/uploads\/2024\/02\/18A1154-scaled.jpg\" data-type=\"image\" title=\"\">\n\t\t<span class=\"qodef-hover-plus\"><\/span>\n\t\t\t<img loading=\"lazy\" decoding=\"async\" width=\"1707\" height=\"2560\" src=\"https:\/\/www.vinhosdoalgarve.pt\/wp-content\/uploads\/2024\/02\/18A1154-scaled.jpg\" class=\"attachment-full size-full\" alt=\"\" srcset=\"https:\/\/www.vinhosdoalgarve.pt\/wp-content\/uploads\/2024\/02\/18A1154-scaled.jpg 1707w, https:\/\/www.vinhosdoalgarve.pt\/wp-content\/uploads\/2024\/02\/18A1154-200x300.jpg 200w, https:\/\/www.vinhosdoalgarve.pt\/wp-content\/uploads\/2024\/02\/18A1154-683x1024.jpg 683w, https:\/\/www.vinhosdoalgarve.pt\/wp-content\/uploads\/2024\/02\/18A1154-768x1152.jpg 768w, https:\/\/www.vinhosdoalgarve.pt\/wp-content\/uploads\/2024\/02\/18A1154-1024x1536.jpg 1024w, https:\/\/www.vinhosdoalgarve.pt\/wp-content\/uploads\/2024\/02\/18A1154-1365x2048.jpg 1365w\" sizes=\"(max-width: 1707px) 100vw, 1707px\" \/>\t\t\t<\/a>\n\t<\/div>\n<div class=\"qodef-e qodef-image-wrapper qodef-grid-item \">\n\t\t\t<a class=\"qodef-popup-item\" itemprop=\"image\" href=\"https:\/\/www.vinhosdoalgarve.pt\/wp-content\/uploads\/2024\/02\/18A4057-scaled.jpg\" data-type=\"image\" title=\"\">\n\t\t<span class=\"qodef-hover-plus\"><\/span>\n\t\t\t<img loading=\"lazy\" decoding=\"async\" width=\"1707\" height=\"2560\" src=\"https:\/\/www.vinhosdoalgarve.pt\/wp-content\/uploads\/2024\/02\/18A4057-scaled.jpg\" class=\"attachment-full size-full\" alt=\"\" srcset=\"https:\/\/www.vinhosdoalgarve.pt\/wp-content\/uploads\/2024\/02\/18A4057-scaled.jpg 1707w, https:\/\/www.vinhosdoalgarve.pt\/wp-content\/uploads\/2024\/02\/18A4057-200x300.jpg 200w, https:\/\/www.vinhosdoalgarve.pt\/wp-content\/uploads\/2024\/02\/18A4057-683x1024.jpg 683w, https:\/\/www.vinhosdoalgarve.pt\/wp-content\/uploads\/2024\/02\/18A4057-768x1152.jpg 768w, https:\/\/www.vinhosdoalgarve.pt\/wp-content\/uploads\/2024\/02\/18A4057-1024x1536.jpg 1024w, https:\/\/www.vinhosdoalgarve.pt\/wp-content\/uploads\/2024\/02\/18A4057-1365x2048.jpg 1365w\" sizes=\"(max-width: 1707px) 100vw, 1707px\" \/>\t\t\t<\/a>\n\t<\/div>\n<div class=\"qodef-e qodef-image-wrapper qodef-grid-item \">\n\t\t\t<a class=\"qodef-popup-item\" itemprop=\"image\" href=\"https:\/\/www.vinhosdoalgarve.pt\/wp-content\/uploads\/2024\/02\/18A1233-scaled.jpg\" data-type=\"image\" title=\"\">\n\t\t<span class=\"qodef-hover-plus\"><\/span>\n\t\t\t<img loading=\"lazy\" decoding=\"async\" width=\"1707\" height=\"2560\" src=\"https:\/\/www.vinhosdoalgarve.pt\/wp-content\/uploads\/2024\/02\/18A1233-scaled.jpg\" class=\"attachment-full size-full\" alt=\"\" srcset=\"https:\/\/www.vinhosdoalgarve.pt\/wp-content\/uploads\/2024\/02\/18A1233-scaled.jpg 1707w, https:\/\/www.vinhosdoalgarve.pt\/wp-content\/uploads\/2024\/02\/18A1233-200x300.jpg 200w, https:\/\/www.vinhosdoalgarve.pt\/wp-content\/uploads\/2024\/02\/18A1233-683x1024.jpg 683w, https:\/\/www.vinhosdoalgarve.pt\/wp-content\/uploads\/2024\/02\/18A1233-768x1152.jpg 768w, https:\/\/www.vinhosdoalgarve.pt\/wp-content\/uploads\/2024\/02\/18A1233-1024x1536.jpg 1024w, https:\/\/www.vinhosdoalgarve.pt\/wp-content\/uploads\/2024\/02\/18A1233-1365x2048.jpg 1365w\" sizes=\"(max-width: 1707px) 100vw, 1707px\" \/>\t\t\t<\/a>\n\t<\/div>\n<div class=\"qodef-e qodef-image-wrapper qodef-grid-item \">\n\t\t\t<a class=\"qodef-popup-item\" itemprop=\"image\" href=\"https:\/\/www.vinhosdoalgarve.pt\/wp-content\/uploads\/2024\/02\/18A4172-1-scaled.jpg\" data-type=\"image\" title=\"\">\n\t\t<span class=\"qodef-hover-plus\"><\/span>\n\t\t\t<img loading=\"lazy\" decoding=\"async\" width=\"1707\" height=\"2560\" src=\"https:\/\/www.vinhosdoalgarve.pt\/wp-content\/uploads\/2024\/02\/18A4172-1-scaled.jpg\" class=\"attachment-full size-full\" alt=\"\" srcset=\"https:\/\/www.vinhosdoalgarve.pt\/wp-content\/uploads\/2024\/02\/18A4172-1-scaled.jpg 1707w, https:\/\/www.vinhosdoalgarve.pt\/wp-content\/uploads\/2024\/02\/18A4172-1-200x300.jpg 200w, https:\/\/www.vinhosdoalgarve.pt\/wp-content\/uploads\/2024\/02\/18A4172-1-683x1024.jpg 683w, https:\/\/www.vinhosdoalgarve.pt\/wp-content\/uploads\/2024\/02\/18A4172-1-768x1152.jpg 768w, https:\/\/www.vinhosdoalgarve.pt\/wp-content\/uploads\/2024\/02\/18A4172-1-1024x1536.jpg 1024w, https:\/\/www.vinhosdoalgarve.pt\/wp-content\/uploads\/2024\/02\/18A4172-1-1365x2048.jpg 1365w\" sizes=\"(max-width: 1707px) 100vw, 1707px\" \/>\t\t\t<\/a>\n\t<\/div>\n<div class=\"qodef-e qodef-image-wrapper qodef-grid-item \">\n\t\t\t<a class=\"qodef-popup-item\" itemprop=\"image\" href=\"https:\/\/www.vinhosdoalgarve.pt\/wp-content\/uploads\/2024\/02\/18A4109-scaled.jpg\" data-type=\"image\" title=\"\">\n\t\t<span class=\"qodef-hover-plus\"><\/span>\n\t\t\t<img loading=\"lazy\" decoding=\"async\" width=\"1707\" height=\"2560\" src=\"https:\/\/www.vinhosdoalgarve.pt\/wp-content\/uploads\/2024\/02\/18A4109-scaled.jpg\" class=\"attachment-full size-full\" alt=\"\" srcset=\"https:\/\/www.vinhosdoalgarve.pt\/wp-content\/uploads\/2024\/02\/18A4109-scaled.jpg 1707w, https:\/\/www.vinhosdoalgarve.pt\/wp-content\/uploads\/2024\/02\/18A4109-200x300.jpg 200w, https:\/\/www.vinhosdoalgarve.pt\/wp-content\/uploads\/2024\/02\/18A4109-683x1024.jpg 683w, https:\/\/www.vinhosdoalgarve.pt\/wp-content\/uploads\/2024\/02\/18A4109-768x1152.jpg 768w, https:\/\/www.vinhosdoalgarve.pt\/wp-content\/uploads\/2024\/02\/18A4109-1024x1536.jpg 1024w, https:\/\/www.vinhosdoalgarve.pt\/wp-content\/uploads\/2024\/02\/18A4109-1365x2048.jpg 1365w\" sizes=\"(max-width: 1707px) 100vw, 1707px\" \/>\t\t\t<\/a>\n\t<\/div>\n\t<\/div>\n<\/div>\n\t\t\t\t<\/div>\n\t\t\t\t<\/div>\n\t\t\t\t\t<\/div>\n\t\t<\/div>\n\t\t\t\t\t<\/div>\n\t\t<\/section>\n\t\t\t\t<\/div>\n\t\t","protected":false},"excerpt":{"rendered":"<p>Vins DANS LA R\u00c9GION DE L&rsquo;ALGARVE, ON PRODUIT DES VINS ROUGES, BLANCS, ROS\u00c9S, MOUSSEUX ET DE LIQUEUR. Les vins sont produits et certifi\u00e9s avec 4 D\u00e9nominations d&rsquo;Origine (Lagos, Portim\u00e3o, Lagoa et Tavira) et avec la d\u00e9signation IG Algarve (Indication G\u00e9ographique).\u00a0 Les vins de l&rsquo;Algarve se caract\u00e9risent par leur \u00e9l\u00e9gance (pour les rouges) et leur grande [&hellip;]<\/p>\n","protected":false},"author":1,"featured_media":0,"parent":13434,"menu_order":1,"comment_status":"closed","ping_status":"closed","template":"page-full-width.php","meta":{"_acf_changed":false,"inline_featured_image":false,"footnotes":""},"class_list":["post-13446","page","type-page","status-publish","hentry"],"acf":[],"yoast_head":"<!-- This site is optimized with the Yoast SEO plugin v26.7 - https:\/\/yoast.com\/wordpress\/plugins\/seo\/ -->\n<title>Vins - Comiss\u00e3o de Vinhos do Algarve<\/title>\n<meta name=\"robots\" content=\"index, follow, max-snippet:-1, max-image-preview:large, max-video-preview:-1\" \/>\n<link rel=\"canonical\" href=\"https:\/\/www.vinhosdoalgarve.pt\/fr\/region\/vins\/\" \/>\n<meta property=\"og:locale\" content=\"fr_FR\" \/>\n<meta property=\"og:type\" content=\"article\" \/>\n<meta property=\"og:title\" content=\"Vins - Comiss\u00e3o de Vinhos do Algarve\" \/>\n<meta property=\"og:description\" content=\"Vins DANS LA R\u00c9GION DE L&rsquo;ALGARVE, ON PRODUIT DES VINS ROUGES, BLANCS, ROS\u00c9S, MOUSSEUX ET DE LIQUEUR. Les vins sont produits et certifi\u00e9s avec 4 D\u00e9nominations d&rsquo;Origine (Lagos, Portim\u00e3o, Lagoa et Tavira) et avec la d\u00e9signation IG Algarve (Indication G\u00e9ographique).\u00a0 Les vins de l&rsquo;Algarve se caract\u00e9risent par leur \u00e9l\u00e9gance (pour les rouges) et leur grande [&hellip;]\" \/>\n<meta property=\"og:url\" content=\"https:\/\/www.vinhosdoalgarve.pt\/fr\/region\/vins\/\" \/>\n<meta property=\"og:site_name\" content=\"Comiss\u00e3o de Vinhos do Algarve\" \/>\n<meta property=\"article:modified_time\" content=\"2024-05-02T08:24:56+00:00\" \/>\n<meta property=\"og:image\" content=\"https:\/\/www.vinhosdoalgarve.pt\/wp-content\/uploads\/2024\/02\/vinho-branco-cva-01-scaled.jpg\" \/>\n<meta name=\"twitter:card\" content=\"summary_large_image\" \/>\n<meta name=\"twitter:label1\" content=\"Dur\u00e9e de lecture estim\u00e9e\" \/>\n\t<meta name=\"twitter:data1\" content=\"7 minutes\" \/>\n<script type=\"application\/ld+json\" class=\"yoast-schema-graph\">{\"@context\":\"https:\/\/schema.org\",\"@graph\":[{\"@type\":\"WebPage\",\"@id\":\"https:\/\/www.vinhosdoalgarve.pt\/fr\/region\/vins\/\",\"url\":\"https:\/\/www.vinhosdoalgarve.pt\/fr\/region\/vins\/\",\"name\":\"Vins - Comiss\u00e3o de Vinhos do Algarve\",\"isPartOf\":{\"@id\":\"https:\/\/www.vinhosdoalgarve.pt\/fr\/#website\"},\"primaryImageOfPage\":{\"@id\":\"https:\/\/www.vinhosdoalgarve.pt\/fr\/region\/vins\/#primaryimage\"},\"image\":{\"@id\":\"https:\/\/www.vinhosdoalgarve.pt\/fr\/region\/vins\/#primaryimage\"},\"thumbnailUrl\":\"https:\/\/www.vinhosdoalgarve.pt\/wp-content\/uploads\/2024\/02\/vinho-branco-cva-01-scaled.jpg\",\"datePublished\":\"2024-02-06T12:18:06+00:00\",\"dateModified\":\"2024-05-02T08:24:56+00:00\",\"breadcrumb\":{\"@id\":\"https:\/\/www.vinhosdoalgarve.pt\/fr\/region\/vins\/#breadcrumb\"},\"inLanguage\":\"fr-FR\",\"potentialAction\":[{\"@type\":\"ReadAction\",\"target\":[\"https:\/\/www.vinhosdoalgarve.pt\/fr\/region\/vins\/\"]}]},{\"@type\":\"ImageObject\",\"inLanguage\":\"fr-FR\",\"@id\":\"https:\/\/www.vinhosdoalgarve.pt\/fr\/region\/vins\/#primaryimage\",\"url\":\"https:\/\/www.vinhosdoalgarve.pt\/wp-content\/uploads\/2024\/02\/vinho-branco-cva-01-scaled.jpg\",\"contentUrl\":\"https:\/\/www.vinhosdoalgarve.pt\/wp-content\/uploads\/2024\/02\/vinho-branco-cva-01-scaled.jpg\"},{\"@type\":\"BreadcrumbList\",\"@id\":\"https:\/\/www.vinhosdoalgarve.pt\/fr\/region\/vins\/#breadcrumb\",\"itemListElement\":[{\"@type\":\"ListItem\",\"position\":1,\"name\":\"Home\",\"item\":\"https:\/\/www.vinhosdoalgarve.pt\/fr\/\"},{\"@type\":\"ListItem\",\"position\":2,\"name\":\"La R\u00e9gion\",\"item\":\"https:\/\/www.vinhosdoalgarve.pt\/fr\/region\/\"},{\"@type\":\"ListItem\",\"position\":3,\"name\":\"Vins\"}]},{\"@type\":\"WebSite\",\"@id\":\"https:\/\/www.vinhosdoalgarve.pt\/fr\/#website\",\"url\":\"https:\/\/www.vinhosdoalgarve.pt\/fr\/\",\"name\":\"Comiss\u00e3o de Vinhos do Algarve\",\"description\":\"\",\"publisher\":{\"@id\":\"https:\/\/www.vinhosdoalgarve.pt\/fr\/#organization\"},\"potentialAction\":[{\"@type\":\"SearchAction\",\"target\":{\"@type\":\"EntryPoint\",\"urlTemplate\":\"https:\/\/www.vinhosdoalgarve.pt\/fr\/?s={search_term_string}\"},\"query-input\":{\"@type\":\"PropertyValueSpecification\",\"valueRequired\":true,\"valueName\":\"search_term_string\"}}],\"inLanguage\":\"fr-FR\"},{\"@type\":\"Organization\",\"@id\":\"https:\/\/www.vinhosdoalgarve.pt\/fr\/#organization\",\"name\":\"Comiss\u00e3o de Vinhos do Algarve\",\"url\":\"https:\/\/www.vinhosdoalgarve.pt\/fr\/\",\"logo\":{\"@type\":\"ImageObject\",\"inLanguage\":\"fr-FR\",\"@id\":\"https:\/\/www.vinhosdoalgarve.pt\/fr\/#\/schema\/logo\/image\/\",\"url\":\"https:\/\/www.vinhosdoalgarve.pt\/wp-content\/uploads\/2023\/10\/logo-footer.svg\",\"contentUrl\":\"https:\/\/www.vinhosdoalgarve.pt\/wp-content\/uploads\/2023\/10\/logo-footer.svg\",\"width\":100,\"height\":245,\"caption\":\"Comiss\u00e3o de Vinhos do Algarve\"},\"image\":{\"@id\":\"https:\/\/www.vinhosdoalgarve.pt\/fr\/#\/schema\/logo\/image\/\"}}]}<\/script>\n<!-- \/ Yoast SEO plugin. -->","yoast_head_json":{"title":"Vins - Comiss\u00e3o de Vinhos do Algarve","robots":{"index":"index","follow":"follow","max-snippet":"max-snippet:-1","max-image-preview":"max-image-preview:large","max-video-preview":"max-video-preview:-1"},"canonical":"https:\/\/www.vinhosdoalgarve.pt\/fr\/region\/vins\/","og_locale":"fr_FR","og_type":"article","og_title":"Vins - Comiss\u00e3o de Vinhos do Algarve","og_description":"Vins DANS LA R\u00c9GION DE L&rsquo;ALGARVE, ON PRODUIT DES VINS ROUGES, BLANCS, ROS\u00c9S, MOUSSEUX ET DE LIQUEUR. Les vins sont produits et certifi\u00e9s avec 4 D\u00e9nominations d&rsquo;Origine (Lagos, Portim\u00e3o, Lagoa et Tavira) et avec la d\u00e9signation IG Algarve (Indication G\u00e9ographique).\u00a0 Les vins de l&rsquo;Algarve se caract\u00e9risent par leur \u00e9l\u00e9gance (pour les rouges) et leur grande [&hellip;]","og_url":"https:\/\/www.vinhosdoalgarve.pt\/fr\/region\/vins\/","og_site_name":"Comiss\u00e3o de Vinhos do Algarve","article_modified_time":"2024-05-02T08:24:56+00:00","og_image":[{"url":"https:\/\/www.vinhosdoalgarve.pt\/wp-content\/uploads\/2024\/02\/vinho-branco-cva-01-scaled.jpg","type":"","width":"","height":""}],"twitter_card":"summary_large_image","twitter_misc":{"Dur\u00e9e de lecture estim\u00e9e":"7 minutes"},"schema":{"@context":"https:\/\/schema.org","@graph":[{"@type":"WebPage","@id":"https:\/\/www.vinhosdoalgarve.pt\/fr\/region\/vins\/","url":"https:\/\/www.vinhosdoalgarve.pt\/fr\/region\/vins\/","name":"Vins - Comiss\u00e3o de Vinhos do Algarve","isPartOf":{"@id":"https:\/\/www.vinhosdoalgarve.pt\/fr\/#website"},"primaryImageOfPage":{"@id":"https:\/\/www.vinhosdoalgarve.pt\/fr\/region\/vins\/#primaryimage"},"image":{"@id":"https:\/\/www.vinhosdoalgarve.pt\/fr\/region\/vins\/#primaryimage"},"thumbnailUrl":"https:\/\/www.vinhosdoalgarve.pt\/wp-content\/uploads\/2024\/02\/vinho-branco-cva-01-scaled.jpg","datePublished":"2024-02-06T12:18:06+00:00","dateModified":"2024-05-02T08:24:56+00:00","breadcrumb":{"@id":"https:\/\/www.vinhosdoalgarve.pt\/fr\/region\/vins\/#breadcrumb"},"inLanguage":"fr-FR","potentialAction":[{"@type":"ReadAction","target":["https:\/\/www.vinhosdoalgarve.pt\/fr\/region\/vins\/"]}]},{"@type":"ImageObject","inLanguage":"fr-FR","@id":"https:\/\/www.vinhosdoalgarve.pt\/fr\/region\/vins\/#primaryimage","url":"https:\/\/www.vinhosdoalgarve.pt\/wp-content\/uploads\/2024\/02\/vinho-branco-cva-01-scaled.jpg","contentUrl":"https:\/\/www.vinhosdoalgarve.pt\/wp-content\/uploads\/2024\/02\/vinho-branco-cva-01-scaled.jpg"},{"@type":"BreadcrumbList","@id":"https:\/\/www.vinhosdoalgarve.pt\/fr\/region\/vins\/#breadcrumb","itemListElement":[{"@type":"ListItem","position":1,"name":"Home","item":"https:\/\/www.vinhosdoalgarve.pt\/fr\/"},{"@type":"ListItem","position":2,"name":"La R\u00e9gion","item":"https:\/\/www.vinhosdoalgarve.pt\/fr\/region\/"},{"@type":"ListItem","position":3,"name":"Vins"}]},{"@type":"WebSite","@id":"https:\/\/www.vinhosdoalgarve.pt\/fr\/#website","url":"https:\/\/www.vinhosdoalgarve.pt\/fr\/","name":"Comiss\u00e3o de Vinhos do Algarve","description":"","publisher":{"@id":"https:\/\/www.vinhosdoalgarve.pt\/fr\/#organization"},"potentialAction":[{"@type":"SearchAction","target":{"@type":"EntryPoint","urlTemplate":"https:\/\/www.vinhosdoalgarve.pt\/fr\/?s={search_term_string}"},"query-input":{"@type":"PropertyValueSpecification","valueRequired":true,"valueName":"search_term_string"}}],"inLanguage":"fr-FR"},{"@type":"Organization","@id":"https:\/\/www.vinhosdoalgarve.pt\/fr\/#organization","name":"Comiss\u00e3o de Vinhos do Algarve","url":"https:\/\/www.vinhosdoalgarve.pt\/fr\/","logo":{"@type":"ImageObject","inLanguage":"fr-FR","@id":"https:\/\/www.vinhosdoalgarve.pt\/fr\/#\/schema\/logo\/image\/","url":"https:\/\/www.vinhosdoalgarve.pt\/wp-content\/uploads\/2023\/10\/logo-footer.svg","contentUrl":"https:\/\/www.vinhosdoalgarve.pt\/wp-content\/uploads\/2023\/10\/logo-footer.svg","width":100,"height":245,"caption":"Comiss\u00e3o de Vinhos do Algarve"},"image":{"@id":"https:\/\/www.vinhosdoalgarve.pt\/fr\/#\/schema\/logo\/image\/"}}]}},"_links":{"self":[{"href":"https:\/\/www.vinhosdoalgarve.pt\/fr\/wp-json\/wp\/v2\/pages\/13446","targetHints":{"allow":["GET"]}}],"collection":[{"href":"https:\/\/www.vinhosdoalgarve.pt\/fr\/wp-json\/wp\/v2\/pages"}],"about":[{"href":"https:\/\/www.vinhosdoalgarve.pt\/fr\/wp-json\/wp\/v2\/types\/page"}],"author":[{"embeddable":true,"href":"https:\/\/www.vinhosdoalgarve.pt\/fr\/wp-json\/wp\/v2\/users\/1"}],"replies":[{"embeddable":true,"href":"https:\/\/www.vinhosdoalgarve.pt\/fr\/wp-json\/wp\/v2\/comments?post=13446"}],"version-history":[{"count":19,"href":"https:\/\/www.vinhosdoalgarve.pt\/fr\/wp-json\/wp\/v2\/pages\/13446\/revisions"}],"predecessor-version":[{"id":14241,"href":"https:\/\/www.vinhosdoalgarve.pt\/fr\/wp-json\/wp\/v2\/pages\/13446\/revisions\/14241"}],"up":[{"embeddable":true,"href":"https:\/\/www.vinhosdoalgarve.pt\/fr\/wp-json\/wp\/v2\/pages\/13434"}],"wp:attachment":[{"href":"https:\/\/www.vinhosdoalgarve.pt\/fr\/wp-json\/wp\/v2\/media?parent=13446"}],"curies":[{"name":"wp","href":"https:\/\/api.w.org\/{rel}","templated":true}]}}