{"id":13434,"date":"2023-01-10T13:01:18","date_gmt":"2023-01-10T13:01:18","guid":{"rendered":"https:\/\/www.vinhosdoalgarve.pt\/a-regiao\/"},"modified":"2024-05-02T08:24:06","modified_gmt":"2024-05-02T08:24:06","slug":"region","status":"publish","type":"page","link":"https:\/\/www.vinhosdoalgarve.pt\/fr\/region\/","title":{"rendered":"La R\u00e9gion"},"content":{"rendered":"\t\t<div data-elementor-type=\"wp-page\" data-elementor-id=\"13434\" class=\"elementor elementor-13434 elementor-5315\">\n\t\t\t\t\t\t<section class=\"elementor-section elementor-top-section elementor-element elementor-element-de771c1 elementor-section-full_width elementor-section-height-min-height elementor-section-height-default elementor-section-items-middle\" data-id=\"de771c1\" data-element_type=\"section\" data-settings=\"{&quot;background_background&quot;:&quot;classic&quot;}\">\n\t\t\t\t\t\t<div class=\"elementor-container elementor-column-gap-default\">\n\t\t\t\t\t<div class=\"elementor-column elementor-col-100 elementor-top-column elementor-element elementor-element-4960781\" data-id=\"4960781\" data-element_type=\"column\">\n\t\t\t<div class=\"elementor-widget-wrap\">\n\t\t\t\t\t\t\t<\/div>\n\t\t<\/div>\n\t\t\t\t\t<\/div>\n\t\t<\/section>\n\t\t\t\t<section class=\"elementor-section elementor-top-section elementor-element elementor-element-3a49618 elementor-section-full_width qodef-elementor-content-grid elementor-section-height-default elementor-section-height-default\" data-id=\"3a49618\" data-element_type=\"section\">\n\t\t\t\t\t\t<div class=\"elementor-container elementor-column-gap-default\">\n\t\t\t\t\t<div class=\"elementor-column elementor-col-50 elementor-top-column elementor-element elementor-element-64e0d33\" data-id=\"64e0d33\" data-element_type=\"column\">\n\t\t\t<div class=\"elementor-widget-wrap elementor-element-populated\">\n\t\t\t\t\t\t<section class=\"elementor-section elementor-inner-section elementor-element elementor-element-dc9feaf elementor-section-full_width elementor-section-height-default elementor-section-height-default\" data-id=\"dc9feaf\" data-element_type=\"section\">\n\t\t\t\t\t\t<div class=\"elementor-container elementor-column-gap-default\">\n\t\t\t\t\t<div class=\"elementor-column elementor-col-100 elementor-inner-column elementor-element elementor-element-6098f4f\" data-id=\"6098f4f\" data-element_type=\"column\" data-settings=\"{&quot;background_background&quot;:&quot;classic&quot;}\">\n\t\t\t<div class=\"elementor-widget-wrap\">\n\t\t\t\t\t\t\t<\/div>\n\t\t<\/div>\n\t\t\t\t\t<\/div>\n\t\t<\/section>\n\t\t\t\t<div class=\"elementor-element elementor-element-c199853 elementor-widget-tablet__width-inherit elementor-widget elementor-widget-chateau_core_section_title\" data-id=\"c199853\" data-element_type=\"widget\" data-widget_type=\"chateau_core_section_title.default\">\n\t\t\t\t<div class=\"elementor-widget-container\">\n\t\t\t\t\t<div class=\"qodef-shortcode qodef-m  qodef-section-title qodef-alignment--left qodef-title-break--disabled\">\n\t\t<h2 class=\"qodef-m-title\" >\n\t\t\t\t\tLA R\u00c9GION DE<br \/> L'ALGARVE\t\t\t<\/h2>\n\t<div class=\"qodef-m-subtitle-content qodef--has-appear\" style=\"margin-top: 14px\">\n\t<div class=\"qodef-m-subtitle-line-one\" style=\"width: 25px;background-color: #354C04\"><\/div>\n\t\t\t<p class=\"qodef-m-subtitle\" style=\"margin-left: 7px;color: #354C04\">Un Monde \u00e0 D\u00e9couvrir<\/p>\n\t\t<div class=\"qodef-m-subtitle-line-two\" style=\"display: none;\"><\/div>\n<\/div>\n\t<\/div>\n\t\t\t\t<\/div>\n\t\t\t\t<\/div>\n\t\t\t\t\t<\/div>\n\t\t<\/div>\n\t\t\t\t<div class=\"elementor-column elementor-col-50 elementor-top-column elementor-element elementor-element-5576bcb\" data-id=\"5576bcb\" data-element_type=\"column\">\n\t\t\t<div class=\"elementor-widget-wrap elementor-element-populated\">\n\t\t\t\t\t\t<div class=\"elementor-element elementor-element-7156294 elementor-widget elementor-widget-text-editor\" data-id=\"7156294\" data-element_type=\"widget\" data-widget_type=\"text-editor.default\">\n\t\t\t\t<div class=\"elementor-widget-container\">\n\t\t\t\t\t\t\t\t\t<h5><span class=\"TextRun SCXW219099798 BCX0\" lang=\"FR-FR\" xml:lang=\"FR-FR\" data-contrast=\"auto\"><span class=\"NormalTextRun SCXW219099798 BCX0\">SITU\u00c9E \u00c0 L&rsquo;EXTR\u00caME OUEST DE L&rsquo;EUROPE, AU SUD DU PORTUGAL CONTINENTAL, LA R\u00c9GION DE L&rsquo;ALGARVE A UNE SURFACE TOTALE DE 4960 KM2<\/span><\/span><span class=\"EOP SCXW219099798 BCX0\" data-ccp-props=\"{&quot;201341983&quot;:0,&quot;335559685&quot;:-20,&quot;335559737&quot;:-20,&quot;335559739&quot;:160,&quot;335559740&quot;:257}\">\u00a0<\/span><\/h5><p><span data-contrast=\"auto\">Bord\u00e9e au nord par l&rsquo;Alentejo, \u00e0 l&rsquo;est par le fleuve Guadiana et au sud et \u00e0 l&rsquo;ouest par l&rsquo;oc\u00e9an Atlantique, elle poss\u00e8de une bande c\u00f4ti\u00e8re de 320 km.<\/span><span data-ccp-props=\"{&quot;201341983&quot;:0,&quot;335559685&quot;:-20,&quot;335559737&quot;:-20,&quot;335559739&quot;:160,&quot;335559740&quot;:257}\">\u00a0<\/span><\/p><p><span data-contrast=\"auto\">Le climat, de type m\u00e9diterran\u00e9en avec une influence atlantique, se caract\u00e9rise par des temp\u00e9ratures chaudes, s\u00e8ches, peu venteuses et de faibles \u00e9carts de temp\u00e9rature, avec plus de 3000 heures d&rsquo;ensoleillement par an et une faible pluviom\u00e9trie moyenne annuelle.<\/span><span data-ccp-props=\"{&quot;201341983&quot;:0,&quot;335559685&quot;:-20,&quot;335559737&quot;:-20,&quot;335559739&quot;:160,&quot;335559740&quot;:257}\">\u00a0<\/span><\/p><h5>&#8211; <span class=\"TextRun SCXW50592369 BCX0\" lang=\"FR-FR\" xml:lang=\"FR-FR\" data-contrast=\"auto\"><span class=\"NormalTextRun SCXW50592369 BCX0\">LE TERROIR DE L&rsquo;ALGARVE COMPREND 3 ZONES G\u00c9OGRAPHIQUES DISTINCTES<\/span><\/span>\u00a0&#8211;<\/h5><ul><li style=\"list-style-type: none;\"><ul><li><strong><span class=\"TextRun SCXW76419786 BCX0\" lang=\"FR-FR\" xml:lang=\"FR-FR\" data-contrast=\"auto\"><span class=\"NormalTextRun SCXW76419786 BCX0\">Le Littoral<\/span><\/span><\/strong><span class=\"EOP SCXW76419786 BCX0\" data-ccp-props=\"{&quot;201341983&quot;:0,&quot;335559685&quot;:-20,&quot;335559737&quot;:-20,&quot;335559739&quot;:160,&quot;335559740&quot;:257}\">\u00a0<\/span><br \/><ul><li><span class=\"TextRun SCXW210803271 BCX0\" lang=\"FR-FR\" xml:lang=\"FR-FR\" data-contrast=\"auto\"><span class=\"NormalTextRun SCXW210803271 BCX0\">o\u00f9<\/span><span class=\"NormalTextRun SCXW210803271 BCX0\"> pr\u00e9dominent les c\u00f4tes abruptes et les vastes \u00e9tendues de sable, avec des sols sablonneux et argilo-sablonneux ;<\/span><\/span><span class=\"EOP SCXW210803271 BCX0\" data-ccp-props=\"{&quot;201341983&quot;:0,&quot;335559685&quot;:-20,&quot;335559737&quot;:-20,&quot;335559739&quot;:160,&quot;335559740&quot;:257}\">\u00a0<\/span><\/li><\/ul><\/li><\/ul><\/li><li style=\"list-style-type: none;\"><ul><li><strong><span class=\"NormalTextRun SCXW26252551 BCX0\">Le <\/span><span class=\"NormalTextRun SCXW26252551 BCX0\">Barrocal<\/span><\/strong><br \/><ul><li><span class=\"TextRun SCXW127103107 BCX0\" lang=\"FR-FR\" xml:lang=\"FR-FR\" data-contrast=\"auto\"><span class=\"NormalTextRun SCXW127103107 BCX0\">une<\/span><span class=\"NormalTextRun SCXW127103107 BCX0\"> zone de transition entre le littoral et la montagne, compos\u00e9e de sols sablo-argileux, argilo-calcaires, schisteux et alluviaux ;<\/span><\/span><span class=\"EOP SCXW127103107 BCX0\" data-ccp-props=\"{&quot;201341983&quot;:0,&quot;335559685&quot;:-20,&quot;335559737&quot;:-20,&quot;335559739&quot;:160,&quot;335559740&quot;:257}\">\u00a0<\/span><\/li><\/ul><\/li><\/ul><\/li><li style=\"list-style-type: none;\"><ul><li><strong><span class=\"TextRun SCXW63803649 BCX0\" lang=\"FR-FR\" xml:lang=\"FR-FR\" data-contrast=\"auto\"><span class=\"NormalTextRun SCXW63803649 BCX0\">La Montagne<\/span><\/span><\/strong><span class=\"EOP SCXW63803649 BCX0\" data-ccp-props=\"{&quot;201341983&quot;:0,&quot;335559685&quot;:-20,&quot;335559737&quot;:-20,&quot;335559739&quot;:160,&quot;335559740&quot;:257}\">\u00a0<\/span><br \/><ul><li><span class=\"TextRun SCXW15463824 BCX0\" lang=\"FR-FR\" xml:lang=\"FR-FR\" data-contrast=\"auto\"><span class=\"NormalTextRun SCXW15463824 BCX0\">qui<\/span><span class=\"NormalTextRun SCXW15463824 BCX0\"> occupe 50 % du territoire. Elle est form\u00e9e de roches schisteuses et de quelques roches granitiques.<\/span><\/span><span class=\"EOP SCXW15463824 BCX0\" data-ccp-props=\"{&quot;201341983&quot;:0,&quot;335559685&quot;:-20,&quot;335559737&quot;:-20,&quot;335559739&quot;:160,&quot;335559740&quot;:257}\">\u00a0<\/span><\/li><\/ul><\/li><\/ul><\/li><\/ul><h5>&#8211; <span class=\"TextRun SCXW150791931 BCX0\" lang=\"FR-FR\" xml:lang=\"FR-FR\" data-contrast=\"auto\"><span class=\"NormalTextRun SCXW150791931 BCX0\">EN COMBINANT CES FACTEURS AVEC UNE ANCIENNE TRADITION<\/span><\/span> &#8211;<\/h5><p><span data-contrast=\"auto\">La culture et la consommation de vins, ainsi que les particularit\u00e9s culturelles de la r\u00e9gion, qui se refl\u00e8tent dans ses traditions vitivinicoles et ses m\u00e9thodes de vinification, sont \u00e0 l&rsquo;origine de la diversit\u00e9 qui influence les vins de l&rsquo;Algarve.<\/span><span data-ccp-props=\"{&quot;201341983&quot;:0,&quot;335559685&quot;:-20,&quot;335559737&quot;:-20,&quot;335559739&quot;:160,&quot;335559740&quot;:257}\">\u00a0<\/span><\/p><p><span data-contrast=\"auto\">C&rsquo;est de cette combinaison de relief, de topographie, de climat, de sols, de traditions culturelles et d&rsquo;intervention humaine que na\u00eet le caract\u00e8re unique de ses vins.<\/span><span data-ccp-props=\"{&quot;201341983&quot;:0,&quot;335559685&quot;:-20,&quot;335559737&quot;:-20,&quot;335559739&quot;:160,&quot;335559740&quot;:257}\">\u00a0<\/span><\/p><h6><strong><em><span class=\"TextRun SCXW224216816 BCX0\" lang=\"FR-FR\" xml:lang=\"FR-FR\" data-contrast=\"auto\"><span class=\"NormalTextRun SCXW224216816 BCX0\">LES VINS DE L&rsquo;ALGARVE \u2013 UN MONDE \u00c0 D\u00c9COUVRIR.<\/span><\/span><span class=\"EOP SCXW224216816 BCX0\" data-ccp-props=\"{&quot;201341983&quot;:0,&quot;335559685&quot;:-20,&quot;335559737&quot;:-20,&quot;335559739&quot;:160,&quot;335559740&quot;:257}\">\u00a0<\/span><\/em><\/strong><\/h6>\t\t\t\t\t\t\t\t<\/div>\n\t\t\t\t<\/div>\n\t\t\t\t\t<\/div>\n\t\t<\/div>\n\t\t\t\t\t<\/div>\n\t\t<\/section>\n\t\t<div class=\"elementor-element elementor-element-f6de4e6 e-flex e-con-boxed e-con e-parent\" data-id=\"f6de4e6\" data-element_type=\"container\">\n\t\t\t\t\t<div class=\"e-con-inner\">\n\t\t\t\t\t<\/div>\n\t\t\t\t<\/div>\n\t\t\t\t<section class=\"elementor-section elementor-top-section elementor-element elementor-element-0f28283 elementor-section-full_width elementor-section-height-default elementor-section-height-default\" data-id=\"0f28283\" data-element_type=\"section\">\n\t\t\t\t\t\t<div class=\"elementor-container elementor-column-gap-default\">\n\t\t\t\t\t<div class=\"elementor-column elementor-col-100 elementor-top-column elementor-element elementor-element-96a172b\" data-id=\"96a172b\" data-element_type=\"column\">\n\t\t\t<div class=\"elementor-widget-wrap elementor-element-populated\">\n\t\t\t\t\t\t<div class=\"elementor-element elementor-element-2b90e80 elementor-widget elementor-widget-chateau_core_image_gallery\" data-id=\"2b90e80\" data-element_type=\"widget\" data-widget_type=\"chateau_core_image_gallery.default\">\n\t\t\t\t<div class=\"elementor-widget-container\">\n\t\t\t\t\t<div class=\"qodef-shortcode qodef-m  qodef-image-gallery qodef-magnific-popup qodef-popup-gallery   qodef-grid qodef-layout--columns  qodef-gutter--tiny qodef-vertical-gutter--tiny qodef-col-num--5    qodef-responsive--custom qodef-col-num--1440--5 qodef-col-num--1366--5 qodef-col-num--1024--5 qodef-col-num--768--2 qodef-col-num--680--1 qodef-col-num--480--1\" >\n\t<div class=\"qodef-grid-inner\">\n\t\t<div class=\"qodef-e qodef-image-wrapper qodef-grid-item \">\n\t\t\t<a class=\"qodef-popup-item\" itemprop=\"image\" href=\"https:\/\/www.vinhosdoalgarve.pt\/wp-content\/uploads\/2024\/01\/18A1598-scaled.jpg\" data-type=\"image\" title=\"\">\n\t\t<span class=\"qodef-hover-plus\"><\/span>\n\t\t\t<img fetchpriority=\"high\" decoding=\"async\" width=\"1707\" height=\"2560\" src=\"https:\/\/www.vinhosdoalgarve.pt\/wp-content\/uploads\/2024\/01\/18A1598-scaled.jpg\" class=\"attachment-full size-full\" alt=\"\" srcset=\"https:\/\/www.vinhosdoalgarve.pt\/wp-content\/uploads\/2024\/01\/18A1598-scaled.jpg 1707w, https:\/\/www.vinhosdoalgarve.pt\/wp-content\/uploads\/2024\/01\/18A1598-200x300.jpg 200w, https:\/\/www.vinhosdoalgarve.pt\/wp-content\/uploads\/2024\/01\/18A1598-683x1024.jpg 683w, https:\/\/www.vinhosdoalgarve.pt\/wp-content\/uploads\/2024\/01\/18A1598-768x1152.jpg 768w, https:\/\/www.vinhosdoalgarve.pt\/wp-content\/uploads\/2024\/01\/18A1598-1024x1536.jpg 1024w, https:\/\/www.vinhosdoalgarve.pt\/wp-content\/uploads\/2024\/01\/18A1598-1365x2048.jpg 1365w\" sizes=\"(max-width: 1707px) 100vw, 1707px\" \/>\t\t\t<\/a>\n\t<\/div>\n<div class=\"qodef-e qodef-image-wrapper qodef-grid-item \">\n\t\t\t<a class=\"qodef-popup-item\" itemprop=\"image\" href=\"https:\/\/www.vinhosdoalgarve.pt\/wp-content\/uploads\/2024\/01\/18A1274-scaled.jpg\" data-type=\"image\" title=\"\">\n\t\t<span class=\"qodef-hover-plus\"><\/span>\n\t\t\t<img decoding=\"async\" width=\"1707\" height=\"2560\" src=\"https:\/\/www.vinhosdoalgarve.pt\/wp-content\/uploads\/2024\/01\/18A1274-scaled.jpg\" class=\"attachment-full size-full\" alt=\"\" srcset=\"https:\/\/www.vinhosdoalgarve.pt\/wp-content\/uploads\/2024\/01\/18A1274-scaled.jpg 1707w, https:\/\/www.vinhosdoalgarve.pt\/wp-content\/uploads\/2024\/01\/18A1274-200x300.jpg 200w, https:\/\/www.vinhosdoalgarve.pt\/wp-content\/uploads\/2024\/01\/18A1274-683x1024.jpg 683w, https:\/\/www.vinhosdoalgarve.pt\/wp-content\/uploads\/2024\/01\/18A1274-768x1152.jpg 768w, https:\/\/www.vinhosdoalgarve.pt\/wp-content\/uploads\/2024\/01\/18A1274-1024x1536.jpg 1024w, https:\/\/www.vinhosdoalgarve.pt\/wp-content\/uploads\/2024\/01\/18A1274-1365x2048.jpg 1365w\" sizes=\"(max-width: 1707px) 100vw, 1707px\" \/>\t\t\t<\/a>\n\t<\/div>\n<div class=\"qodef-e qodef-image-wrapper qodef-grid-item \">\n\t\t\t<a class=\"qodef-popup-item\" itemprop=\"image\" href=\"https:\/\/www.vinhosdoalgarve.pt\/wp-content\/uploads\/2024\/01\/18A1282-scaled.jpg\" data-type=\"image\" title=\"\">\n\t\t<span class=\"qodef-hover-plus\"><\/span>\n\t\t\t<img decoding=\"async\" width=\"1707\" height=\"2560\" src=\"https:\/\/www.vinhosdoalgarve.pt\/wp-content\/uploads\/2024\/01\/18A1282-scaled.jpg\" class=\"attachment-full size-full\" alt=\"\" srcset=\"https:\/\/www.vinhosdoalgarve.pt\/wp-content\/uploads\/2024\/01\/18A1282-scaled.jpg 1707w, https:\/\/www.vinhosdoalgarve.pt\/wp-content\/uploads\/2024\/01\/18A1282-200x300.jpg 200w, https:\/\/www.vinhosdoalgarve.pt\/wp-content\/uploads\/2024\/01\/18A1282-683x1024.jpg 683w, https:\/\/www.vinhosdoalgarve.pt\/wp-content\/uploads\/2024\/01\/18A1282-768x1152.jpg 768w, https:\/\/www.vinhosdoalgarve.pt\/wp-content\/uploads\/2024\/01\/18A1282-1024x1536.jpg 1024w, https:\/\/www.vinhosdoalgarve.pt\/wp-content\/uploads\/2024\/01\/18A1282-1365x2048.jpg 1365w\" sizes=\"(max-width: 1707px) 100vw, 1707px\" \/>\t\t\t<\/a>\n\t<\/div>\n<div class=\"qodef-e qodef-image-wrapper qodef-grid-item \">\n\t\t\t<a class=\"qodef-popup-item\" itemprop=\"image\" href=\"https:\/\/www.vinhosdoalgarve.pt\/wp-content\/uploads\/2024\/01\/18A1631-scaled.jpg\" data-type=\"image\" title=\"\">\n\t\t<span class=\"qodef-hover-plus\"><\/span>\n\t\t\t<img loading=\"lazy\" decoding=\"async\" width=\"1707\" height=\"2560\" src=\"https:\/\/www.vinhosdoalgarve.pt\/wp-content\/uploads\/2024\/01\/18A1631-scaled.jpg\" class=\"attachment-full size-full\" alt=\"\" srcset=\"https:\/\/www.vinhosdoalgarve.pt\/wp-content\/uploads\/2024\/01\/18A1631-scaled.jpg 1707w, https:\/\/www.vinhosdoalgarve.pt\/wp-content\/uploads\/2024\/01\/18A1631-200x300.jpg 200w, https:\/\/www.vinhosdoalgarve.pt\/wp-content\/uploads\/2024\/01\/18A1631-683x1024.jpg 683w, https:\/\/www.vinhosdoalgarve.pt\/wp-content\/uploads\/2024\/01\/18A1631-768x1152.jpg 768w, https:\/\/www.vinhosdoalgarve.pt\/wp-content\/uploads\/2024\/01\/18A1631-1024x1536.jpg 1024w, https:\/\/www.vinhosdoalgarve.pt\/wp-content\/uploads\/2024\/01\/18A1631-1365x2048.jpg 1365w\" sizes=\"(max-width: 1707px) 100vw, 1707px\" \/>\t\t\t<\/a>\n\t<\/div>\n<div class=\"qodef-e qodef-image-wrapper qodef-grid-item \">\n\t\t\t<a class=\"qodef-popup-item\" itemprop=\"image\" href=\"https:\/\/www.vinhosdoalgarve.pt\/wp-content\/uploads\/2024\/01\/18A1642-scaled.jpg\" data-type=\"image\" title=\"\">\n\t\t<span class=\"qodef-hover-plus\"><\/span>\n\t\t\t<img loading=\"lazy\" decoding=\"async\" width=\"1707\" height=\"2560\" src=\"https:\/\/www.vinhosdoalgarve.pt\/wp-content\/uploads\/2024\/01\/18A1642-scaled.jpg\" class=\"attachment-full size-full\" alt=\"\" srcset=\"https:\/\/www.vinhosdoalgarve.pt\/wp-content\/uploads\/2024\/01\/18A1642-scaled.jpg 1707w, https:\/\/www.vinhosdoalgarve.pt\/wp-content\/uploads\/2024\/01\/18A1642-200x300.jpg 200w, https:\/\/www.vinhosdoalgarve.pt\/wp-content\/uploads\/2024\/01\/18A1642-683x1024.jpg 683w, https:\/\/www.vinhosdoalgarve.pt\/wp-content\/uploads\/2024\/01\/18A1642-768x1152.jpg 768w, https:\/\/www.vinhosdoalgarve.pt\/wp-content\/uploads\/2024\/01\/18A1642-1024x1536.jpg 1024w, https:\/\/www.vinhosdoalgarve.pt\/wp-content\/uploads\/2024\/01\/18A1642-1365x2048.jpg 1365w\" sizes=\"(max-width: 1707px) 100vw, 1707px\" \/>\t\t\t<\/a>\n\t<\/div>\n\t<\/div>\n<\/div>\n\t\t\t\t<\/div>\n\t\t\t\t<\/div>\n\t\t\t\t\t<\/div>\n\t\t<\/div>\n\t\t\t\t\t<\/div>\n\t\t<\/section>\n\t\t<div class=\"elementor-element elementor-element-84a7044 e-flex e-con-boxed e-con e-parent\" data-id=\"84a7044\" data-element_type=\"container\">\n\t\t\t\t\t<div class=\"e-con-inner\">\n\t\t\t\t\t<\/div>\n\t\t\t\t<\/div>\n\t\t<div class=\"elementor-element elementor-element-70ab803 e-flex e-con-boxed e-con e-parent\" data-id=\"70ab803\" data-element_type=\"container\">\n\t\t\t\t\t<div class=\"e-con-inner\">\n\t\t<div class=\"elementor-element elementor-element-9ada8b4 e-con-full e-flex e-con e-child\" data-id=\"9ada8b4\" data-element_type=\"container\">\n\t\t\t\t<div class=\"elementor-element elementor-element-aaf71fe elementor-widget elementor-widget-qi_addons_for_elementor_section_title\" data-id=\"aaf71fe\" data-element_type=\"widget\" data-widget_type=\"qi_addons_for_elementor_section_title.default\">\n\t\t\t\t<div class=\"elementor-widget-container\">\n\t\t\t\t\t<div class=\"qodef-shortcode qodef-m qodef-qi-section-title qodef-decoration--italic qodef-link--underline-draw qodef-subtitle-icon--left\">\n\t\t\t\t<h5 class=\"qodef-m-subtitle\">\n\t\tALGARVE\t\t\t<\/h5>\n\t\t\t<h2 class=\"qodef-m-title\">\n\t\tTERRITOIRE VITIVINICOLE\t<\/h2>\n\t\t\t<\/div>\n\t\t\t\t<\/div>\n\t\t\t\t<\/div>\n\t\t\t\t<\/div>\n\t\t<div class=\"elementor-element elementor-element-0301a3d e-con-full e-flex e-con e-child\" data-id=\"0301a3d\" data-element_type=\"container\">\n\t\t<div class=\"elementor-element elementor-element-29550cf e-con-full e-flex e-con e-child\" data-id=\"29550cf\" data-element_type=\"container\">\n\t\t\t\t<div class=\"elementor-element elementor-element-4c87f6d elementor-widget elementor-widget-text-editor\" data-id=\"4c87f6d\" data-element_type=\"widget\" data-widget_type=\"text-editor.default\">\n\t\t\t\t<div class=\"elementor-widget-container\">\n\t\t\t\t\t\t\t\t\t<p><span data-contrast=\"auto\">La r\u00e9gion vitivinicole de l&rsquo;Algarve compte actuellement environ 1427 hectares de vignobles, ce qui en fait la deuxi\u00e8me plus petite r\u00e9gion vitivinicole du Portugal.<\/span><span data-ccp-props=\"{&quot;201341983&quot;:0,&quot;335559685&quot;:-20,&quot;335559737&quot;:-20,&quot;335559739&quot;:160,&quot;335559740&quot;:257}\">\u00a0<\/span><\/p><p><span data-contrast=\"auto\">Malgr\u00e9 le caract\u00e8re uniforme qui caract\u00e9rise la r\u00e9gion, les particularit\u00e9s existant sur le littoral, le barrocal et dans les montagnes de l&rsquo;Algarve, donnent lieu \u00e0 la division en 4 r\u00e9gions avec la D\u00e9nomination d&rsquo;Origine : Lagos, Portim\u00e3o, Lagoa et Tavira.<\/span><span data-ccp-props=\"{&quot;201341983&quot;:0,&quot;335559685&quot;:-20,&quot;335559737&quot;:-20,&quot;335559739&quot;:160,&quot;335559740&quot;:257}\">\u00a0<\/span><\/p><p><span data-contrast=\"auto\">Des vins b\u00e9n\u00e9ficiant de l&rsquo;Indication G\u00e9ographique Algarve sont \u00e9galement produits dans toute la r\u00e9gion.<\/span><span data-ccp-props=\"{&quot;201341983&quot;:0,&quot;335559685&quot;:-20,&quot;335559737&quot;:-20,&quot;335559739&quot;:160,&quot;335559740&quot;:257}\">\u00a0<\/span><\/p>\t\t\t\t\t\t\t\t<\/div>\n\t\t\t\t<\/div>\n\t\t\t\t<\/div>\n\t\t\t\t<\/div>\n\t\t\t\t\t<\/div>\n\t\t\t\t<\/div>\n\t\t<div class=\"elementor-element elementor-element-e6d8ac9 e-flex e-con-boxed e-con e-parent\" data-id=\"e6d8ac9\" data-element_type=\"container\">\n\t\t\t\t\t<div class=\"e-con-inner\">\n\t\t\t\t<div class=\"elementor-element elementor-element-08ba3fc elementor-invisible elementor-widget elementor-widget-image\" data-id=\"08ba3fc\" data-element_type=\"widget\" data-settings=\"{&quot;_animation&quot;:&quot;fadeIn&quot;}\" data-widget_type=\"image.default\">\n\t\t\t\t<div class=\"elementor-widget-container\">\n\t\t\t\t\t\t\t\t\t\t\t\t\t\t\t<img decoding=\"async\" src=\"https:\/\/www.vinhosdoalgarve.pt\/wp-content\/uploads\/elementor\/thumbs\/Mapa_Algarve-qkrr3cxwcb1k82hv7p776pdjrk5s18prfhiozpkmuw.png\" title=\"Mapa_Algarve\" alt=\"Mapa_Algarve\" loading=\"lazy\" \/>\t\t\t\t\t\t\t\t\t\t\t\t\t\t\t<\/div>\n\t\t\t\t<\/div>\n\t\t\t\t\t<\/div>\n\t\t\t\t<\/div>\n\t\t<div class=\"elementor-element elementor-element-8befe69 e-flex e-con-boxed e-con e-parent\" data-id=\"8befe69\" data-element_type=\"container\">\n\t\t\t\t\t<div class=\"e-con-inner\">\n\t\t\t\t<div class=\"elementor-element elementor-element-e7330f7 elementor-widget-divider--view-line elementor-widget elementor-widget-divider\" data-id=\"e7330f7\" data-element_type=\"widget\" data-widget_type=\"divider.default\">\n\t\t\t\t<div class=\"elementor-widget-container\">\n\t\t\t\t\t\t\t<div class=\"elementor-divider\">\n\t\t\t<span class=\"elementor-divider-separator\">\n\t\t\t\t\t\t<\/span>\n\t\t<\/div>\n\t\t\t\t\t\t<\/div>\n\t\t\t\t<\/div>\n\t\t\t\t\t<\/div>\n\t\t\t\t<\/div>\n\t\t<div class=\"elementor-element elementor-element-e846b07 e-flex e-con-boxed e-con e-parent\" data-id=\"e846b07\" data-element_type=\"container\">\n\t\t\t\t\t<div class=\"e-con-inner\">\n\t\t\t\t<div class=\"elementor-element elementor-element-15c4592 elementor-widget elementor-widget-heading\" data-id=\"15c4592\" data-element_type=\"widget\" data-widget_type=\"heading.default\">\n\t\t\t\t<div class=\"elementor-widget-container\">\n\t\t\t\t\t<h2 class=\"elementor-heading-title elementor-size-default\">Les r\u00e9gions<\/h2>\t\t\t\t<\/div>\n\t\t\t\t<\/div>\n\t\t\t\t\t<\/div>\n\t\t\t\t<\/div>\n\t\t<div class=\"elementor-element elementor-element-c957ee1 e-flex e-con-boxed e-con e-parent\" data-id=\"c957ee1\" data-element_type=\"container\">\n\t\t\t\t\t<div class=\"e-con-inner\">\n\t\t<div class=\"elementor-element elementor-element-cdfeb22 e-con-full e-flex e-con e-child\" data-id=\"cdfeb22\" data-element_type=\"container\">\n\t\t\t\t<div class=\"elementor-element elementor-element-b8308a6 elementor-widget elementor-widget-qi_addons_for_elementor_section_title\" data-id=\"b8308a6\" data-element_type=\"widget\" data-widget_type=\"qi_addons_for_elementor_section_title.default\">\n\t\t\t\t<div class=\"elementor-widget-container\">\n\t\t\t\t\t<div class=\"qodef-shortcode qodef-m qodef-qi-section-title qodef-decoration--italic qodef-link--underline-draw qodef-subtitle-icon--left\">\n\t\t\t\t<h5 class=\"qodef-m-subtitle\">\n\t\tDO\t\t\t<\/h5>\n\t\t\t<h2 class=\"qodef-m-title\">\n\t\tlagoS\t<\/h2>\n\t\t\t<\/div>\n\t\t\t\t<\/div>\n\t\t\t\t<\/div>\n\t\t\t\t<\/div>\n\t\t<div class=\"elementor-element elementor-element-fbd0e7f e-con-full e-flex e-con e-child\" data-id=\"fbd0e7f\" data-element_type=\"container\">\n\t\t\t\t<div class=\"elementor-element elementor-element-7f65e47 elementor-widget elementor-widget-text-editor\" data-id=\"7f65e47\" data-element_type=\"widget\" data-widget_type=\"text-editor.default\">\n\t\t\t\t<div class=\"elementor-widget-container\">\n\t\t\t\t\t\t\t\t\t<p><span data-contrast=\"auto\">Cr\u00e9\u00e9e en 1990 et situ\u00e9e dans l&rsquo;ouest de l&rsquo;Algarve, cette D\u00e9nomination d&rsquo;Origine Contr\u00f4l\u00e9e (DOC) couvre les municipalit\u00e9s d&rsquo;Aljezur (une partie des communes du m\u00eame nom, Bordeira et Odeceixe), de Vila do Bispo (les communes de Raposeira, Sagres et Vila do Bispo et une partie des communes de Bar\u00e3o de S\u00e3o Miguel et Budens) et de Lagos (les communes de Luz, Santa Maria et S\u00e3o Sebasti\u00e3o et une partie des communes de Bar\u00e3o de S\u00e3o Jo\u00e3o, Bensafrim et Odi\u00e1xere).<\/span><span data-ccp-props=\"{&quot;201341983&quot;:0,&quot;335559685&quot;:-20,&quot;335559737&quot;:-20,&quot;335559739&quot;:160,&quot;335559740&quot;:257}\">\u00a0<\/span><\/p><p><span data-contrast=\"auto\">Caract\u00e9ris\u00e9e par la barri\u00e8re montagneuse de la montagne de Monchique au nord, qui assure une protection contre les vents froids et une exposition plein sud, son climat est nettement m\u00e9diterran\u00e9en, chaud, sec et faible variation de temp\u00e9rature.<\/span><span data-ccp-props=\"{&quot;201341983&quot;:0,&quot;335559685&quot;:-20,&quot;335559737&quot;:-20,&quot;335559739&quot;:160,&quot;335559740&quot;:257}\">\u00a0<\/span><\/p><p><span data-contrast=\"auto\">Les vignobles sont plant\u00e9s sur des sols secs constitu\u00e9s principalement de gr\u00e8s, de sable et de sols m\u00e9diterran\u00e9ens rouges ou jaunes.<\/span><span data-ccp-props=\"{&quot;201341983&quot;:0,&quot;335559685&quot;:-20,&quot;335559737&quot;:-20,&quot;335559739&quot;:160,&quot;335559740&quot;:257}\">\u00a0<\/span><\/p><p><span style=\"text-decoration: underline;\"><em><strong><span class=\"TextRun SCXW99980766 BCX0\" lang=\"FR-FR\" xml:lang=\"FR-FR\" data-contrast=\"auto\"><span class=\"NormalTextRun SCXW99980766 BCX0\">C\u00e9pages recommand\u00e9s<\/span><\/span><span class=\"EOP SCXW99980766 BCX0\" data-ccp-props=\"{&quot;201341983&quot;:0,&quot;335559685&quot;:-20,&quot;335559737&quot;:-20,&quot;335559739&quot;:160,&quot;335559740&quot;:257}\">\u00a0<\/span><\/strong><\/em><\/span><\/p><p><strong><span class=\"TextRun SCXW128409558 BCX0\" lang=\"FR-FR\" xml:lang=\"FR-FR\" data-contrast=\"auto\"><span class=\"NormalTextRun SCXW128409558 BCX0\">Rouges<\/span><\/span><\/strong><span class=\"EOP SCXW128409558 BCX0\" data-ccp-props=\"{&quot;201341983&quot;:0,&quot;335559685&quot;:-20,&quot;335559737&quot;:-20,&quot;335559739&quot;:160,&quot;335559740&quot;:257}\">\u00a0<\/span><\/p><ul><li style=\"list-style-type: none;\"><ul><li><span class=\"TextRun SCXW112273205 BCX0\" lang=\"FR-FR\" xml:lang=\"FR-FR\" data-contrast=\"auto\"><span style=\"text-decoration: underline;\"><span class=\"NormalTextRun SCXW112273205 BCX0\">C\u00e9pages autochtones : <\/span><\/span><span class=\"NormalTextRun SCXW112273205 BCX0\">Negra<\/span><span class=\"NormalTextRun SCXW112273205 BCX0\"> Mole*<\/span><\/span><span class=\"EOP SCXW112273205 BCX0\" data-ccp-props=\"{&quot;201341983&quot;:0,&quot;335559685&quot;:-20,&quot;335559737&quot;:-20,&quot;335559739&quot;:160,&quot;335559740&quot;:257}\">\u00a0<\/span><\/li><li><span style=\"text-decoration: underline;\"><span class=\"TextRun SCXW190814410 BCX0\" lang=\"FR-FR\" xml:lang=\"FR-FR\" data-contrast=\"auto\"><span class=\"NormalTextRun SCXW190814410 BCX0\">C\u00e9pages traditionnels :<\/span><\/span><\/span> Trincadeira* e Castel\u00e3o*<\/li><li><span class=\"TextRun SCXW62537520 BCX0\" lang=\"FR-FR\" xml:lang=\"FR-FR\" data-contrast=\"auto\"><span class=\"NormalTextRun SCXW62537520 BCX0\"><span style=\"text-decoration: underline;\">C\u00e9pages nationaux :<\/span> <\/span><\/span> Bastardo, Monvedro e Touriga Nacional<\/li><li><span style=\"text-decoration: underline;\"><span class=\"TextRun SCXW40241723 BCX0\" lang=\"FR-FR\" xml:lang=\"FR-FR\" data-contrast=\"auto\"><span class=\"NormalTextRun SCXW40241723 BCX0\">C\u00e9pages internationaux :<\/span><\/span><\/span> Alicante Bouschet, Aragonez, Cabernet Sauvignon<\/li><\/ul><\/li><\/ul><p><strong><span class=\"TextRun SCXW216052910 BCX0\" lang=\"FR-FR\" xml:lang=\"FR-FR\" data-contrast=\"auto\"><span class=\"NormalTextRun SCXW216052910 BCX0\">Blancs<\/span><\/span><span class=\"EOP SCXW216052910 BCX0\" data-ccp-props=\"{&quot;201341983&quot;:0,&quot;335559685&quot;:-20,&quot;335559737&quot;:-20,&quot;335559739&quot;:160,&quot;335559740&quot;:257}\">\u00a0<\/span><\/strong><\/p><ul><li style=\"list-style-type: none;\"><ul><li><span style=\"text-decoration: underline;\"><span class=\"TextRun SCXW267364203 BCX0\" lang=\"FR-FR\" xml:lang=\"FR-FR\" data-contrast=\"auto\"><span class=\"NormalTextRun SCXW267364203 BCX0\">C\u00e9pages traditionnels :<\/span><\/span><\/span> Arinto* e S\u00edria* (Crato Branco)<\/li><li><span style=\"text-decoration: underline;\"><span class=\"TextRun SCXW204831105 BCX0\" lang=\"FR-FR\" xml:lang=\"FR-FR\" data-contrast=\"auto\"><span class=\"NormalTextRun SCXW204831105 BCX0\">C\u00e9pages nationaux :<\/span><\/span><\/span> Malvasia Fina*, Mante\u00fado, Moscatel Gra\u00fado e Perrum.<\/li><\/ul><\/li><\/ul><p><em><span class=\"TextRun SCXW179830864 BCX0\" lang=\"FR-FR\" xml:lang=\"FR-FR\" data-contrast=\"auto\"><span class=\"NormalTextRun SCXW179830864 BCX0\">*avec un minimum de 70 % d&rsquo;enc\u00e9pagement dans son ensemble ou s\u00e9par\u00e9ment.<\/span><\/span><span class=\"EOP SCXW179830864 BCX0\" data-ccp-props=\"{&quot;201341983&quot;:0,&quot;335559685&quot;:-20,&quot;335559737&quot;:-20,&quot;335559739&quot;:160,&quot;335559740&quot;:257}\">\u00a0<\/span><\/em><\/p>\t\t\t\t\t\t\t\t<\/div>\n\t\t\t\t<\/div>\n\t\t\t\t<\/div>\n\t\t\t\t\t<\/div>\n\t\t\t\t<\/div>\n\t\t<div class=\"elementor-element elementor-element-4d22721 e-flex e-con-boxed e-con e-parent\" data-id=\"4d22721\" data-element_type=\"container\">\n\t\t\t\t\t<div class=\"e-con-inner\">\n\t\t\t\t<div class=\"elementor-element elementor-element-a621901 elementor-widget elementor-widget-qi_addons_for_elementor_image_gallery\" data-id=\"a621901\" data-element_type=\"widget\" data-widget_type=\"qi_addons_for_elementor_image_gallery.default\">\n\t\t\t\t<div class=\"elementor-widget-container\">\n\t\t\t\t\t<div class=\"qodef-shortcode qodef-m qodef-qi-image-gallery qodef-qi-fslightbox-popup qodef-popup-gallery qodef-image--hover-zoom qodef-qi-grid qodef-layout--qi-columns qodef-col-num--3 qodef-responsive--predefined\">\n\t<div class=\"qodef-grid-inner\">\n\t\t<div class=\"qodef-e qodef-image-wrapper qodef-grid-item\">\n\t<div class=\"qodef-e-inner\">\n\t\t\t\t\t<a class=\"qodef-popup-item\" itemprop=\"image\" href=\"https:\/\/www.vinhosdoalgarve.pt\/wp-content\/uploads\/2024\/03\/322537888_1248113435918188_6471393828298498637_n-01-1-scaled.jpg\" data-type=\"image\" data-fslightbox=\"gallery-316\">\n\t\t\t\t\t<img loading=\"lazy\" decoding=\"async\" width=\"2560\" height=\"1707\" src=\"https:\/\/www.vinhosdoalgarve.pt\/wp-content\/uploads\/2024\/03\/322537888_1248113435918188_6471393828298498637_n-01-1-scaled.jpg\" class=\"attachment-full size-full\" alt=\"\" srcset=\"https:\/\/www.vinhosdoalgarve.pt\/wp-content\/uploads\/2024\/03\/322537888_1248113435918188_6471393828298498637_n-01-1-scaled.jpg 2560w, https:\/\/www.vinhosdoalgarve.pt\/wp-content\/uploads\/2024\/03\/322537888_1248113435918188_6471393828298498637_n-01-1-300x200.jpg 300w, https:\/\/www.vinhosdoalgarve.pt\/wp-content\/uploads\/2024\/03\/322537888_1248113435918188_6471393828298498637_n-01-1-1024x683.jpg 1024w, https:\/\/www.vinhosdoalgarve.pt\/wp-content\/uploads\/2024\/03\/322537888_1248113435918188_6471393828298498637_n-01-1-768x512.jpg 768w, https:\/\/www.vinhosdoalgarve.pt\/wp-content\/uploads\/2024\/03\/322537888_1248113435918188_6471393828298498637_n-01-1-1536x1024.jpg 1536w, https:\/\/www.vinhosdoalgarve.pt\/wp-content\/uploads\/2024\/03\/322537888_1248113435918188_6471393828298498637_n-01-1-2048x1365.jpg 2048w\" sizes=\"(max-width: 2560px) 100vw, 2560px\" \/>\t\t\t\t\t<\/a>\n\t\t\t<\/div>\n<\/div>\n<div class=\"qodef-e qodef-image-wrapper qodef-grid-item\">\n\t<div class=\"qodef-e-inner\">\n\t\t\t\t\t<a class=\"qodef-popup-item\" itemprop=\"image\" href=\"https:\/\/www.vinhosdoalgarve.pt\/wp-content\/uploads\/2024\/03\/20160620_9073-01-1-scaled.jpg\" data-type=\"image\" data-fslightbox=\"gallery-316\">\n\t\t\t\t\t<img loading=\"lazy\" decoding=\"async\" width=\"2560\" height=\"1707\" src=\"https:\/\/www.vinhosdoalgarve.pt\/wp-content\/uploads\/2024\/03\/20160620_9073-01-1-scaled.jpg\" class=\"attachment-full size-full\" alt=\"\" srcset=\"https:\/\/www.vinhosdoalgarve.pt\/wp-content\/uploads\/2024\/03\/20160620_9073-01-1-scaled.jpg 2560w, https:\/\/www.vinhosdoalgarve.pt\/wp-content\/uploads\/2024\/03\/20160620_9073-01-1-300x200.jpg 300w, https:\/\/www.vinhosdoalgarve.pt\/wp-content\/uploads\/2024\/03\/20160620_9073-01-1-1024x683.jpg 1024w, https:\/\/www.vinhosdoalgarve.pt\/wp-content\/uploads\/2024\/03\/20160620_9073-01-1-768x512.jpg 768w, https:\/\/www.vinhosdoalgarve.pt\/wp-content\/uploads\/2024\/03\/20160620_9073-01-1-1536x1024.jpg 1536w, https:\/\/www.vinhosdoalgarve.pt\/wp-content\/uploads\/2024\/03\/20160620_9073-01-1-2048x1365.jpg 2048w\" sizes=\"(max-width: 2560px) 100vw, 2560px\" \/>\t\t\t\t\t<\/a>\n\t\t\t<\/div>\n<\/div>\n<div class=\"qodef-e qodef-image-wrapper qodef-grid-item\">\n\t<div class=\"qodef-e-inner\">\n\t\t\t\t\t<a class=\"qodef-popup-item\" itemprop=\"image\" href=\"https:\/\/www.vinhosdoalgarve.pt\/wp-content\/uploads\/2024\/03\/Monte-do-Alem-34472-07052020-IG-01-scaled.jpg\" data-type=\"image\" data-fslightbox=\"gallery-316\">\n\t\t\t\t\t<img loading=\"lazy\" decoding=\"async\" width=\"2560\" height=\"1707\" src=\"https:\/\/www.vinhosdoalgarve.pt\/wp-content\/uploads\/2024\/03\/Monte-do-Alem-34472-07052020-IG-01-scaled.jpg\" class=\"attachment-full size-full\" alt=\"\" srcset=\"https:\/\/www.vinhosdoalgarve.pt\/wp-content\/uploads\/2024\/03\/Monte-do-Alem-34472-07052020-IG-01-scaled.jpg 2560w, https:\/\/www.vinhosdoalgarve.pt\/wp-content\/uploads\/2024\/03\/Monte-do-Alem-34472-07052020-IG-01-300x200.jpg 300w, https:\/\/www.vinhosdoalgarve.pt\/wp-content\/uploads\/2024\/03\/Monte-do-Alem-34472-07052020-IG-01-1024x683.jpg 1024w, https:\/\/www.vinhosdoalgarve.pt\/wp-content\/uploads\/2024\/03\/Monte-do-Alem-34472-07052020-IG-01-768x512.jpg 768w, https:\/\/www.vinhosdoalgarve.pt\/wp-content\/uploads\/2024\/03\/Monte-do-Alem-34472-07052020-IG-01-1536x1024.jpg 1536w, https:\/\/www.vinhosdoalgarve.pt\/wp-content\/uploads\/2024\/03\/Monte-do-Alem-34472-07052020-IG-01-2048x1365.jpg 2048w\" sizes=\"(max-width: 2560px) 100vw, 2560px\" \/>\t\t\t\t\t<\/a>\n\t\t\t<\/div>\n<\/div>\n\t<\/div>\n<\/div>\n\t\t\t\t<\/div>\n\t\t\t\t<\/div>\n\t\t\t\t\t<\/div>\n\t\t\t\t<\/div>\n\t\t<div class=\"elementor-element elementor-element-681ecba e-flex e-con-boxed e-con e-parent\" data-id=\"681ecba\" data-element_type=\"container\">\n\t\t\t\t\t<div class=\"e-con-inner\">\n\t\t<div class=\"elementor-element elementor-element-146b168 e-con-full e-flex e-con e-child\" data-id=\"146b168\" data-element_type=\"container\">\n\t\t\t\t<div class=\"elementor-element elementor-element-054684d elementor-widget elementor-widget-qi_addons_for_elementor_section_title\" data-id=\"054684d\" data-element_type=\"widget\" data-widget_type=\"qi_addons_for_elementor_section_title.default\">\n\t\t\t\t<div class=\"elementor-widget-container\">\n\t\t\t\t\t<div class=\"qodef-shortcode qodef-m qodef-qi-section-title qodef-decoration--italic qodef-link--underline-draw qodef-subtitle-icon--left\">\n\t\t\t\t<h5 class=\"qodef-m-subtitle\">\n\t\tDO\t\t\t<\/h5>\n\t\t\t<h2 class=\"qodef-m-title\">\n\t\tPortim\u00e3o\t<\/h2>\n\t\t\t<\/div>\n\t\t\t\t<\/div>\n\t\t\t\t<\/div>\n\t\t\t\t<\/div>\n\t\t<div class=\"elementor-element elementor-element-fac16f0 e-con-full e-flex e-con e-child\" data-id=\"fac16f0\" data-element_type=\"container\">\n\t\t\t\t<div class=\"elementor-element elementor-element-d0ec546 elementor-widget elementor-widget-text-editor\" data-id=\"d0ec546\" data-element_type=\"widget\" data-widget_type=\"text-editor.default\">\n\t\t\t\t<div class=\"elementor-widget-container\">\n\t\t\t\t\t\t\t\t\t<p><span data-contrast=\"auto\">D\u00e9nomination d&rsquo;Origine contr\u00f4l\u00e9e (DOC) a \u00e9t\u00e9 cr\u00e9\u00e9e en 1993. Situ\u00e9e dans l&rsquo;ouest de l&rsquo;Algarve, elle couvre la municipalit\u00e9 de Portim\u00e3o (commune d&rsquo;Alvor et une partie des communes de Mexilhoeira Grande et Portim\u00e3o).<\/span><span data-ccp-props=\"{&quot;201341983&quot;:0,&quot;335559685&quot;:-20,&quot;335559737&quot;:-20,&quot;335559739&quot;:160,&quot;335559740&quot;:257}\">\u00a0<\/span><\/p><p><span data-contrast=\"auto\">Son climat est marqu\u00e9 par sa proximit\u00e9 avec l&rsquo;oc\u00e9an Atlantique, ce qui en fait un pays nettement m\u00e9diterran\u00e9en. Les sols sont principalement sablonneux, argilo-sableux, m\u00e9diterran\u00e9ens rouges ou jaunes.<\/span><span data-ccp-props=\"{&quot;201341983&quot;:0,&quot;335559685&quot;:-20,&quot;335559737&quot;:-20,&quot;335559739&quot;:160,&quot;335559740&quot;:257}\">\u00a0<\/span><\/p><p><span data-contrast=\"auto\">Les vignobles sont situ\u00e9s dans la r\u00e9gion barrocal de l&rsquo;Algarve, c&rsquo;est-\u00e0-dire la zone situ\u00e9e entre le littoral et les montagnes et est influenc\u00e9e \u00e0 la fois par l&rsquo;oc\u00e9an Atlantique et par l&rsquo;estuaire d&rsquo;Alvor.<\/span><span data-ccp-props=\"{&quot;201341983&quot;:0,&quot;335559685&quot;:-20,&quot;335559737&quot;:-20,&quot;335559739&quot;:160,&quot;335559740&quot;:257}\">\u00a0<\/span><\/p><p><span style=\"text-decoration: underline;\"><strong><em><span class=\"TextRun SCXW25073539 BCX0\" lang=\"FR-FR\" xml:lang=\"FR-FR\" data-contrast=\"auto\"><span class=\"NormalTextRun SCXW25073539 BCX0\">C\u00e9pages recommand\u00e9s<\/span><\/span><\/em><\/strong><\/span><\/p><p><strong><span class=\"TextRun SCXW224967486 BCX0\" lang=\"FR-FR\" xml:lang=\"FR-FR\" data-contrast=\"auto\"><span class=\"NormalTextRun SCXW224967486 BCX0\">Rouges<\/span><\/span><span class=\"EOP SCXW224967486 BCX0\" data-ccp-props=\"{&quot;201341983&quot;:0,&quot;335559685&quot;:-20,&quot;335559737&quot;:-20,&quot;335559739&quot;:160,&quot;335559740&quot;:257}\">\u00a0<\/span><\/strong><\/p><ul><li style=\"list-style-type: none;\"><ul><li><span style=\"text-decoration: underline;\"><span class=\"TextRun SCXW165926301 BCX0\" lang=\"FR-FR\" xml:lang=\"FR-FR\" data-contrast=\"auto\"><span class=\"NormalTextRun SCXW165926301 BCX0\">C\u00e9pages autochtones :<\/span><\/span><\/span> Negra Mole*<\/li><li><span style=\"text-decoration: underline;\"><span class=\"TextRun SCXW208529542 BCX0\" lang=\"FR-FR\" xml:lang=\"FR-FR\" data-contrast=\"auto\"><span class=\"NormalTextRun SCXW208529542 BCX0\">C\u00e9pages traditionnels :<\/span><\/span><\/span> Trincadeira* e Castel\u00e3o*<\/li><li><span style=\"text-decoration: underline;\"><span class=\"TextRun SCXW220115446 BCX0\" lang=\"FR-FR\" xml:lang=\"FR-FR\" data-contrast=\"auto\"><span class=\"NormalTextRun SCXW220115446 BCX0\">C\u00e9pages nationaux :<\/span><\/span><\/span> Monvedro e Touriga Nacional<\/li><li><span style=\"text-decoration: underline;\"><span class=\"TextRun SCXW70732283 BCX0\" lang=\"FR-FR\" xml:lang=\"FR-FR\" data-contrast=\"auto\"><span class=\"NormalTextRun SCXW70732283 BCX0\">C\u00e9pages internationaux :<\/span><\/span><\/span> Alicante Bouschet, Aragonez, Cabernet Sauvignon e Syrah<\/li><\/ul><\/li><\/ul><p><strong><span class=\"TextRun SCXW44769873 BCX0\" lang=\"FR-FR\" xml:lang=\"FR-FR\" data-contrast=\"auto\"><span class=\"NormalTextRun SCXW44769873 BCX0\">Blancs<\/span><\/span><span class=\"EOP SCXW44769873 BCX0\" data-ccp-props=\"{&quot;201341983&quot;:0,&quot;335559685&quot;:-20,&quot;335559737&quot;:-20,&quot;335559739&quot;:160,&quot;335559740&quot;:257}\">\u00a0<\/span><\/strong><\/p><ul><li style=\"list-style-type: none;\"><ul><li><span style=\"text-decoration: underline;\"><span class=\"TextRun SCXW184659131 BCX0\" lang=\"FR-FR\" xml:lang=\"FR-FR\" data-contrast=\"auto\"><span class=\"NormalTextRun SCXW184659131 BCX0\">C\u00e9pages traditionnels :<\/span><\/span><\/span> S\u00edria* (Crato Branco) e Arinto*<\/li><li><span style=\"text-decoration: underline;\"><span class=\"TextRun SCXW30492518 BCX0\" lang=\"FR-FR\" xml:lang=\"FR-FR\" data-contrast=\"auto\"><span class=\"NormalTextRun SCXW30492518 BCX0\">C\u00e9pages nationaux :<\/span><\/span><\/span> Mante\u00fado, Moscatel Gra\u00fado, Perrum e Rabo-de-Ovelha.<\/li><\/ul><\/li><\/ul><p><em><span class=\"TextRun SCXW222250230 BCX0\" lang=\"FR-FR\" xml:lang=\"FR-FR\" data-contrast=\"auto\"><span class=\"NormalTextRun SCXW222250230 BCX0\">*avec un minimum de 70 % d&rsquo;enc\u00e9pagement dans son ensemble ou s\u00e9par\u00e9ment.<\/span><\/span><span class=\"EOP SCXW222250230 BCX0\" data-ccp-props=\"{&quot;201341983&quot;:0,&quot;335559685&quot;:-20,&quot;335559737&quot;:-20,&quot;335559739&quot;:160,&quot;335559740&quot;:257}\">\u00a0<\/span><\/em><\/p>\t\t\t\t\t\t\t\t<\/div>\n\t\t\t\t<\/div>\n\t\t\t\t<\/div>\n\t\t\t\t\t<\/div>\n\t\t\t\t<\/div>\n\t\t<div class=\"elementor-element elementor-element-d058967 e-flex e-con-boxed e-con e-parent\" data-id=\"d058967\" data-element_type=\"container\">\n\t\t\t\t\t<div class=\"e-con-inner\">\n\t\t\t\t<div class=\"elementor-element elementor-element-0715e85 elementor-widget elementor-widget-qi_addons_for_elementor_image_gallery\" data-id=\"0715e85\" data-element_type=\"widget\" data-widget_type=\"qi_addons_for_elementor_image_gallery.default\">\n\t\t\t\t<div class=\"elementor-widget-container\">\n\t\t\t\t\t<div class=\"qodef-shortcode qodef-m qodef-qi-image-gallery qodef-qi-fslightbox-popup qodef-popup-gallery qodef-image--hover-zoom qodef-qi-grid qodef-layout--qi-columns qodef-col-num--3 qodef-responsive--predefined\">\n\t<div class=\"qodef-grid-inner\">\n\t\t<div class=\"qodef-e qodef-image-wrapper qodef-grid-item\">\n\t<div class=\"qodef-e-inner\">\n\t\t\t\t\t<a class=\"qodef-popup-item\" itemprop=\"image\" href=\"https:\/\/www.vinhosdoalgarve.pt\/wp-content\/uploads\/2024\/03\/Villa-Alvor-34252-06052020-IG.jpg\" data-type=\"image\" data-fslightbox=\"gallery-302\">\n\t\t\t\t\t<img loading=\"lazy\" decoding=\"async\" width=\"1080\" height=\"720\" src=\"https:\/\/www.vinhosdoalgarve.pt\/wp-content\/uploads\/2024\/03\/Villa-Alvor-34252-06052020-IG.jpg\" class=\"attachment-full size-full\" alt=\"\" srcset=\"https:\/\/www.vinhosdoalgarve.pt\/wp-content\/uploads\/2024\/03\/Villa-Alvor-34252-06052020-IG.jpg 1080w, https:\/\/www.vinhosdoalgarve.pt\/wp-content\/uploads\/2024\/03\/Villa-Alvor-34252-06052020-IG-300x200.jpg 300w, https:\/\/www.vinhosdoalgarve.pt\/wp-content\/uploads\/2024\/03\/Villa-Alvor-34252-06052020-IG-1024x683.jpg 1024w, https:\/\/www.vinhosdoalgarve.pt\/wp-content\/uploads\/2024\/03\/Villa-Alvor-34252-06052020-IG-768x512.jpg 768w\" sizes=\"(max-width: 1080px) 100vw, 1080px\" \/>\t\t\t\t\t<\/a>\n\t\t\t<\/div>\n<\/div>\n<div class=\"qodef-e qodef-image-wrapper qodef-grid-item\">\n\t<div class=\"qodef-e-inner\">\n\t\t\t\t\t<a class=\"qodef-popup-item\" itemprop=\"image\" href=\"https:\/\/www.vinhosdoalgarve.pt\/wp-content\/uploads\/2024\/03\/Aveleda-Villa-Alvor-2023_079-01-scaled.jpg\" data-type=\"image\" data-fslightbox=\"gallery-302\">\n\t\t\t\t\t<img loading=\"lazy\" decoding=\"async\" width=\"2560\" height=\"1707\" src=\"https:\/\/www.vinhosdoalgarve.pt\/wp-content\/uploads\/2024\/03\/Aveleda-Villa-Alvor-2023_079-01-scaled.jpg\" class=\"attachment-full size-full\" alt=\"\" srcset=\"https:\/\/www.vinhosdoalgarve.pt\/wp-content\/uploads\/2024\/03\/Aveleda-Villa-Alvor-2023_079-01-scaled.jpg 2560w, https:\/\/www.vinhosdoalgarve.pt\/wp-content\/uploads\/2024\/03\/Aveleda-Villa-Alvor-2023_079-01-300x200.jpg 300w, https:\/\/www.vinhosdoalgarve.pt\/wp-content\/uploads\/2024\/03\/Aveleda-Villa-Alvor-2023_079-01-1024x683.jpg 1024w, https:\/\/www.vinhosdoalgarve.pt\/wp-content\/uploads\/2024\/03\/Aveleda-Villa-Alvor-2023_079-01-768x512.jpg 768w, https:\/\/www.vinhosdoalgarve.pt\/wp-content\/uploads\/2024\/03\/Aveleda-Villa-Alvor-2023_079-01-1536x1024.jpg 1536w, https:\/\/www.vinhosdoalgarve.pt\/wp-content\/uploads\/2024\/03\/Aveleda-Villa-Alvor-2023_079-01-2048x1365.jpg 2048w\" sizes=\"(max-width: 2560px) 100vw, 2560px\" \/>\t\t\t\t\t<\/a>\n\t\t\t<\/div>\n<\/div>\n<div class=\"qodef-e qodef-image-wrapper qodef-grid-item\">\n\t<div class=\"qodef-e-inner\">\n\t\t\t\t\t<a class=\"qodef-popup-item\" itemprop=\"image\" href=\"https:\/\/www.vinhosdoalgarve.pt\/wp-content\/uploads\/2024\/03\/Fortaleza-S-Catarina_Marina-01-scaled.jpg\" data-type=\"image\" data-fslightbox=\"gallery-302\">\n\t\t\t\t\t<img loading=\"lazy\" decoding=\"async\" width=\"2560\" height=\"1707\" src=\"https:\/\/www.vinhosdoalgarve.pt\/wp-content\/uploads\/2024\/03\/Fortaleza-S-Catarina_Marina-01-scaled.jpg\" class=\"attachment-full size-full\" alt=\"\" srcset=\"https:\/\/www.vinhosdoalgarve.pt\/wp-content\/uploads\/2024\/03\/Fortaleza-S-Catarina_Marina-01-scaled.jpg 2560w, https:\/\/www.vinhosdoalgarve.pt\/wp-content\/uploads\/2024\/03\/Fortaleza-S-Catarina_Marina-01-300x200.jpg 300w, https:\/\/www.vinhosdoalgarve.pt\/wp-content\/uploads\/2024\/03\/Fortaleza-S-Catarina_Marina-01-1024x683.jpg 1024w, https:\/\/www.vinhosdoalgarve.pt\/wp-content\/uploads\/2024\/03\/Fortaleza-S-Catarina_Marina-01-768x512.jpg 768w, https:\/\/www.vinhosdoalgarve.pt\/wp-content\/uploads\/2024\/03\/Fortaleza-S-Catarina_Marina-01-1536x1024.jpg 1536w, https:\/\/www.vinhosdoalgarve.pt\/wp-content\/uploads\/2024\/03\/Fortaleza-S-Catarina_Marina-01-2048x1365.jpg 2048w\" sizes=\"(max-width: 2560px) 100vw, 2560px\" \/>\t\t\t\t\t<\/a>\n\t\t\t<\/div>\n<\/div>\n\t<\/div>\n<\/div>\n\t\t\t\t<\/div>\n\t\t\t\t<\/div>\n\t\t\t\t\t<\/div>\n\t\t\t\t<\/div>\n\t\t<div class=\"elementor-element elementor-element-8295a5e e-flex e-con-boxed e-con e-parent\" data-id=\"8295a5e\" data-element_type=\"container\">\n\t\t\t\t\t<div class=\"e-con-inner\">\n\t\t<div class=\"elementor-element elementor-element-3c9ef64 e-con-full e-flex e-con e-child\" data-id=\"3c9ef64\" data-element_type=\"container\">\n\t\t\t\t<div class=\"elementor-element elementor-element-6a4fde5 elementor-widget elementor-widget-qi_addons_for_elementor_section_title\" data-id=\"6a4fde5\" data-element_type=\"widget\" data-widget_type=\"qi_addons_for_elementor_section_title.default\">\n\t\t\t\t<div class=\"elementor-widget-container\">\n\t\t\t\t\t<div class=\"qodef-shortcode qodef-m qodef-qi-section-title qodef-decoration--italic qodef-link--underline-draw qodef-subtitle-icon--left\">\n\t\t\t\t<h5 class=\"qodef-m-subtitle\">\n\t\tDO\t\t\t<\/h5>\n\t\t\t<h2 class=\"qodef-m-title\">\n\t\tLagoa\t<\/h2>\n\t\t\t<\/div>\n\t\t\t\t<\/div>\n\t\t\t\t<\/div>\n\t\t\t\t<\/div>\n\t\t<div class=\"elementor-element elementor-element-afa7b62 e-con-full e-flex e-con e-child\" data-id=\"afa7b62\" data-element_type=\"container\">\n\t\t\t\t<div class=\"elementor-element elementor-element-ff5c904 elementor-widget elementor-widget-text-editor\" data-id=\"ff5c904\" data-element_type=\"widget\" data-widget_type=\"text-editor.default\">\n\t\t\t\t<div class=\"elementor-widget-container\">\n\t\t\t\t\t\t\t\t\t<p><span data-contrast=\"auto\">Cr\u00e9\u00e9e en 1983, cette D\u00e9nomination d&rsquo;Origine Contr\u00f4l\u00e9e est situ\u00e9e dans l&rsquo;ouest de l&rsquo;Algarve. C&rsquo;est la plus ancienne de la r\u00e9gion d\u00e9limit\u00e9e, couvrant les municipalit\u00e9s d&rsquo;Albufeira, Lagoa, Loul\u00e9 (communes d&rsquo;Almancil, Boliqueime, Quarteira, S\u00e3o Clemente et S\u00e3o Sebasti\u00e3o et une partie des communes d&rsquo;Alte, Queren\u00e7a et Salir) et Silves, (les communes d&rsquo;Alcantarilha, Arma\u00e7\u00e3o de P\u00eara et une partie des communes de S\u00e3o Bartolomeu de Messines et Silves).<\/span><span data-ccp-props=\"{&quot;201341983&quot;:0,&quot;335559685&quot;:-20,&quot;335559737&quot;:-20,&quot;335559739&quot;:160,&quot;335559740&quot;:257}\">\u00a0<\/span><\/p><p><span data-contrast=\"auto\">Gr\u00e2ce \u00e0 la protection offerte par la montagne de Monchique, on cr\u00e9e une zone de pente moins soumise \u00e0 l&rsquo;influence maritime et aux vents dominants du nord. Les sols sont principalement constitu\u00e9s de gr\u00e8s jaunes ou de gr\u00e8s rouge m\u00e9diterran\u00e9en.<\/span><span data-ccp-props=\"{&quot;201341983&quot;:0,&quot;335559685&quot;:-20,&quot;335559737&quot;:-20,&quot;335559739&quot;:160,&quot;335559740&quot;:257}\">\u00a0<\/span><\/p><p><span data-contrast=\"auto\">Les vignobles de cette r\u00e9gion b\u00e9n\u00e9ficient ainsi d&rsquo;un climat chaud, sec et peu venteux, avec des \u00e9carts de temp\u00e9rature tr\u00e8s faibles et plus de 3000 heures d&rsquo;ensoleillement par an.<\/span><span data-ccp-props=\"{&quot;201341983&quot;:0,&quot;335559685&quot;:-20,&quot;335559737&quot;:-20,&quot;335559739&quot;:160,&quot;335559740&quot;:257}\">\u00a0<\/span><\/p><p><span style=\"text-decoration: underline;\"><em><strong><span class=\"TextRun SCXW186679342 BCX0\" lang=\"FR-FR\" xml:lang=\"FR-FR\" data-contrast=\"auto\"><span class=\"NormalTextRun SCXW186679342 BCX0\">C\u00e9pages recommand\u00e9s<\/span><\/span><span class=\"EOP SCXW186679342 BCX0\" data-ccp-props=\"{&quot;201341983&quot;:0,&quot;335559685&quot;:-20,&quot;335559737&quot;:-20,&quot;335559739&quot;:160,&quot;335559740&quot;:257}\">\u00a0<\/span><\/strong><\/em><\/span><\/p><p><strong><span class=\"TextRun SCXW229547079 BCX0\" lang=\"FR-FR\" xml:lang=\"FR-FR\" data-contrast=\"auto\"><span class=\"NormalTextRun SCXW229547079 BCX0\">Rouges<\/span><\/span><span class=\"EOP SCXW229547079 BCX0\" data-ccp-props=\"{&quot;201341983&quot;:0,&quot;335559685&quot;:-20,&quot;335559737&quot;:-20,&quot;335559739&quot;:160,&quot;335559740&quot;:257}\">\u00a0<\/span><\/strong><\/p><ul><li style=\"list-style-type: none;\"><ul><li><span style=\"text-decoration: underline;\"><span class=\"TextRun SCXW67179517 BCX0\" lang=\"FR-FR\" xml:lang=\"FR-FR\" data-contrast=\"auto\"><span class=\"NormalTextRun SCXW67179517 BCX0\">C\u00e9pages autochtones :<\/span><\/span><\/span> Negra Mole*<\/li><li><span style=\"text-decoration: underline;\"><span class=\"TextRun SCXW165118141 BCX0\" lang=\"FR-FR\" xml:lang=\"FR-FR\" data-contrast=\"auto\"><span class=\"NormalTextRun SCXW165118141 BCX0\">C\u00e9pages traditionnels :<\/span><\/span><\/span> Trincadeira*<\/li><li><span style=\"text-decoration: underline;\"><span class=\"TextRun SCXW4249539 BCX0\" lang=\"FR-FR\" xml:lang=\"FR-FR\" data-contrast=\"auto\"><span class=\"NormalTextRun SCXW4249539 BCX0\">C\u00e9pages nationaux :<\/span><\/span><\/span> Castel\u00e3o, Monvedro, Moreto, Touriga Franca e Touriga Nacional<\/li><li><span style=\"text-decoration: underline;\"><span class=\"TextRun SCXW2915576 BCX0\" lang=\"FR-FR\" xml:lang=\"FR-FR\" data-contrast=\"auto\"><span class=\"NormalTextRun SCXW2915576 BCX0\">C\u00e9pages internationaux :<\/span><\/span><\/span> Alicante Bouschet, Aragonez, Cabernet Sauvignon e Syrah<\/li><\/ul><\/li><\/ul><p><strong><span class=\"TextRun SCXW245721667 BCX0\" lang=\"FR-FR\" xml:lang=\"FR-FR\" data-contrast=\"auto\"><span class=\"NormalTextRun SCXW245721667 BCX0\">Blancs<\/span><\/span><\/strong><span class=\"EOP SCXW245721667 BCX0\" data-ccp-props=\"{&quot;201341983&quot;:0,&quot;335559685&quot;:-20,&quot;335559737&quot;:-20,&quot;335559739&quot;:160,&quot;335559740&quot;:257}\">\u00a0<\/span><\/p><ul><li style=\"list-style-type: none;\"><ul><li><span style=\"text-decoration: underline;\"><span class=\"TextRun SCXW165118141 BCX0\" lang=\"FR-FR\" xml:lang=\"FR-FR\" data-contrast=\"auto\"><span class=\"NormalTextRun SCXW165118141 BCX0\">C\u00e9pages traditionnels :<\/span><\/span><\/span> S\u00edria* (Crato Branco) e Arinto*<\/li><li><span style=\"text-decoration: underline;\"><span class=\"TextRun SCXW4249539 BCX0\" lang=\"FR-FR\" xml:lang=\"FR-FR\" data-contrast=\"auto\"><span class=\"NormalTextRun SCXW4249539 BCX0\">C\u00e9pages nationaux :<\/span><\/span><\/span> Mante\u00fado, Moscatel Gra\u00fado, Perrum e Rabo-de-Ovelha<\/li><li><span style=\"text-decoration: underline;\"><span class=\"TextRun SCXW106568503 BCX0\" lang=\"FR-FR\" xml:lang=\"FR-FR\" data-contrast=\"auto\"><span class=\"NormalTextRun SCXW106568503 BCX0\">C\u00e9pages internationaux :<\/span><\/span><\/span> Sauvignon<\/li><\/ul><\/li><\/ul><p><em><span class=\"TextRun SCXW39363081 BCX0\" lang=\"FR-FR\" xml:lang=\"FR-FR\" data-contrast=\"auto\"><span class=\"NormalTextRun SCXW39363081 BCX0\">*avec un minimum de 70 % d&rsquo;enc\u00e9pagement dans son ensemble ou s\u00e9par\u00e9ment ;<\/span><\/span><span class=\"EOP SCXW39363081 BCX0\" data-ccp-props=\"{&quot;201341983&quot;:0,&quot;335559685&quot;:-20,&quot;335559737&quot;:-20,&quot;335559739&quot;:160,&quot;335559740&quot;:257}\">\u00a0<\/span><\/em><\/p>\t\t\t\t\t\t\t\t<\/div>\n\t\t\t\t<\/div>\n\t\t\t\t<\/div>\n\t\t\t\t\t<\/div>\n\t\t\t\t<\/div>\n\t\t<div class=\"elementor-element elementor-element-6729662 e-flex e-con-boxed e-con e-parent\" data-id=\"6729662\" data-element_type=\"container\">\n\t\t\t\t\t<div class=\"e-con-inner\">\n\t\t\t\t<div class=\"elementor-element elementor-element-5bf8cd9 elementor-widget elementor-widget-qi_addons_for_elementor_image_gallery\" data-id=\"5bf8cd9\" data-element_type=\"widget\" data-widget_type=\"qi_addons_for_elementor_image_gallery.default\">\n\t\t\t\t<div class=\"elementor-widget-container\">\n\t\t\t\t\t<div class=\"qodef-shortcode qodef-m qodef-qi-image-gallery qodef-qi-fslightbox-popup qodef-popup-gallery qodef-image--hover-zoom qodef-qi-grid qodef-layout--qi-columns qodef-col-num--3 qodef-responsive--predefined\">\n\t<div class=\"qodef-grid-inner\">\n\t\t<div class=\"qodef-e qodef-image-wrapper qodef-grid-item\">\n\t<div class=\"qodef-e-inner\">\n\t\t\t\t\t<a class=\"qodef-popup-item\" itemprop=\"image\" href=\"https:\/\/www.vinhosdoalgarve.pt\/wp-content\/uploads\/2024\/01\/18A1268-scaled.jpg\" data-type=\"image\" data-fslightbox=\"gallery-29\">\n\t\t\t\t\t<img loading=\"lazy\" decoding=\"async\" width=\"2560\" height=\"1707\" src=\"https:\/\/www.vinhosdoalgarve.pt\/wp-content\/uploads\/2024\/01\/18A1268-scaled.jpg\" class=\"attachment-full size-full\" alt=\"\" srcset=\"https:\/\/www.vinhosdoalgarve.pt\/wp-content\/uploads\/2024\/01\/18A1268-scaled.jpg 2560w, https:\/\/www.vinhosdoalgarve.pt\/wp-content\/uploads\/2024\/01\/18A1268-300x200.jpg 300w, https:\/\/www.vinhosdoalgarve.pt\/wp-content\/uploads\/2024\/01\/18A1268-1024x683.jpg 1024w, https:\/\/www.vinhosdoalgarve.pt\/wp-content\/uploads\/2024\/01\/18A1268-768x512.jpg 768w, https:\/\/www.vinhosdoalgarve.pt\/wp-content\/uploads\/2024\/01\/18A1268-1536x1024.jpg 1536w, https:\/\/www.vinhosdoalgarve.pt\/wp-content\/uploads\/2024\/01\/18A1268-2048x1365.jpg 2048w\" sizes=\"(max-width: 2560px) 100vw, 2560px\" \/>\t\t\t\t\t<\/a>\n\t\t\t<\/div>\n<\/div>\n<div class=\"qodef-e qodef-image-wrapper qodef-grid-item\">\n\t<div class=\"qodef-e-inner\">\n\t\t\t\t\t<a class=\"qodef-popup-item\" itemprop=\"image\" href=\"https:\/\/www.vinhosdoalgarve.pt\/wp-content\/uploads\/2024\/03\/18A1407-scaled-1.jpg\" data-type=\"image\" data-fslightbox=\"gallery-29\">\n\t\t\t\t\t<img loading=\"lazy\" decoding=\"async\" width=\"2560\" height=\"1707\" src=\"https:\/\/www.vinhosdoalgarve.pt\/wp-content\/uploads\/2024\/03\/18A1407-scaled-1.jpg\" class=\"attachment-full size-full\" alt=\"\" srcset=\"https:\/\/www.vinhosdoalgarve.pt\/wp-content\/uploads\/2024\/03\/18A1407-scaled-1.jpg 2560w, https:\/\/www.vinhosdoalgarve.pt\/wp-content\/uploads\/2024\/03\/18A1407-scaled-1-300x200.jpg 300w, https:\/\/www.vinhosdoalgarve.pt\/wp-content\/uploads\/2024\/03\/18A1407-scaled-1-1024x683.jpg 1024w, https:\/\/www.vinhosdoalgarve.pt\/wp-content\/uploads\/2024\/03\/18A1407-scaled-1-768x512.jpg 768w, https:\/\/www.vinhosdoalgarve.pt\/wp-content\/uploads\/2024\/03\/18A1407-scaled-1-1536x1024.jpg 1536w, https:\/\/www.vinhosdoalgarve.pt\/wp-content\/uploads\/2024\/03\/18A1407-scaled-1-2048x1366.jpg 2048w\" sizes=\"(max-width: 2560px) 100vw, 2560px\" \/>\t\t\t\t\t<\/a>\n\t\t\t<\/div>\n<\/div>\n<div class=\"qodef-e qodef-image-wrapper qodef-grid-item\">\n\t<div class=\"qodef-e-inner\">\n\t\t\t\t\t<a class=\"qodef-popup-item\" itemprop=\"image\" href=\"https:\/\/www.vinhosdoalgarve.pt\/wp-content\/uploads\/2024\/03\/CVA-Malaca-48-ig.jpg\" data-type=\"image\" data-fslightbox=\"gallery-29\">\n\t\t\t\t\t<img loading=\"lazy\" decoding=\"async\" width=\"1080\" height=\"720\" src=\"https:\/\/www.vinhosdoalgarve.pt\/wp-content\/uploads\/2024\/03\/CVA-Malaca-48-ig.jpg\" class=\"attachment-full size-full\" alt=\"\" srcset=\"https:\/\/www.vinhosdoalgarve.pt\/wp-content\/uploads\/2024\/03\/CVA-Malaca-48-ig.jpg 1080w, https:\/\/www.vinhosdoalgarve.pt\/wp-content\/uploads\/2024\/03\/CVA-Malaca-48-ig-300x200.jpg 300w, https:\/\/www.vinhosdoalgarve.pt\/wp-content\/uploads\/2024\/03\/CVA-Malaca-48-ig-1024x683.jpg 1024w, https:\/\/www.vinhosdoalgarve.pt\/wp-content\/uploads\/2024\/03\/CVA-Malaca-48-ig-768x512.jpg 768w\" sizes=\"(max-width: 1080px) 100vw, 1080px\" \/>\t\t\t\t\t<\/a>\n\t\t\t<\/div>\n<\/div>\n\t<\/div>\n<\/div>\n\t\t\t\t<\/div>\n\t\t\t\t<\/div>\n\t\t\t\t\t<\/div>\n\t\t\t\t<\/div>\n\t\t<div class=\"elementor-element elementor-element-234218a e-flex e-con-boxed e-con e-parent\" data-id=\"234218a\" data-element_type=\"container\">\n\t\t\t\t\t<div class=\"e-con-inner\">\n\t\t<div class=\"elementor-element elementor-element-f083191 e-con-full e-flex e-con e-child\" data-id=\"f083191\" data-element_type=\"container\">\n\t\t\t\t<div class=\"elementor-element elementor-element-fca4549 elementor-widget elementor-widget-qi_addons_for_elementor_section_title\" data-id=\"fca4549\" data-element_type=\"widget\" data-widget_type=\"qi_addons_for_elementor_section_title.default\">\n\t\t\t\t<div class=\"elementor-widget-container\">\n\t\t\t\t\t<div class=\"qodef-shortcode qodef-m qodef-qi-section-title qodef-decoration--italic qodef-link--underline-draw qodef-subtitle-icon--left\">\n\t\t\t\t<h5 class=\"qodef-m-subtitle\">\n\t\tDO\t\t\t<\/h5>\n\t\t\t<h2 class=\"qodef-m-title\">\n\t\tTavira\t<\/h2>\n\t\t\t<\/div>\n\t\t\t\t<\/div>\n\t\t\t\t<\/div>\n\t\t\t\t<\/div>\n\t\t<div class=\"elementor-element elementor-element-b3d2a4c e-con-full e-flex e-con e-child\" data-id=\"b3d2a4c\" data-element_type=\"container\">\n\t\t\t\t<div class=\"elementor-element elementor-element-b7d7fd1 elementor-widget elementor-widget-text-editor\" data-id=\"b7d7fd1\" data-element_type=\"widget\" data-widget_type=\"text-editor.default\">\n\t\t\t\t<div class=\"elementor-widget-container\">\n\t\t\t\t\t\t\t\t\t<p><span data-contrast=\"auto\">Il s&rsquo;agit de la D\u00e9nomination d&rsquo;Origine Contr\u00f4l\u00e9e la plus r\u00e9cente de la r\u00e9gion, cr\u00e9\u00e9e en 2001. Situ\u00e9e \u00e0 l&rsquo;est de l&rsquo;Algarve, elle couvre les municipalit\u00e9s de Faro, Olh\u00e3o, S\u00e3o Br\u00e1s de Alportel (partie de la commune du m\u00eame nom), Castro Marim (partie de la commune du m\u00eame nom), Tavira (les communes de Luz et Santiago et une partie des communes de Concei\u00e7\u00e3o, Santa Catarina, Santa Marta et Santo Est\u00eav\u00e3o) et Vila Real de Santo Ant\u00f3nio (la commune de Vila Nova da Cacela).<\/span><span data-ccp-props=\"{&quot;201341983&quot;:0,&quot;335559685&quot;:-20,&quot;335559737&quot;:-20,&quot;335559739&quot;:160,&quot;335559740&quot;:257}\">\u00a0<\/span><\/p><p><span data-contrast=\"auto\">Avec des sols plus sablonneux et un relief non accentu\u00e9, la r\u00e9gion est \u00e0 l&rsquo;abri des vents, ce qui contribue \u00e0 un climat moins pluvieux et moins venteux, avec une amplitude thermique plus faible.<\/span><span data-ccp-props=\"{&quot;201341983&quot;:0,&quot;335559685&quot;:-20,&quot;335559737&quot;:-20,&quot;335559739&quot;:160,&quot;335559740&quot;:257}\">\u00a0<\/span><\/p><p><span data-contrast=\"auto\">Les vignes sont plant\u00e9es sur des sols majoritairement sablonneux, \u00e0 des altitudes relativement basses, sans relief accentu\u00e9.<\/span><span data-ccp-props=\"{&quot;201341983&quot;:0,&quot;335559685&quot;:-20,&quot;335559737&quot;:-20,&quot;335559739&quot;:160,&quot;335559740&quot;:257}\">\u00a0<\/span><\/p><p><strong><span style=\"text-decoration: underline;\"><em><span class=\"TextRun SCXW235884456 BCX0\" lang=\"FR-FR\" xml:lang=\"FR-FR\" data-contrast=\"auto\"><span class=\"NormalTextRun SCXW235884456 BCX0\">C\u00e9pages recommand\u00e9s<\/span><\/span><\/em><\/span><\/strong><span class=\"EOP SCXW235884456 BCX0\" data-ccp-props=\"{&quot;201341983&quot;:0,&quot;335559685&quot;:-20,&quot;335559737&quot;:-20,&quot;335559739&quot;:160,&quot;335559740&quot;:257}\">\u00a0<\/span><\/p><p><strong><span class=\"TextRun SCXW87419309 BCX0\" lang=\"FR-FR\" xml:lang=\"FR-FR\" data-contrast=\"auto\"><span class=\"NormalTextRun SCXW87419309 BCX0\">Rouges<\/span><\/span><span class=\"EOP SCXW87419309 BCX0\" data-ccp-props=\"{&quot;201341983&quot;:0,&quot;335559685&quot;:-20,&quot;335559737&quot;:-20,&quot;335559739&quot;:160,&quot;335559740&quot;:257}\">\u00a0<\/span><\/strong><\/p><ul><li style=\"list-style-type: none;\"><ul><li><span style=\"text-decoration: underline;\"><span class=\"TextRun SCXW126401888 BCX0\" lang=\"FR-FR\" xml:lang=\"FR-FR\" data-contrast=\"auto\"><span class=\"NormalTextRun SCXW126401888 BCX0\">C\u00e9pages autochtones : <\/span><\/span><\/span> Negra Mole*,<\/li><li><span style=\"text-decoration: underline;\"><span class=\"TextRun SCXW76151067 BCX0\" lang=\"FR-FR\" xml:lang=\"FR-FR\" data-contrast=\"auto\"><span class=\"NormalTextRun SCXW76151067 BCX0\">C\u00e9pages traditionnels :<\/span><\/span><\/span> Castel\u00e3o* e Trincadeira*<\/li><li><span style=\"text-decoration: underline;\"><span class=\"TextRun SCXW198788803 BCX0\" lang=\"FR-FR\" xml:lang=\"FR-FR\" data-contrast=\"auto\"><span class=\"NormalTextRun SCXW198788803 BCX0\">C\u00e9pages nationaux :<\/span><\/span><\/span> Touriga Nacional<\/li><li><span style=\"text-decoration: underline;\"><span class=\"TextRun SCXW6820210 BCX0\" lang=\"FR-FR\" xml:lang=\"FR-FR\" data-contrast=\"auto\"><span class=\"NormalTextRun SCXW6820210 BCX0\">C\u00e9pages internationaux :<\/span><\/span><\/span> Alicante Bouschet, Aragonez, Cabernet Sauvignon e Syrah<\/li><\/ul><\/li><\/ul><p><strong><span class=\"TextRun SCXW33398664 BCX0\" lang=\"FR-FR\" xml:lang=\"FR-FR\" data-contrast=\"auto\"><span class=\"NormalTextRun SCXW33398664 BCX0\">Blancs<\/span><\/span><span class=\"EOP SCXW33398664 BCX0\" data-ccp-props=\"{&quot;201341983&quot;:0,&quot;335559685&quot;:-20,&quot;335559737&quot;:-20,&quot;335559739&quot;:160,&quot;335559740&quot;:257}\">\u00a0<\/span><\/strong><\/p><ul><li style=\"list-style-type: none;\"><ul><li><span style=\"text-decoration: underline;\"><span class=\"TextRun SCXW167453820 BCX0\" lang=\"FR-FR\" xml:lang=\"FR-FR\" data-contrast=\"auto\"><span class=\"NormalTextRun SCXW167453820 BCX0\">C\u00e9pages traditionnels :<\/span><\/span><\/span> S\u00edria* (Crato Branco), Arinto* e Moscatel-Gra\u00fado<\/li><li><span style=\"text-decoration: underline;\"><span class=\"TextRun SCXW49877712 BCX0\" lang=\"FR-FR\" xml:lang=\"FR-FR\" data-contrast=\"auto\"><span class=\"NormalTextRun SCXW49877712 BCX0\">C\u00e9pages nationaux :<\/span><\/span><\/span> Diagalves, Mante\u00fado e Tamarez.<\/li><\/ul><\/li><\/ul><p><em><span class=\"TextRun SCXW170209964 BCX0\" lang=\"FR-FR\" xml:lang=\"FR-FR\" data-contrast=\"auto\"><span class=\"NormalTextRun SCXW170209964 BCX0\">*avec un minimum de 70 % d&rsquo;enc\u00e9pagement dans son ensemble ou s\u00e9par\u00e9ment ;<\/span><\/span><span class=\"EOP SCXW170209964 BCX0\" data-ccp-props=\"{&quot;201341983&quot;:0,&quot;335559685&quot;:-20,&quot;335559737&quot;:-20,&quot;335559739&quot;:160,&quot;335559740&quot;:257}\">\u00a0<\/span><\/em><\/p>\t\t\t\t\t\t\t\t<\/div>\n\t\t\t\t<\/div>\n\t\t\t\t<\/div>\n\t\t\t\t\t<\/div>\n\t\t\t\t<\/div>\n\t\t<div class=\"elementor-element elementor-element-703d6ae e-flex e-con-boxed e-con e-parent\" data-id=\"703d6ae\" data-element_type=\"container\">\n\t\t\t\t\t<div class=\"e-con-inner\">\n\t\t\t\t<div class=\"elementor-element elementor-element-26ce451 elementor-widget elementor-widget-qi_addons_for_elementor_image_gallery\" data-id=\"26ce451\" data-element_type=\"widget\" data-widget_type=\"qi_addons_for_elementor_image_gallery.default\">\n\t\t\t\t<div class=\"elementor-widget-container\">\n\t\t\t\t\t<div class=\"qodef-shortcode qodef-m qodef-qi-image-gallery qodef-qi-fslightbox-popup qodef-popup-gallery qodef-image--hover-zoom qodef-qi-grid qodef-layout--qi-columns qodef-col-num--3 qodef-responsive--predefined\">\n\t<div class=\"qodef-grid-inner\">\n\t\t<div class=\"qodef-e qodef-image-wrapper qodef-grid-item\">\n\t<div class=\"qodef-e-inner\">\n\t\t\t\t\t<a class=\"qodef-popup-item\" itemprop=\"image\" href=\"https:\/\/www.vinhosdoalgarve.pt\/wp-content\/uploads\/2024\/03\/ARTEMIS-Monte-da-Ria-19-scaled-1.jpg\" data-type=\"image\" data-fslightbox=\"gallery-361\">\n\t\t\t\t\t<img loading=\"lazy\" decoding=\"async\" width=\"2560\" height=\"1705\" src=\"https:\/\/www.vinhosdoalgarve.pt\/wp-content\/uploads\/2024\/03\/ARTEMIS-Monte-da-Ria-19-scaled-1.jpg\" class=\"attachment-full size-full\" alt=\"\" srcset=\"https:\/\/www.vinhosdoalgarve.pt\/wp-content\/uploads\/2024\/03\/ARTEMIS-Monte-da-Ria-19-scaled-1.jpg 2560w, https:\/\/www.vinhosdoalgarve.pt\/wp-content\/uploads\/2024\/03\/ARTEMIS-Monte-da-Ria-19-scaled-1-300x200.jpg 300w, https:\/\/www.vinhosdoalgarve.pt\/wp-content\/uploads\/2024\/03\/ARTEMIS-Monte-da-Ria-19-scaled-1-1024x682.jpg 1024w, https:\/\/www.vinhosdoalgarve.pt\/wp-content\/uploads\/2024\/03\/ARTEMIS-Monte-da-Ria-19-scaled-1-768x512.jpg 768w, https:\/\/www.vinhosdoalgarve.pt\/wp-content\/uploads\/2024\/03\/ARTEMIS-Monte-da-Ria-19-scaled-1-1536x1023.jpg 1536w, https:\/\/www.vinhosdoalgarve.pt\/wp-content\/uploads\/2024\/03\/ARTEMIS-Monte-da-Ria-19-scaled-1-2048x1364.jpg 2048w\" sizes=\"(max-width: 2560px) 100vw, 2560px\" \/>\t\t\t\t\t<\/a>\n\t\t\t<\/div>\n<\/div>\n<div class=\"qodef-e qodef-image-wrapper qodef-grid-item\">\n\t<div class=\"qodef-e-inner\">\n\t\t\t\t\t<a class=\"qodef-popup-item\" itemprop=\"image\" href=\"https:\/\/www.vinhosdoalgarve.pt\/wp-content\/uploads\/2024\/03\/ARTEMIS-Monte-da-Ria-2023_078-01-scaled.jpg\" data-type=\"image\" data-fslightbox=\"gallery-361\">\n\t\t\t\t\t<img loading=\"lazy\" decoding=\"async\" width=\"2560\" height=\"1707\" src=\"https:\/\/www.vinhosdoalgarve.pt\/wp-content\/uploads\/2024\/03\/ARTEMIS-Monte-da-Ria-2023_078-01-scaled.jpg\" class=\"attachment-full size-full\" alt=\"\" srcset=\"https:\/\/www.vinhosdoalgarve.pt\/wp-content\/uploads\/2024\/03\/ARTEMIS-Monte-da-Ria-2023_078-01-scaled.jpg 2560w, https:\/\/www.vinhosdoalgarve.pt\/wp-content\/uploads\/2024\/03\/ARTEMIS-Monte-da-Ria-2023_078-01-300x200.jpg 300w, https:\/\/www.vinhosdoalgarve.pt\/wp-content\/uploads\/2024\/03\/ARTEMIS-Monte-da-Ria-2023_078-01-1024x683.jpg 1024w, https:\/\/www.vinhosdoalgarve.pt\/wp-content\/uploads\/2024\/03\/ARTEMIS-Monte-da-Ria-2023_078-01-768x512.jpg 768w, https:\/\/www.vinhosdoalgarve.pt\/wp-content\/uploads\/2024\/03\/ARTEMIS-Monte-da-Ria-2023_078-01-1536x1024.jpg 1536w, https:\/\/www.vinhosdoalgarve.pt\/wp-content\/uploads\/2024\/03\/ARTEMIS-Monte-da-Ria-2023_078-01-2048x1365.jpg 2048w\" sizes=\"(max-width: 2560px) 100vw, 2560px\" \/>\t\t\t\t\t<\/a>\n\t\t\t<\/div>\n<\/div>\n<div class=\"qodef-e qodef-image-wrapper qodef-grid-item\">\n\t<div class=\"qodef-e-inner\">\n\t\t\t\t\t<a class=\"qodef-popup-item\" itemprop=\"image\" href=\"https:\/\/www.vinhosdoalgarve.pt\/wp-content\/uploads\/2024\/03\/Igreja-S-Maria-do-Castelo-01-scaled.jpg\" data-type=\"image\" data-fslightbox=\"gallery-361\">\n\t\t\t\t\t<img loading=\"lazy\" decoding=\"async\" width=\"2560\" height=\"1707\" src=\"https:\/\/www.vinhosdoalgarve.pt\/wp-content\/uploads\/2024\/03\/Igreja-S-Maria-do-Castelo-01-scaled.jpg\" class=\"attachment-full size-full\" alt=\"\" srcset=\"https:\/\/www.vinhosdoalgarve.pt\/wp-content\/uploads\/2024\/03\/Igreja-S-Maria-do-Castelo-01-scaled.jpg 2560w, https:\/\/www.vinhosdoalgarve.pt\/wp-content\/uploads\/2024\/03\/Igreja-S-Maria-do-Castelo-01-300x200.jpg 300w, https:\/\/www.vinhosdoalgarve.pt\/wp-content\/uploads\/2024\/03\/Igreja-S-Maria-do-Castelo-01-1024x683.jpg 1024w, https:\/\/www.vinhosdoalgarve.pt\/wp-content\/uploads\/2024\/03\/Igreja-S-Maria-do-Castelo-01-768x512.jpg 768w, https:\/\/www.vinhosdoalgarve.pt\/wp-content\/uploads\/2024\/03\/Igreja-S-Maria-do-Castelo-01-1536x1024.jpg 1536w, https:\/\/www.vinhosdoalgarve.pt\/wp-content\/uploads\/2024\/03\/Igreja-S-Maria-do-Castelo-01-2048x1365.jpg 2048w\" sizes=\"(max-width: 2560px) 100vw, 2560px\" \/>\t\t\t\t\t<\/a>\n\t\t\t<\/div>\n<\/div>\n\t<\/div>\n<\/div>\n\t\t\t\t<\/div>\n\t\t\t\t<\/div>\n\t\t\t\t\t<\/div>\n\t\t\t\t<\/div>\n\t\t<div class=\"elementor-element elementor-element-74e2440 e-flex e-con-boxed e-con e-parent\" data-id=\"74e2440\" data-element_type=\"container\">\n\t\t\t\t\t<div class=\"e-con-inner\">\n\t\t<div class=\"elementor-element elementor-element-e1d4f9b e-con-full e-flex e-con e-child\" data-id=\"e1d4f9b\" data-element_type=\"container\">\n\t\t\t\t<div class=\"elementor-element elementor-element-a7fd21d elementor-widget elementor-widget-qi_addons_for_elementor_section_title\" data-id=\"a7fd21d\" data-element_type=\"widget\" data-widget_type=\"qi_addons_for_elementor_section_title.default\">\n\t\t\t\t<div class=\"elementor-widget-container\">\n\t\t\t\t\t<div class=\"qodef-shortcode qodef-m qodef-qi-section-title qodef-decoration--italic qodef-link--underline-draw qodef-subtitle-icon--left\">\n\t\t\t\t<h5 class=\"qodef-m-subtitle\">\n\t\tIG \t\t\t<\/h5>\n\t\t\t<h2 class=\"qodef-m-title\">\n\t\tAlgarve\t<\/h2>\n\t\t\t<\/div>\n\t\t\t\t<\/div>\n\t\t\t\t<\/div>\n\t\t\t\t<\/div>\n\t\t<div class=\"elementor-element elementor-element-7b232bd e-con-full e-flex e-con e-child\" data-id=\"7b232bd\" data-element_type=\"container\">\n\t\t\t\t<div class=\"elementor-element elementor-element-0761c60 elementor-widget elementor-widget-text-editor\" data-id=\"0761c60\" data-element_type=\"widget\" data-widget_type=\"text-editor.default\">\n\t\t\t\t<div class=\"elementor-widget-container\">\n\t\t\t\t\t\t\t\t\t<p><span class=\"TextRun SCXW135987061 BCX0\" lang=\"FR-FR\" xml:lang=\"FR-FR\" data-contrast=\"auto\"><span class=\"NormalTextRun SCXW135987061 BCX0\">En plus des D\u00e9nomination d&rsquo;Origine Contr\u00f4l\u00e9e, il existe l&rsquo;Indication G\u00e9ographique de l&rsquo;Algarve qui couvre l&rsquo;ensemble du territoire de l&rsquo;Algarve. Sur le plan g\u00e9ographique, la r\u00e9gion est d\u00e9limit\u00e9e au sud et \u00e0 l&rsquo;ouest par l&rsquo;oc\u00e9an Atlantique et au nord par un vaste syst\u00e8me montagneux compos\u00e9 de <strong>3 cha\u00eenes de montagnes\u202f<\/strong>:<\/span><\/span><span class=\"EOP SCXW135987061 BCX0\" data-ccp-props=\"{&quot;201341983&quot;:0,&quot;335559685&quot;:-20,&quot;335559737&quot;:-20,&quot;335559739&quot;:160,&quot;335559740&quot;:257}\">\u00a0<\/span><\/p><ul><li style=\"list-style-type: none;\"><ul><li><span class=\"TextRun SCXW182833 BCX0\" lang=\"FR-FR\" xml:lang=\"FR-FR\" data-contrast=\"auto\"><span class=\"NormalTextRun SCXW182833 BCX0\">Montagne de <\/span><span class=\"NormalTextRun SpellingErrorV2Themed SCXW182833 BCX0\">Caldeir\u00e3o<\/span><\/span><\/li><li><span class=\"TextRun SCXW206884105 BCX0\" lang=\"FR-FR\" xml:lang=\"FR-FR\" data-contrast=\"auto\"><span class=\"NormalTextRun SCXW206884105 BCX0\">Montagne de <\/span><span class=\"NormalTextRun SpellingErrorV2Themed SCXW206884105 BCX0\">Monchique<\/span><\/span><span class=\"EOP SCXW206884105 BCX0\" data-ccp-props=\"{&quot;201341983&quot;:0,&quot;335559685&quot;:-20,&quot;335559737&quot;:-20,&quot;335559739&quot;:160,&quot;335559740&quot;:257}\">\u00a0<\/span><\/li><li><span class=\"TextRun SCXW9868656 BCX0\" lang=\"FR-FR\" xml:lang=\"FR-FR\" data-contrast=\"auto\"><span class=\"NormalTextRun SCXW9868656 BCX0\">Montagne de Espinha\u00e7o do <\/span><span class=\"NormalTextRun SpellingErrorV2Themed SCXW9868656 BCX0\">C\u00e3o<\/span><\/span><span class=\"EOP SCXW9868656 BCX0\" data-ccp-props=\"{&quot;201341983&quot;:0,&quot;335559685&quot;:-20,&quot;335559737&quot;:-20,&quot;335559739&quot;:160,&quot;335559740&quot;:257}\">\u00a0<\/span><\/li><\/ul><\/li><\/ul><p><span data-contrast=\"auto\">Il s&rsquo;agit d&rsquo;une r\u00e9gion marqu\u00e9e par l&rsquo;influence atlantique et l&rsquo;existence de montagnes au nord. L&rsquo;Algarve b\u00e9n\u00e9ficie de plus de 3000 heures d&rsquo;ensoleillement par an, en particulier dans les mois pr\u00e9c\u00e9dant les vendanges, ce qui favorise la maturation des raisins. Les valeurs moyennes des pr\u00e9cipitations annuelles sont relativement faibles.<\/span><span data-ccp-props=\"{&quot;201341983&quot;:0,&quot;335559685&quot;:-20,&quot;335559737&quot;:-20,&quot;335559739&quot;:160,&quot;335559740&quot;:257}\">\u00a0<\/span><\/p><p><span data-contrast=\"auto\">Le relief et la localisation rendent son climat nettement m\u00e9diterran\u00e9en : chaud, sec et peu venteux.<\/span><span data-ccp-props=\"{&quot;201341983&quot;:0,&quot;335559685&quot;:-20,&quot;335559737&quot;:-20,&quot;335559739&quot;:160,&quot;335559740&quot;:257}\">\u00a0<\/span><\/p><p><span style=\"text-decoration: underline;\"><em><strong><span class=\"TextRun SCXW174408479 BCX0\" lang=\"FR-FR\" xml:lang=\"FR-FR\" data-contrast=\"auto\"><span class=\"NormalTextRun SCXW174408479 BCX0\">C\u00e9pages recommand\u00e9s<\/span><\/span><\/strong><\/em><\/span><span class=\"EOP SCXW174408479 BCX0\" data-ccp-props=\"{&quot;201341983&quot;:0,&quot;335559685&quot;:-20,&quot;335559737&quot;:-20,&quot;335559739&quot;:160,&quot;335559740&quot;:257}\">\u00a0<\/span><\/p><p><strong><span class=\"TextRun SCXW100073056 BCX0\" lang=\"FR-FR\" xml:lang=\"FR-FR\" data-contrast=\"auto\"><span class=\"NormalTextRun SCXW100073056 BCX0\">Rouges<\/span><\/span><\/strong><span class=\"EOP SCXW100073056 BCX0\" data-ccp-props=\"{&quot;201341983&quot;:0,&quot;335559685&quot;:-20,&quot;335559737&quot;:-20,&quot;335559739&quot;:160,&quot;335559740&quot;:257}\">\u00a0<\/span><\/p><ul><li style=\"list-style-type: none;\"><ul><li><span style=\"text-decoration: underline;\"><span class=\"TextRun SCXW255349553 BCX0\" lang=\"FR-FR\" xml:lang=\"FR-FR\" data-contrast=\"auto\"><span class=\"NormalTextRun SCXW255349553 BCX0\">C\u00e9pages autochtones : <\/span><\/span><\/span>Negra Mole<\/li><\/ul><\/li><li style=\"list-style-type: none;\"><ul><li><span style=\"text-decoration: underline;\"><span class=\"TextRun SCXW162170986 BCX0\" lang=\"FR-FR\" xml:lang=\"FR-FR\" data-contrast=\"auto\"><span class=\"NormalTextRun SCXW162170986 BCX0\">C\u00e9pages traditionnels :<\/span><\/span><\/span> Castel\u00e3o e Trincadeira<\/li><\/ul><\/li><li style=\"list-style-type: none;\"><ul><li><span style=\"text-decoration: underline;\"><span class=\"TextRun SCXW22208270 BCX0\" lang=\"FR-FR\" xml:lang=\"FR-FR\" data-contrast=\"auto\"><span class=\"NormalTextRun SCXW22208270 BCX0\">C\u00e9pages nationaux :<\/span><\/span><\/span> Alfrocheiro, Baga, Bastardo, Corropio, Mante\u00fado-Preto, Monvedro, Moreto, Moscatel-Galego-Tinto, Negra-Mole, Pexem, Tinta-Barroca, Tinta-Caiada, Tinta Carvalha, Tinta-Mi\u00fada, Tinto-C\u00e3o, Touriga-Franca, Touriga-Nacional e Vinh\u00e3o<\/li><\/ul><\/li><li style=\"list-style-type: none;\"><ul><li><span style=\"text-decoration: underline;\"><span class=\"TextRun SCXW141890623 BCX0\" lang=\"FR-FR\" xml:lang=\"FR-FR\" data-contrast=\"auto\"><span class=\"NormalTextRun SCXW141890623 BCX0\">C\u00e9pages internationaux :<\/span><\/span><\/span> Alicante Bouschet, Aragonez, Cabernet-Sauvignon, Caladoc, Carignan, Chambourcin, Cinsaut, Grand- Noir, Grenache, Merlot, Petit-Verdot, Pinot-Noir, Syrah (Shiraz), Tannat e Syrah<\/li><\/ul><\/li><\/ul><p><strong><span class=\"TextRun SCXW258671722 BCX0\" lang=\"FR-FR\" xml:lang=\"FR-FR\" data-contrast=\"auto\"><span class=\"NormalTextRun SCXW258671722 BCX0\">Blancs<\/span><\/span><span class=\"EOP SCXW258671722 BCX0\" data-ccp-props=\"{&quot;201341983&quot;:0,&quot;335559685&quot;:-20,&quot;335559737&quot;:-20,&quot;335559739&quot;:160,&quot;335559740&quot;:257}\">\u00a0<\/span><\/strong><\/p><ul><li style=\"list-style-type: none;\"><ul><li><span style=\"text-decoration: underline;\"><span class=\"TextRun SCXW82800252 BCX0\" lang=\"FR-FR\" xml:lang=\"FR-FR\" data-contrast=\"auto\"><span class=\"NormalTextRun SCXW82800252 BCX0\">C\u00e9pages traditionnels :<\/span><\/span><\/span> S\u00edria (Crato Branco), Arinto e Moscatel-Gra\u00fado<\/li><\/ul><\/li><li style=\"list-style-type: none;\"><ul><li><span style=\"text-decoration: underline;\"><span class=\"TextRun SCXW200199837 BCX0\" lang=\"FR-FR\" xml:lang=\"FR-FR\" data-contrast=\"auto\"><span class=\"NormalTextRun SCXW200199837 BCX0\">C\u00e9pages nationaux :<\/span><\/span><\/span> Alicante-Branco, Alvarinho, Ant\u00e3o-Vaz, Bical, C\u00f3dega do Larinho, Diagalves, Encruzado, Fern\u00e3o-Pires (Maria Gomes), Gouveio, Lari\u00e3o, Malvasia-Fina, Malvasia-Rei, Mante\u00fado, Moscatel-Gra\u00fado, Mourisco-Branco, Perrum, Rabigato, Rabo-de-Ovelha, Sercial, T\u00e1lia, Tamarez, Terrantez, Trincadeira-das-Pratas, Verdelho e Viosinho<\/li><\/ul><\/li><li style=\"list-style-type: none;\"><ul><li><span style=\"text-decoration: underline;\"><span class=\"TextRun SCXW187212671 BCX0\" lang=\"FR-FR\" xml:lang=\"FR-FR\" data-contrast=\"auto\"><span class=\"NormalTextRun SCXW187212671 BCX0\">C\u00e9pages internationaux : <\/span><\/span><\/span> Chardonnay, Chasselas, Chenin, Riesling, Sauvignon (Sauvignon Blanc), Semillon e Viognier<\/li><\/ul><\/li><\/ul>\t\t\t\t\t\t\t\t<\/div>\n\t\t\t\t<\/div>\n\t\t\t\t<\/div>\n\t\t\t\t\t<\/div>\n\t\t\t\t<\/div>\n\t\t\t\t<\/div>\n\t\t","protected":false},"excerpt":{"rendered":"<p>LA R\u00c9GION DE L&rsquo;ALGARVE Un Monde \u00e0 D\u00e9couvrir SITU\u00c9E \u00c0 L&rsquo;EXTR\u00caME OUEST DE L&rsquo;EUROPE, AU SUD DU PORTUGAL CONTINENTAL, LA R\u00c9GION DE L&rsquo;ALGARVE A UNE SURFACE TOTALE DE 4960 KM2\u00a0 Bord\u00e9e au nord par l&rsquo;Alentejo, \u00e0 l&rsquo;est par le fleuve Guadiana et au sud et \u00e0 l&rsquo;ouest par l&rsquo;oc\u00e9an Atlantique, elle poss\u00e8de une bande c\u00f4ti\u00e8re [&hellip;]<\/p>\n","protected":false},"author":1,"featured_media":0,"parent":0,"menu_order":1,"comment_status":"closed","ping_status":"closed","template":"page-full-width.php","meta":{"_acf_changed":false,"inline_featured_image":false,"footnotes":""},"class_list":["post-13434","page","type-page","status-publish","hentry"],"acf":[],"yoast_head":"<!-- This site is optimized with the Yoast SEO plugin v26.7 - https:\/\/yoast.com\/wordpress\/plugins\/seo\/ -->\n<title>La R\u00e9gion - Comiss\u00e3o de Vinhos do Algarve<\/title>\n<meta name=\"robots\" content=\"index, follow, max-snippet:-1, max-image-preview:large, max-video-preview:-1\" \/>\n<link rel=\"canonical\" href=\"https:\/\/www.vinhosdoalgarve.pt\/fr\/region\/\" \/>\n<meta property=\"og:locale\" content=\"fr_FR\" \/>\n<meta property=\"og:type\" content=\"article\" \/>\n<meta property=\"og:title\" content=\"La R\u00e9gion - Comiss\u00e3o de Vinhos do Algarve\" \/>\n<meta property=\"og:description\" content=\"LA R\u00c9GION DE L&rsquo;ALGARVE Un Monde \u00e0 D\u00e9couvrir SITU\u00c9E \u00c0 L&rsquo;EXTR\u00caME OUEST DE L&rsquo;EUROPE, AU SUD DU PORTUGAL CONTINENTAL, LA R\u00c9GION DE L&rsquo;ALGARVE A UNE SURFACE TOTALE DE 4960 KM2\u00a0 Bord\u00e9e au nord par l&rsquo;Alentejo, \u00e0 l&rsquo;est par le fleuve Guadiana et au sud et \u00e0 l&rsquo;ouest par l&rsquo;oc\u00e9an Atlantique, elle poss\u00e8de une bande c\u00f4ti\u00e8re [&hellip;]\" \/>\n<meta property=\"og:url\" content=\"https:\/\/www.vinhosdoalgarve.pt\/fr\/region\/\" \/>\n<meta property=\"og:site_name\" content=\"Comiss\u00e3o de Vinhos do Algarve\" \/>\n<meta property=\"article:modified_time\" content=\"2024-05-02T08:24:06+00:00\" \/>\n<meta property=\"og:image\" content=\"https:\/\/www.vinhosdoalgarve.pt\/wp-content\/uploads\/2024\/01\/18A1598-scaled.jpg\" \/>\n<meta name=\"twitter:card\" content=\"summary_large_image\" \/>\n<meta name=\"twitter:label1\" content=\"Dur\u00e9e de lecture estim\u00e9e\" \/>\n\t<meta name=\"twitter:data1\" content=\"7 minutes\" \/>\n<script type=\"application\/ld+json\" class=\"yoast-schema-graph\">{\"@context\":\"https:\/\/schema.org\",\"@graph\":[{\"@type\":\"WebPage\",\"@id\":\"https:\/\/www.vinhosdoalgarve.pt\/fr\/region\/\",\"url\":\"https:\/\/www.vinhosdoalgarve.pt\/fr\/region\/\",\"name\":\"La R\u00e9gion - Comiss\u00e3o de Vinhos do Algarve\",\"isPartOf\":{\"@id\":\"https:\/\/www.vinhosdoalgarve.pt\/fr\/#website\"},\"primaryImageOfPage\":{\"@id\":\"https:\/\/www.vinhosdoalgarve.pt\/fr\/region\/#primaryimage\"},\"image\":{\"@id\":\"https:\/\/www.vinhosdoalgarve.pt\/fr\/region\/#primaryimage\"},\"thumbnailUrl\":\"https:\/\/www.vinhosdoalgarve.pt\/wp-content\/uploads\/2024\/01\/18A1598-scaled.jpg\",\"datePublished\":\"2023-01-10T13:01:18+00:00\",\"dateModified\":\"2024-05-02T08:24:06+00:00\",\"breadcrumb\":{\"@id\":\"https:\/\/www.vinhosdoalgarve.pt\/fr\/region\/#breadcrumb\"},\"inLanguage\":\"fr-FR\",\"potentialAction\":[{\"@type\":\"ReadAction\",\"target\":[\"https:\/\/www.vinhosdoalgarve.pt\/fr\/region\/\"]}]},{\"@type\":\"ImageObject\",\"inLanguage\":\"fr-FR\",\"@id\":\"https:\/\/www.vinhosdoalgarve.pt\/fr\/region\/#primaryimage\",\"url\":\"https:\/\/www.vinhosdoalgarve.pt\/wp-content\/uploads\/2024\/01\/18A1598-scaled.jpg\",\"contentUrl\":\"https:\/\/www.vinhosdoalgarve.pt\/wp-content\/uploads\/2024\/01\/18A1598-scaled.jpg\"},{\"@type\":\"BreadcrumbList\",\"@id\":\"https:\/\/www.vinhosdoalgarve.pt\/fr\/region\/#breadcrumb\",\"itemListElement\":[{\"@type\":\"ListItem\",\"position\":1,\"name\":\"Home\",\"item\":\"https:\/\/www.vinhosdoalgarve.pt\/fr\/\"},{\"@type\":\"ListItem\",\"position\":2,\"name\":\"La R\u00e9gion\"}]},{\"@type\":\"WebSite\",\"@id\":\"https:\/\/www.vinhosdoalgarve.pt\/fr\/#website\",\"url\":\"https:\/\/www.vinhosdoalgarve.pt\/fr\/\",\"name\":\"Comiss\u00e3o de Vinhos do Algarve\",\"description\":\"\",\"publisher\":{\"@id\":\"https:\/\/www.vinhosdoalgarve.pt\/fr\/#organization\"},\"potentialAction\":[{\"@type\":\"SearchAction\",\"target\":{\"@type\":\"EntryPoint\",\"urlTemplate\":\"https:\/\/www.vinhosdoalgarve.pt\/fr\/?s={search_term_string}\"},\"query-input\":{\"@type\":\"PropertyValueSpecification\",\"valueRequired\":true,\"valueName\":\"search_term_string\"}}],\"inLanguage\":\"fr-FR\"},{\"@type\":\"Organization\",\"@id\":\"https:\/\/www.vinhosdoalgarve.pt\/fr\/#organization\",\"name\":\"Comiss\u00e3o de Vinhos do Algarve\",\"url\":\"https:\/\/www.vinhosdoalgarve.pt\/fr\/\",\"logo\":{\"@type\":\"ImageObject\",\"inLanguage\":\"fr-FR\",\"@id\":\"https:\/\/www.vinhosdoalgarve.pt\/fr\/#\/schema\/logo\/image\/\",\"url\":\"https:\/\/www.vinhosdoalgarve.pt\/wp-content\/uploads\/2023\/10\/logo-footer.svg\",\"contentUrl\":\"https:\/\/www.vinhosdoalgarve.pt\/wp-content\/uploads\/2023\/10\/logo-footer.svg\",\"width\":100,\"height\":245,\"caption\":\"Comiss\u00e3o de Vinhos do Algarve\"},\"image\":{\"@id\":\"https:\/\/www.vinhosdoalgarve.pt\/fr\/#\/schema\/logo\/image\/\"}}]}<\/script>\n<!-- \/ Yoast SEO plugin. -->","yoast_head_json":{"title":"La R\u00e9gion - Comiss\u00e3o de Vinhos do Algarve","robots":{"index":"index","follow":"follow","max-snippet":"max-snippet:-1","max-image-preview":"max-image-preview:large","max-video-preview":"max-video-preview:-1"},"canonical":"https:\/\/www.vinhosdoalgarve.pt\/fr\/region\/","og_locale":"fr_FR","og_type":"article","og_title":"La R\u00e9gion - Comiss\u00e3o de Vinhos do Algarve","og_description":"LA R\u00c9GION DE L&rsquo;ALGARVE Un Monde \u00e0 D\u00e9couvrir SITU\u00c9E \u00c0 L&rsquo;EXTR\u00caME OUEST DE L&rsquo;EUROPE, AU SUD DU PORTUGAL CONTINENTAL, LA R\u00c9GION DE L&rsquo;ALGARVE A UNE SURFACE TOTALE DE 4960 KM2\u00a0 Bord\u00e9e au nord par l&rsquo;Alentejo, \u00e0 l&rsquo;est par le fleuve Guadiana et au sud et \u00e0 l&rsquo;ouest par l&rsquo;oc\u00e9an Atlantique, elle poss\u00e8de une bande c\u00f4ti\u00e8re [&hellip;]","og_url":"https:\/\/www.vinhosdoalgarve.pt\/fr\/region\/","og_site_name":"Comiss\u00e3o de Vinhos do Algarve","article_modified_time":"2024-05-02T08:24:06+00:00","og_image":[{"url":"https:\/\/www.vinhosdoalgarve.pt\/wp-content\/uploads\/2024\/01\/18A1598-scaled.jpg","type":"","width":"","height":""}],"twitter_card":"summary_large_image","twitter_misc":{"Dur\u00e9e de lecture estim\u00e9e":"7 minutes"},"schema":{"@context":"https:\/\/schema.org","@graph":[{"@type":"WebPage","@id":"https:\/\/www.vinhosdoalgarve.pt\/fr\/region\/","url":"https:\/\/www.vinhosdoalgarve.pt\/fr\/region\/","name":"La R\u00e9gion - Comiss\u00e3o de Vinhos do Algarve","isPartOf":{"@id":"https:\/\/www.vinhosdoalgarve.pt\/fr\/#website"},"primaryImageOfPage":{"@id":"https:\/\/www.vinhosdoalgarve.pt\/fr\/region\/#primaryimage"},"image":{"@id":"https:\/\/www.vinhosdoalgarve.pt\/fr\/region\/#primaryimage"},"thumbnailUrl":"https:\/\/www.vinhosdoalgarve.pt\/wp-content\/uploads\/2024\/01\/18A1598-scaled.jpg","datePublished":"2023-01-10T13:01:18+00:00","dateModified":"2024-05-02T08:24:06+00:00","breadcrumb":{"@id":"https:\/\/www.vinhosdoalgarve.pt\/fr\/region\/#breadcrumb"},"inLanguage":"fr-FR","potentialAction":[{"@type":"ReadAction","target":["https:\/\/www.vinhosdoalgarve.pt\/fr\/region\/"]}]},{"@type":"ImageObject","inLanguage":"fr-FR","@id":"https:\/\/www.vinhosdoalgarve.pt\/fr\/region\/#primaryimage","url":"https:\/\/www.vinhosdoalgarve.pt\/wp-content\/uploads\/2024\/01\/18A1598-scaled.jpg","contentUrl":"https:\/\/www.vinhosdoalgarve.pt\/wp-content\/uploads\/2024\/01\/18A1598-scaled.jpg"},{"@type":"BreadcrumbList","@id":"https:\/\/www.vinhosdoalgarve.pt\/fr\/region\/#breadcrumb","itemListElement":[{"@type":"ListItem","position":1,"name":"Home","item":"https:\/\/www.vinhosdoalgarve.pt\/fr\/"},{"@type":"ListItem","position":2,"name":"La R\u00e9gion"}]},{"@type":"WebSite","@id":"https:\/\/www.vinhosdoalgarve.pt\/fr\/#website","url":"https:\/\/www.vinhosdoalgarve.pt\/fr\/","name":"Comiss\u00e3o de Vinhos do Algarve","description":"","publisher":{"@id":"https:\/\/www.vinhosdoalgarve.pt\/fr\/#organization"},"potentialAction":[{"@type":"SearchAction","target":{"@type":"EntryPoint","urlTemplate":"https:\/\/www.vinhosdoalgarve.pt\/fr\/?s={search_term_string}"},"query-input":{"@type":"PropertyValueSpecification","valueRequired":true,"valueName":"search_term_string"}}],"inLanguage":"fr-FR"},{"@type":"Organization","@id":"https:\/\/www.vinhosdoalgarve.pt\/fr\/#organization","name":"Comiss\u00e3o de Vinhos do Algarve","url":"https:\/\/www.vinhosdoalgarve.pt\/fr\/","logo":{"@type":"ImageObject","inLanguage":"fr-FR","@id":"https:\/\/www.vinhosdoalgarve.pt\/fr\/#\/schema\/logo\/image\/","url":"https:\/\/www.vinhosdoalgarve.pt\/wp-content\/uploads\/2023\/10\/logo-footer.svg","contentUrl":"https:\/\/www.vinhosdoalgarve.pt\/wp-content\/uploads\/2023\/10\/logo-footer.svg","width":100,"height":245,"caption":"Comiss\u00e3o de Vinhos do Algarve"},"image":{"@id":"https:\/\/www.vinhosdoalgarve.pt\/fr\/#\/schema\/logo\/image\/"}}]}},"_links":{"self":[{"href":"https:\/\/www.vinhosdoalgarve.pt\/fr\/wp-json\/wp\/v2\/pages\/13434","targetHints":{"allow":["GET"]}}],"collection":[{"href":"https:\/\/www.vinhosdoalgarve.pt\/fr\/wp-json\/wp\/v2\/pages"}],"about":[{"href":"https:\/\/www.vinhosdoalgarve.pt\/fr\/wp-json\/wp\/v2\/types\/page"}],"author":[{"embeddable":true,"href":"https:\/\/www.vinhosdoalgarve.pt\/fr\/wp-json\/wp\/v2\/users\/1"}],"replies":[{"embeddable":true,"href":"https:\/\/www.vinhosdoalgarve.pt\/fr\/wp-json\/wp\/v2\/comments?post=13434"}],"version-history":[{"count":20,"href":"https:\/\/www.vinhosdoalgarve.pt\/fr\/wp-json\/wp\/v2\/pages\/13434\/revisions"}],"predecessor-version":[{"id":14113,"href":"https:\/\/www.vinhosdoalgarve.pt\/fr\/wp-json\/wp\/v2\/pages\/13434\/revisions\/14113"}],"wp:attachment":[{"href":"https:\/\/www.vinhosdoalgarve.pt\/fr\/wp-json\/wp\/v2\/media?parent=13434"}],"curies":[{"name":"wp","href":"https:\/\/api.w.org\/{rel}","templated":true}]}}