{"id":13402,"date":"2023-01-09T08:38:18","date_gmt":"2023-01-09T08:38:18","guid":{"rendered":"https:\/\/www.vinhosdoalgarve.pt\/la-commission\/historia\/"},"modified":"2024-05-02T08:23:34","modified_gmt":"2024-05-02T08:23:34","slug":"histoire","status":"publish","type":"page","link":"https:\/\/www.vinhosdoalgarve.pt\/fr\/la-commission\/histoire\/","title":{"rendered":"L&rsquo;Histoire"},"content":{"rendered":"\t\t<div data-elementor-type=\"wp-page\" data-elementor-id=\"13402\" class=\"elementor elementor-13402 elementor-4575\">\n\t\t\t\t\t\t<section class=\"elementor-section elementor-top-section elementor-element elementor-element-dce49be elementor-section-full_width elementor-section-height-full elementor-section-items-top elementor-section-height-default\" data-id=\"dce49be\" data-element_type=\"section\" data-settings=\"{&quot;background_background&quot;:&quot;classic&quot;}\">\n\t\t\t\t\t\t<div class=\"elementor-container elementor-column-gap-default\">\n\t\t\t\t\t<div class=\"elementor-column elementor-col-100 elementor-top-column elementor-element elementor-element-50be9b9\" data-id=\"50be9b9\" data-element_type=\"column\">\n\t\t\t<div class=\"elementor-widget-wrap\">\n\t\t\t\t\t\t\t<\/div>\n\t\t<\/div>\n\t\t\t\t\t<\/div>\n\t\t<\/section>\n\t\t\t\t<section class=\"elementor-section elementor-top-section elementor-element elementor-element-0ee6bf4 elementor-section-full_width qodef-elementor-content-grid elementor-section-height-default elementor-section-height-default\" data-id=\"0ee6bf4\" data-element_type=\"section\">\n\t\t\t\t\t\t<div class=\"elementor-container elementor-column-gap-default\">\n\t\t\t\t\t<div class=\"elementor-column elementor-col-100 elementor-top-column elementor-element elementor-element-4f58013\" data-id=\"4f58013\" data-element_type=\"column\">\n\t\t\t<div class=\"elementor-widget-wrap elementor-element-populated\">\n\t\t\t\t\t\t<div class=\"elementor-element elementor-element-94d639a elementor-widget elementor-widget-chateau_core_section_title\" data-id=\"94d639a\" data-element_type=\"widget\" data-widget_type=\"chateau_core_section_title.default\">\n\t\t\t\t<div class=\"elementor-widget-container\">\n\t\t\t\t\t<div class=\"qodef-shortcode qodef-m  qodef-section-title qodef-alignment--center \">\n\t\t<h2 class=\"qodef-m-title\" >\n\t\t\t\t\t5 D\u00c9CENNIES DE CHANGEMENT \t\t\t<\/h2>\n\t<div class=\"qodef-m-subtitle-content qodef--has-appear\" >\n\t<div class=\"qodef-m-subtitle-line-one\" ><\/div>\n\t\t\t<p class=\"qodef-m-subtitle\" style=\"margin-left: 25px;margin-right: 25px\">\u00c0 partir de 1980 <\/p>\n\t\t<div class=\"qodef-m-subtitle-line-two\" ><\/div>\n<\/div>\n\t<\/div>\n\t\t\t\t<\/div>\n\t\t\t\t<\/div>\n\t\t\t\t\t<\/div>\n\t\t<\/div>\n\t\t\t\t\t<\/div>\n\t\t<\/section>\n\t\t\t\t<section class=\"elementor-section elementor-top-section elementor-element elementor-element-f8e3388 elementor-section-full_width qodef-elementor-content-grid elementor-section-height-default elementor-section-height-default\" data-id=\"f8e3388\" data-element_type=\"section\">\n\t\t\t\t\t\t<div class=\"elementor-container elementor-column-gap-default\">\n\t\t\t\t\t<div class=\"elementor-column elementor-col-100 elementor-top-column elementor-element elementor-element-89fd8af\" data-id=\"89fd8af\" data-element_type=\"column\">\n\t\t\t<div class=\"elementor-widget-wrap elementor-element-populated\">\n\t\t\t\t\t\t<div class=\"elementor-element elementor-element-04ae18e elementor-widget-tablet__width-inherit elementor-widget-mobile__width-inherit elementor-widget elementor-widget-chateau_core_item_showcase\" data-id=\"04ae18e\" data-element_type=\"widget\" data-widget_type=\"chateau_core_item_showcase.default\">\n\t\t\t\t<div class=\"elementor-widget-container\">\n\t\t\t\t\t<div class=\"qodef-shortcode qodef-m  qodef-item-showcase qodef-layout--list\">\n\t<div class=\"qodef-m-items qodef--left\">\n\t\t<div class=\"qodef-m-item qodef-e\">\n\t\t\t<h5 class=\"qodef-e-title\" style=\"color: #243305\">\n\t\t 1980 \t\t<\/h5>\n\t\t\t\t<p class=\"qodef-e-subtitle\" >D\u00e9limitation de la r\u00e9gion vitivinicole de l'Algarve<\/p>\n\t\t\t\t<p class=\"qodef-e-text\" style=\"color: #333333\">Dans la zone correspondant aux limites totales de la r\u00e9gion aujourd'hui.<\/p>\n\t<\/div>\n<div class=\"qodef-m-item qodef-e\">\n\t\t\t<h5 class=\"qodef-e-title\" style=\"color: #243305\">\n\t\t 1994 \t\t<\/h5>\n\t\t\t\t<p class=\"qodef-e-subtitle\" >D\u00e9but de l'activit\u00e9 de la CVA<\/p>\n\t\t\t\t<p class=\"qodef-e-text\" style=\"color: #333333\">Sous le nom de Commission Vitivinicole R\u00e9gionale de l'Algarve. <\/p>\n\t<\/div>\n<div class=\"qodef-m-item qodef-e\">\n\t\t\t<h5 class=\"qodef-e-title\" style=\"color: #243305\">\n\t\t 1998 \t\t<\/h5>\n\t\t\t\t<p class=\"qodef-e-subtitle\" >D\u00e9but d'un nouveau cycle<\/p>\n\t\t\t\t<p class=\"qodef-e-text\" style=\"color: #333333\">Avec la r\u00e9cup\u00e9ration d'environ 400 hectares de vignobles dans la r\u00e9gion. <\/p>\n\t<\/div>\n<div class=\"qodef-m-item qodef-e\">\n\t\t\t<h5 class=\"qodef-e-title\" style=\"color: #243305\">\n\t\t 2001 \t\t<\/h5>\n\t\t\t\t<p class=\"qodef-e-subtitle\" >Certification des Vins avec l'IG<\/p>\n\t\t\t\t<p class=\"qodef-e-text\" style=\"color: #333333\">La CVA est charg\u00e9e de contr\u00f4ler et de certifier les vins b\u00e9n\u00e9ficiant de l'Indication G\u00e9ographique \u00ab Algarve \u00bb.<\/p>\n\t<\/div>\n\t<\/div>\n\t\t<div class=\"qodef-m-image\" style=\"padding: -0 8%\">\n\t\t\t<\/div>\n\t<div class=\"qodef-m-items qodef--right\">\n\t\t<div class=\"qodef-m-item qodef-e\">\n\t\t\t<h5 class=\"qodef-e-title\" style=\"color: #243305\">\n\t\t 2012 \t\t<\/h5>\n\t\t\t\t<p class=\"qodef-e-subtitle\" >Accr\u00e9ditation de la CVA<\/p>\n\t\t\t\t<p class=\"qodef-e-text\" style=\"color: #333333\">La CVA est accr\u00e9dit\u00e9e pour la certification des produits vitivinicoles avec une D\u00e9nomination d'Origine Lagos, Portim\u00e3o, Lagoa et Tavira. <\/p>\n\t<\/div>\n<div class=\"qodef-m-item qodef-e\">\n\t\t\t<h5 class=\"qodef-e-title\" style=\"color: #243305\">\n\t\t 2020 \t\t<\/h5>\n\t\t\t\t<p class=\"qodef-e-subtitle\" >Certification Vin Mousseux IG Algarve<\/p>\n\t\t\t\t<p class=\"qodef-e-text\" style=\"color: #333333\">La CVA est accr\u00e9dit\u00e9e pour la certification du Vin Mousseux IG Algarve.<\/p>\n\t<\/div>\n<div class=\"qodef-m-item qodef-e\">\n\t\t\t<h5 class=\"qodef-e-title\" style=\"color: #243305\">\n\t\t 2023 \t\t<\/h5>\n\t\t\t\t<p class=\"qodef-e-subtitle\" >Algarve Wine Tourism<\/p>\n\t\t\t\t<p class=\"qodef-e-text\" style=\"color: #333333\">La CVA devient l'entit\u00e9 gestionnaire de la Route des Vins de l'Algarve.<\/p>\n\t<\/div>\n\t<\/div>\n<\/div>\n\t\t\t\t<\/div>\n\t\t\t\t<\/div>\n\t\t\t\t\t<\/div>\n\t\t<\/div>\n\t\t\t\t\t<\/div>\n\t\t<\/section>\n\t\t\t\t<section class=\"elementor-section elementor-top-section elementor-element elementor-element-3bc59c2 elementor-section-full_width elementor-section-height-min-height elementor-section-items-bottom qodef-elementor-content-grid elementor-section-height-default\" data-id=\"3bc59c2\" data-element_type=\"section\" data-settings=\"{&quot;background_background&quot;:&quot;classic&quot;}\">\n\t\t\t\t\t\t<div class=\"elementor-container elementor-column-gap-default\">\n\t\t\t\t\t<div class=\"elementor-column elementor-col-100 elementor-top-column elementor-element elementor-element-c0a47a0\" data-id=\"c0a47a0\" data-element_type=\"column\">\n\t\t\t<div class=\"elementor-widget-wrap elementor-element-populated\">\n\t\t\t\t\t\t<div class=\"elementor-element elementor-element-c601427 elementor-widget elementor-widget-chateau_core_section_title\" data-id=\"c601427\" data-element_type=\"widget\" data-widget_type=\"chateau_core_section_title.default\">\n\t\t\t\t<div class=\"elementor-widget-container\">\n\t\t\t\t\t<div class=\"qodef-shortcode qodef-m  qodef-section-title qodef-alignment--right \">\n\t\t<h3 class=\"qodef-m-title\" style=\"color: #FFFFFF\">\n\t\t\t\t\tCOMMISSION VITIVINICOLE DE<br \/>   L'ALGARVE - 5 D\u00c9CENNIES DE CHANGEMENT \t\t\t<\/h3>\n\t<div class=\"qodef-m-subtitle-content qodef--has-appear\" >\n\t<div class=\"qodef-m-subtitle-line-one\" style=\"display: none;\"><\/div>\n\t\t<div class=\"qodef-m-subtitle-line-two\" style=\"display: none;\"><\/div>\n<\/div>\n\t<\/div>\n\t\t\t\t<\/div>\n\t\t\t\t<\/div>\n\t\t\t\t\t<\/div>\n\t\t<\/div>\n\t\t\t\t\t<\/div>\n\t\t<\/section>\n\t\t\t\t<section class=\"elementor-section elementor-top-section elementor-element elementor-element-c884ee1 elementor-section-full_width qodef-elementor-content-grid elementor-section-height-default elementor-section-height-default\" data-id=\"c884ee1\" data-element_type=\"section\">\n\t\t\t\t\t\t<div class=\"elementor-container elementor-column-gap-default\">\n\t\t\t\t\t<div class=\"elementor-column elementor-col-50 elementor-top-column elementor-element elementor-element-7296db5\" data-id=\"7296db5\" data-element_type=\"column\">\n\t\t\t<div class=\"elementor-widget-wrap elementor-element-populated\">\n\t\t\t\t\t\t<div class=\"elementor-element elementor-element-0835296 elementor-widget__width-initial elementor-widget-mobile__width-inherit elementor-widget-tablet__width-initial elementor-widget elementor-widget-chateau_core_section_title\" data-id=\"0835296\" data-element_type=\"widget\" data-widget_type=\"chateau_core_section_title.default\">\n\t\t\t\t<div class=\"elementor-widget-container\">\n\t\t\t\t\t<div class=\"qodef-shortcode qodef-m  qodef-section-title qodef-alignment--left \">\n\t\t<h2 class=\"qodef-m-title\" >\n\t\t\t\t\tAlgarve\t\t\t<\/h2>\n\t<div class=\"qodef-m-subtitle-content qodef--has-appear\" style=\"margin-top: 14px\">\n\t<div class=\"qodef-m-subtitle-line-one\" style=\"width: 25px;background-color: #354C04\"><\/div>\n\t\t\t<p class=\"qodef-m-subtitle\" style=\"margin-left: 6px\">Un monde \u00e0 d\u00e9couvrir <\/p>\n\t\t<div class=\"qodef-m-subtitle-line-two\" style=\"display: none;\"><\/div>\n<\/div>\n\t\t<p class=\"qodef-m-text\" >La r\u00e9gion vitivinicole de l&#039;Algarve a connu une \u00e9volution sans pr\u00e9c\u00e9dent ces derni\u00e8res ann\u00e9es. En un peu plus d&#039;une d\u00e9cennie, de nouveaux producteurs, de nouveaux march\u00e9s sont apparus et nous avons reformul\u00e9 la Route des Vins de l&#039;Algarve ! Suivez le parcours de la CVA et de la r\u00e9gion de l&#039;Algarve, qui vous surprendra certainement par la diversit\u00e9 et le caract\u00e8re unique de ses vins. <\/p>\n<\/div>\n\t\t\t\t<\/div>\n\t\t\t\t<\/div>\n\t\t\t\t<section class=\"elementor-section elementor-inner-section elementor-element elementor-element-d419708 elementor-section-full_width elementor-section-height-default elementor-section-height-default\" data-id=\"d419708\" data-element_type=\"section\">\n\t\t\t\t\t\t<div class=\"elementor-container elementor-column-gap-default\">\n\t\t\t\t\t<div class=\"elementor-column elementor-col-50 elementor-inner-column elementor-element elementor-element-b2ba7c9\" data-id=\"b2ba7c9\" data-element_type=\"column\">\n\t\t\t<div class=\"elementor-widget-wrap elementor-element-populated\">\n\t\t\t\t\t\t<div class=\"elementor-element elementor-element-1a9f44f elementor-widget elementor-widget-chateau_core_counter\" data-id=\"1a9f44f\" data-element_type=\"widget\" data-widget_type=\"chateau_core_counter.default\">\n\t\t\t\t<div class=\"elementor-widget-container\">\n\t\t\t\t\t<div class=\"qodef-shortcode qodef-m  qodef-counter qodef-layout--simple\" data-start-digit=\"1\" data-end-digit=\"52\" data-step-delay=\"8\">\n\t<div class=\"qodef-m-digit-wrapper\">\n\t\t<span class=\"qodef-m-digit\" style=\"font-size: 100px\"><\/span>\n\t<\/div>\n\t<div class=\"qodef-m-content\">\n\t\t\t<h6 class=\"qodef-m-title\" >\n\t\t\t\t\tAgents \u00c9conomiques\t\t\t<\/h6>\n\t\t\t<\/div>\n<\/div>\n\t\t\t\t<\/div>\n\t\t\t\t<\/div>\n\t\t\t\t\t<\/div>\n\t\t<\/div>\n\t\t\t\t<div class=\"elementor-column elementor-col-50 elementor-inner-column elementor-element elementor-element-3b2ff52\" data-id=\"3b2ff52\" data-element_type=\"column\">\n\t\t\t<div class=\"elementor-widget-wrap elementor-element-populated\">\n\t\t\t\t\t\t<div class=\"elementor-element elementor-element-8d2dbf5 elementor-widget-tablet__width-auto elementor-widget elementor-widget-chateau_core_counter\" data-id=\"8d2dbf5\" data-element_type=\"widget\" data-widget_type=\"chateau_core_counter.default\">\n\t\t\t\t<div class=\"elementor-widget-container\">\n\t\t\t\t\t<div class=\"qodef-shortcode qodef-m  qodef-counter qodef-layout--simple\" data-start-digit=\"1\" data-end-digit=\"4\" data-step-delay=\"150\">\n\t<div class=\"qodef-m-digit-wrapper\">\n\t\t<span class=\"qodef-m-digit\" style=\"font-size: 100px\"><\/span>\n\t<\/div>\n\t<div class=\"qodef-m-content\">\n\t\t\t<h6 class=\"qodef-m-title\" >\n\t\t\t\t\tAppellations d&#039;Origine\t\t\t<\/h6>\n\t\t\t<\/div>\n<\/div>\n\t\t\t\t<\/div>\n\t\t\t\t<\/div>\n\t\t\t\t\t<\/div>\n\t\t<\/div>\n\t\t\t\t\t<\/div>\n\t\t<\/section>\n\t\t\t\t\t<\/div>\n\t\t<\/div>\n\t\t\t\t<div class=\"elementor-column elementor-col-50 elementor-top-column elementor-element elementor-element-693cf5c\" data-id=\"693cf5c\" data-element_type=\"column\">\n\t\t\t<div class=\"elementor-widget-wrap elementor-element-populated\">\n\t\t\t\t\t\t<div class=\"elementor-element elementor-element-918e8e1 elementor-widget elementor-widget-image\" data-id=\"918e8e1\" data-element_type=\"widget\" data-widget_type=\"image.default\">\n\t\t\t\t<div class=\"elementor-widget-container\">\n\t\t\t\t\t\t\t\t\t\t\t\t\t\t\t<img fetchpriority=\"high\" decoding=\"async\" width=\"1024\" height=\"683\" src=\"https:\/\/www.vinhosdoalgarve.pt\/wp-content\/uploads\/2024\/03\/18A1271-1024x683.jpg\" class=\"attachment-large size-large wp-image-13248\" alt=\"\" srcset=\"https:\/\/www.vinhosdoalgarve.pt\/wp-content\/uploads\/2024\/03\/18A1271-1024x683.jpg 1024w, https:\/\/www.vinhosdoalgarve.pt\/wp-content\/uploads\/2024\/03\/18A1271-300x200.jpg 300w, https:\/\/www.vinhosdoalgarve.pt\/wp-content\/uploads\/2024\/03\/18A1271-768x512.jpg 768w, https:\/\/www.vinhosdoalgarve.pt\/wp-content\/uploads\/2024\/03\/18A1271-1536x1024.jpg 1536w, https:\/\/www.vinhosdoalgarve.pt\/wp-content\/uploads\/2024\/03\/18A1271-2048x1365.jpg 2048w\" sizes=\"(max-width: 1024px) 100vw, 1024px\" \/>\t\t\t\t\t\t\t\t\t\t\t\t\t\t\t<\/div>\n\t\t\t\t<\/div>\n\t\t\t\t\t<\/div>\n\t\t<\/div>\n\t\t\t\t\t<\/div>\n\t\t<\/section>\n\t\t<div class=\"elementor-element elementor-element-5d922e9 e-flex e-con-boxed e-con e-parent\" data-id=\"5d922e9\" data-element_type=\"container\">\n\t\t\t\t\t<div class=\"e-con-inner\">\n\t\t\t\t<div class=\"elementor-element elementor-element-1e7b4ae elementor-widget-divider--view-line elementor-widget elementor-widget-divider\" data-id=\"1e7b4ae\" data-element_type=\"widget\" data-widget_type=\"divider.default\">\n\t\t\t\t<div class=\"elementor-widget-container\">\n\t\t\t\t\t\t\t<div class=\"elementor-divider\">\n\t\t\t<span class=\"elementor-divider-separator\">\n\t\t\t\t\t\t<\/span>\n\t\t<\/div>\n\t\t\t\t\t\t<\/div>\n\t\t\t\t<\/div>\n\t\t\t\t\t<\/div>\n\t\t\t\t<\/div>\n\t\t<div class=\"elementor-element elementor-element-f21641b e-flex e-con-boxed e-con e-parent\" data-id=\"f21641b\" data-element_type=\"container\">\n\t\t\t\t\t<div class=\"e-con-inner\">\n\t\t\t\t\t<\/div>\n\t\t\t\t<\/div>\n\t\t<div class=\"elementor-element elementor-element-305b7ad e-flex e-con-boxed e-con e-parent\" data-id=\"305b7ad\" data-element_type=\"container\">\n\t\t\t\t\t<div class=\"e-con-inner\">\n\t\t\t\t<div class=\"elementor-element elementor-element-2a2050a elementor-widget elementor-widget-heading\" data-id=\"2a2050a\" data-element_type=\"widget\" data-widget_type=\"heading.default\">\n\t\t\t\t<div class=\"elementor-widget-container\">\n\t\t\t\t\t<h2 class=\"elementor-heading-title elementor-size-default\">L'HISTOIRE DE LA COMMISSION VITIVINICOLE DE L'ALGARVE COMMENCE BIEN AVANT SA CR\u00c9ATION... <\/h2>\t\t\t\t<\/div>\n\t\t\t\t<\/div>\n\t\t\t\t\t<\/div>\n\t\t\t\t<\/div>\n\t\t<div class=\"elementor-element elementor-element-ea7ac66 e-flex e-con-boxed e-con e-parent\" data-id=\"ea7ac66\" data-element_type=\"container\">\n\t\t\t\t\t<div class=\"e-con-inner\">\n\t\t\t\t<div class=\"elementor-element elementor-element-49513fa elementor-widget elementor-widget-text-editor\" data-id=\"49513fa\" data-element_type=\"widget\" data-widget_type=\"text-editor.default\">\n\t\t\t\t<div class=\"elementor-widget-container\">\n\t\t\t\t\t\t\t\t\t<p><span class=\"TextRun SCXW142757055 BCX0\" lang=\"FR-FR\" xml:lang=\"FR-FR\" data-contrast=\"auto\"><span class=\"NormalTextRun SCXW142757055 BCX0\">En 1980, lorsque la r\u00e9gion vitivinicole de l&rsquo;Algarve a \u00e9t\u00e9 d\u00e9limit\u00e9e, d\u00e9j\u00e0 dans les limites actuelles, par l&rsquo;arr\u00eat\u00e9 207\/80 du 26 avril, publi\u00e9 dans le <\/span><span class=\"NormalTextRun SCXW142757055 BCX0\">J<\/span><span class=\"NormalTextRun SCXW142757055 BCX0\">ournal Officiel de la R\u00e9publique Portugaise<\/span><span class=\"NormalTextRun SCXW142757055 BCX0\"> [<\/span><span class=\"NormalTextRun SCXW142757055 BCX0\">Di\u00e1rio<\/span><span class=\"NormalTextRun SCXW142757055 BCX0\"> da Rep\u00fablica]<\/span><span class=\"NormalTextRun SCXW142757055 BCX0\">, 1\u00e8re s\u00e9rie, n\u00ba 85, du 26 avril 1980.<\/span><\/span><\/p><h5>&#8211; <span class=\"TextRun SCXW180336495 BCX0\" lang=\"FR-FR\" xml:lang=\"FR-FR\" data-contrast=\"auto\"><span class=\"NormalTextRun SCXW180336495 BCX0\">CEPENDANT, CE N&rsquo;EST QU&rsquo;EN 1994 QUE L&rsquo;ACTIVIT\u00c9 DE LA COMMISSION A COMMENC\u00c9<\/span><\/span> &#8211;<\/h5><p><span data-contrast=\"auto\">Avec l&rsquo;approbation de son r\u00e8glement de fonctionnement, alors sous le nom de Commission Vitivinicole R\u00e9gionale de l&rsquo;Algarve.<\/span><span data-ccp-props=\"{&quot;201341983&quot;:0,&quot;335559739&quot;:160,&quot;335559740&quot;:259}\">\u00a0<\/span><\/p><p><span data-contrast=\"auto\">\u00c0 l&rsquo;\u00e9poque, le secteur vitivinicole de la r\u00e9gion \u00e9tait tr\u00e8s peu prot\u00e9g\u00e9 et \u00e9conomiquement fragile. Les principaux agents \u00e9conomiques, les caves coop\u00e9ratives, connaissaient d&rsquo;\u00e9normes difficult\u00e9s financi\u00e8res. Cette situation a atteint son paroxysme avec la fermeture de la cave coop\u00e9rative de Tavira (1992), de la cave coop\u00e9rative de Portim\u00e3o (1997) et la fusion, des ann\u00e9es plus tard (2007), de la cave coop\u00e9rative de Lagoa avec celle de Lagos, donnant naissance \u00e0 \u00daNICA \u2013 Adega Coop\u00e9rative de l&rsquo;Algarve.<\/span><\/p><h5>&#8211; <span class=\"TextRun SCXW241102779 BCX0\" lang=\"FR-FR\" xml:lang=\"FR-FR\" data-contrast=\"auto\"><span class=\"NormalTextRun SCXW241102779 BCX0\">1998 MARQUE LE D\u00c9BUT D&rsquo;UN NOUVEAU CYCLE<\/span><\/span> &#8211;<\/h5><p><span data-contrast=\"auto\">Pour la Commission Vitivinicole R\u00e9gionale de l&rsquo;Algarve : la mise en \u0153uvre d&rsquo;un plan ambitieux pour la r\u00e9gion a commenc\u00e9 avec l&rsquo;objectif d&rsquo;accro\u00eetre la comp\u00e9titivit\u00e9 vitivinicole et de renouveler la surface de vignoble existant.<\/span><span data-ccp-props=\"{&quot;201341983&quot;:0,&quot;335559739&quot;:160,&quot;335559740&quot;:259}\">\u00a0<\/span><\/p><p><span data-contrast=\"auto\">Ainsi, entre 1998 et 2005, environ 400 hectares de vignobles ont \u00e9t\u00e9 r\u00e9cup\u00e9r\u00e9s dans tout l&rsquo;Algarve, avec l&rsquo;\u00e9mergence de 10 nouveaux agents \u00e9conomiques.<\/span><span data-ccp-props=\"{&quot;201341983&quot;:0,&quot;335559739&quot;:160,&quot;335559740&quot;:259}\">\u00a0<\/span><\/p><h5>&#8211; <span class=\"TextRun SCXW2499711 BCX0\" lang=\"FR-FR\" xml:lang=\"FR-FR\" data-contrast=\"auto\"><span class=\"NormalTextRun SCXW2499711 BCX0\">EN 2001, LA COMMISSION A ASSUM\u00c9 LES FONCTIONS DE CONTR\u00d4LE ET DE CERTIFICATION DES VINS AVEC IG<\/span><\/span>\u00a0&#8211;<\/h5><p><span data-contrast=\"auto\">Indication G\u00e9ographique (Vin R\u00e9gional de l&rsquo;Algarve) et reconna\u00eetre l&rsquo;utilisation de l&rsquo;indication g\u00e9ographique \u00ab Algarve \u00bb dans le vin de liqueur produit dans la m\u00eame zone (Arr\u00eat\u00e9 n\u00ba 364\/2001).<\/span><span data-ccp-props=\"{&quot;201341983&quot;:0,&quot;335559739&quot;:160,&quot;335559740&quot;:259}\">\u00a0<\/span><\/p><p><span data-contrast=\"auto\">En 2004 (D\u00e9cret-loi n\u00ba 212\/2004), un nouveau mod\u00e8le organisationnel et de nouveaux statuts ont \u00e9t\u00e9 d\u00e9finis, qui fa\u00e7onnent la structure op\u00e9rationnelle actuelle de l&rsquo;organisation.<\/span><span data-ccp-props=\"{&quot;201341983&quot;:0,&quot;335559739&quot;:160,&quot;335559740&quot;:259}\">\u00a0<\/span><\/p><h5>&#8211; <span class=\"TextRun SCXW107362929 BCX0\" lang=\"FR-FR\" xml:lang=\"FR-FR\" data-contrast=\"auto\"><span class=\"NormalTextRun SCXW107362929 BCX0\">EN 2010, UN AUTRE GRAND PAS VERS L&rsquo;AVENIR EST FRANCHI<\/span><\/span> &#8211;<\/h5><p><span data-contrast=\"auto\">La Commission s&rsquo;appelle d\u00e9sormais CVA \u2013 Commission Vitivinicole de l&rsquo;Algarve.<\/span><span data-ccp-props=\"{&quot;201341983&quot;:0,&quot;335559739&quot;:160,&quot;335559740&quot;:259}\">\u00a0<\/span><\/p><p><span data-contrast=\"auto\">Deux ans plus tard, en 2012, la CVA a \u00e9t\u00e9 accr\u00e9dit\u00e9e pour certifier les produits vitivinicoles avec une D\u00e9nomination d&rsquo;Origine Lagos, Portim\u00e3o, Lagoa et Tavira, et une Indication G\u00e9ographique de l&rsquo;Algarve.\u00a0<\/span><span data-ccp-props=\"{&quot;201341983&quot;:0,&quot;335559739&quot;:160,&quot;335559740&quot;:259}\">\u00a0<\/span><\/p><p><span data-contrast=\"auto\">En 2016, 30 agents \u00e9conomiques \u00e9taient d\u00e9j\u00e0 repr\u00e9sent\u00e9s par la CVA. En 2020, l&rsquo;extension de l&rsquo;accr\u00e9ditation pour le vin mousseux est accord\u00e9e.<\/span><span data-ccp-props=\"{&quot;201341983&quot;:0,&quot;335559739&quot;:160,&quot;335559740&quot;:259}\">\u00a0<\/span><\/p><h5>&#8211; <span class=\"TextRun SCXW235062341 BCX0\" lang=\"FR-FR\" xml:lang=\"FR-FR\" data-contrast=\"auto\"><span class=\"NormalTextRun SCXW235062341 BCX0\">EN 2023, LA CVA EST DEVENUE L&rsquo;ENTIT\u00c9 DE GESTION DE LA ROUTE DES VINS DE L&rsquo;ALGARVE<\/span><\/span> &#8211;<\/h5><p><span data-contrast=\"auto\">\u00c0 cette fin, un nouveau projet a \u00e9t\u00e9 d\u00e9velopp\u00e9, appel\u00e9 : Algarve Wine Tourism vise \u00e0 promouvoir les vins de la r\u00e9gion et l&rsquo;\u0153notourisme, ainsi que la gastronomie, l&rsquo;hospitalit\u00e9 et le patrimoine culturel existant dans la r\u00e9gion, en contribuant \u00e0 mettre en valeur les vins, les agents \u00e9conomiques et la r\u00e9gion elle-m\u00eame.<\/span><span data-ccp-props=\"{&quot;201341983&quot;:0,&quot;335559739&quot;:160,&quot;335559740&quot;:259}\">\u00a0<\/span><\/p><p><span data-contrast=\"auto\">De 1994 \u00e0 aujourd&rsquo;hui, la situation a \u00e9norm\u00e9ment \u00e9volu\u00e9 et un avenir prometteur s&rsquo;annonce pour la r\u00e9gion.<\/span><span data-ccp-props=\"{&quot;201341983&quot;:0,&quot;335559739&quot;:160,&quot;335559740&quot;:259}\">\u00a0<\/span><\/p><h6><span class=\"TextRun SCXW143097086 BCX0\" lang=\"FR-FR\" xml:lang=\"FR-FR\" data-contrast=\"auto\"><span class=\"NormalTextRun SCXW143097086 BCX0\">ACTUELLEMENT, LA CVA REPR\u00c9SENTE PLUS DE 50 AGENTS \u00c9CONOMIQUES ET EST L&rsquo;ENTIT\u00c9 DE GESTION DE LA ROUTE DES VINS DE L&rsquo;ALGARVE \u2013 ALGARVE WINE TOURISM ET ELLE EST ACCR\u00c9DIT\u00c9E POUR LA CERTIFICATION DES VINS IG, DOC \u00ab LAGOA \u00bb, \u00ab PORTIM\u00c3O \u00bb, \u00ab <\/span><span class=\"NormalTextRun SCXW143097086 BCX0\">LAGOS\u00bb<\/span><span class=\"NormalTextRun SCXW143097086 BCX0\"> ET \u00ab TAVIRA \u00bb, DE LIQUEUR ET MOUSSEUX.<\/span><\/span><\/h6>\t\t\t\t\t\t\t\t<\/div>\n\t\t\t\t<\/div>\n\t\t\t\t\t<\/div>\n\t\t\t\t<\/div>\n\t\t\t\t<section class=\"elementor-section elementor-top-section elementor-element elementor-element-7ec98ec elementor-section-full_width elementor-section-height-default elementor-section-height-default\" data-id=\"7ec98ec\" data-element_type=\"section\">\n\t\t\t\t\t\t<div class=\"elementor-container elementor-column-gap-default\">\n\t\t\t\t\t<div class=\"elementor-column elementor-col-100 elementor-top-column elementor-element elementor-element-867f0f9\" data-id=\"867f0f9\" data-element_type=\"column\">\n\t\t\t<div class=\"elementor-widget-wrap elementor-element-populated\">\n\t\t\t\t\t\t<div class=\"elementor-element elementor-element-f5b7361 elementor-widget elementor-widget-chateau_core_image_gallery\" data-id=\"f5b7361\" data-element_type=\"widget\" data-widget_type=\"chateau_core_image_gallery.default\">\n\t\t\t\t<div class=\"elementor-widget-container\">\n\t\t\t\t\t<div class=\"qodef-shortcode qodef-m  qodef-image-gallery qodef-magnific-popup qodef-popup-gallery   qodef-grid qodef-layout--columns  qodef-gutter--tiny qodef-vertical-gutter--tiny qodef-col-num--5    qodef-responsive--custom qodef-col-num--1440--5 qodef-col-num--1366--5 qodef-col-num--1024--5 qodef-col-num--768--2 qodef-col-num--680--1 qodef-col-num--480--1\" >\n\t<div class=\"qodef-grid-inner\">\n\t\t<div class=\"qodef-e qodef-image-wrapper qodef-grid-item \">\n\t\t\t<a class=\"qodef-popup-item\" itemprop=\"image\" href=\"https:\/\/www.vinhosdoalgarve.pt\/wp-content\/uploads\/2024\/03\/18A1296-scaled.jpg\" data-type=\"image\" title=\"\">\n\t\t<span class=\"qodef-hover-plus\"><\/span>\n\t\t\t<img decoding=\"async\" width=\"1707\" height=\"2560\" src=\"https:\/\/www.vinhosdoalgarve.pt\/wp-content\/uploads\/2024\/03\/18A1296-scaled.jpg\" class=\"attachment-full size-full\" alt=\"\" srcset=\"https:\/\/www.vinhosdoalgarve.pt\/wp-content\/uploads\/2024\/03\/18A1296-scaled.jpg 1707w, https:\/\/www.vinhosdoalgarve.pt\/wp-content\/uploads\/2024\/03\/18A1296-200x300.jpg 200w, https:\/\/www.vinhosdoalgarve.pt\/wp-content\/uploads\/2024\/03\/18A1296-683x1024.jpg 683w, https:\/\/www.vinhosdoalgarve.pt\/wp-content\/uploads\/2024\/03\/18A1296-768x1152.jpg 768w, https:\/\/www.vinhosdoalgarve.pt\/wp-content\/uploads\/2024\/03\/18A1296-1024x1536.jpg 1024w, https:\/\/www.vinhosdoalgarve.pt\/wp-content\/uploads\/2024\/03\/18A1296-1365x2048.jpg 1365w\" sizes=\"(max-width: 1707px) 100vw, 1707px\" \/>\t\t\t<\/a>\n\t<\/div>\n<div class=\"qodef-e qodef-image-wrapper qodef-grid-item \">\n\t\t\t<a class=\"qodef-popup-item\" itemprop=\"image\" href=\"https:\/\/www.vinhosdoalgarve.pt\/wp-content\/uploads\/2024\/02\/18A4255-scaled.jpg\" data-type=\"image\" title=\"\">\n\t\t<span class=\"qodef-hover-plus\"><\/span>\n\t\t\t<img decoding=\"async\" width=\"1707\" height=\"2560\" src=\"https:\/\/www.vinhosdoalgarve.pt\/wp-content\/uploads\/2024\/02\/18A4255-scaled.jpg\" class=\"attachment-full size-full\" alt=\"\" srcset=\"https:\/\/www.vinhosdoalgarve.pt\/wp-content\/uploads\/2024\/02\/18A4255-scaled.jpg 1707w, https:\/\/www.vinhosdoalgarve.pt\/wp-content\/uploads\/2024\/02\/18A4255-200x300.jpg 200w, https:\/\/www.vinhosdoalgarve.pt\/wp-content\/uploads\/2024\/02\/18A4255-683x1024.jpg 683w, https:\/\/www.vinhosdoalgarve.pt\/wp-content\/uploads\/2024\/02\/18A4255-768x1152.jpg 768w, https:\/\/www.vinhosdoalgarve.pt\/wp-content\/uploads\/2024\/02\/18A4255-1024x1536.jpg 1024w, https:\/\/www.vinhosdoalgarve.pt\/wp-content\/uploads\/2024\/02\/18A4255-1365x2048.jpg 1365w\" sizes=\"(max-width: 1707px) 100vw, 1707px\" \/>\t\t\t<\/a>\n\t<\/div>\n<div class=\"qodef-e qodef-image-wrapper qodef-grid-item \">\n\t\t\t<a class=\"qodef-popup-item\" itemprop=\"image\" href=\"https:\/\/www.vinhosdoalgarve.pt\/wp-content\/uploads\/2024\/01\/18A1282-scaled.jpg\" data-type=\"image\" title=\"\">\n\t\t<span class=\"qodef-hover-plus\"><\/span>\n\t\t\t<img loading=\"lazy\" decoding=\"async\" width=\"1707\" height=\"2560\" src=\"https:\/\/www.vinhosdoalgarve.pt\/wp-content\/uploads\/2024\/01\/18A1282-scaled.jpg\" class=\"attachment-full size-full\" alt=\"\" srcset=\"https:\/\/www.vinhosdoalgarve.pt\/wp-content\/uploads\/2024\/01\/18A1282-scaled.jpg 1707w, https:\/\/www.vinhosdoalgarve.pt\/wp-content\/uploads\/2024\/01\/18A1282-200x300.jpg 200w, https:\/\/www.vinhosdoalgarve.pt\/wp-content\/uploads\/2024\/01\/18A1282-683x1024.jpg 683w, https:\/\/www.vinhosdoalgarve.pt\/wp-content\/uploads\/2024\/01\/18A1282-768x1152.jpg 768w, https:\/\/www.vinhosdoalgarve.pt\/wp-content\/uploads\/2024\/01\/18A1282-1024x1536.jpg 1024w, https:\/\/www.vinhosdoalgarve.pt\/wp-content\/uploads\/2024\/01\/18A1282-1365x2048.jpg 1365w\" sizes=\"(max-width: 1707px) 100vw, 1707px\" \/>\t\t\t<\/a>\n\t<\/div>\n<div class=\"qodef-e qodef-image-wrapper qodef-grid-item \">\n\t\t\t<a class=\"qodef-popup-item\" itemprop=\"image\" href=\"https:\/\/www.vinhosdoalgarve.pt\/wp-content\/uploads\/2024\/02\/18A1322-scaled.jpg\" data-type=\"image\" title=\"\">\n\t\t<span class=\"qodef-hover-plus\"><\/span>\n\t\t\t<img loading=\"lazy\" decoding=\"async\" width=\"1707\" height=\"2560\" src=\"https:\/\/www.vinhosdoalgarve.pt\/wp-content\/uploads\/2024\/02\/18A1322-scaled.jpg\" class=\"attachment-full size-full\" alt=\"\" srcset=\"https:\/\/www.vinhosdoalgarve.pt\/wp-content\/uploads\/2024\/02\/18A1322-scaled.jpg 1707w, https:\/\/www.vinhosdoalgarve.pt\/wp-content\/uploads\/2024\/02\/18A1322-200x300.jpg 200w, https:\/\/www.vinhosdoalgarve.pt\/wp-content\/uploads\/2024\/02\/18A1322-683x1024.jpg 683w, https:\/\/www.vinhosdoalgarve.pt\/wp-content\/uploads\/2024\/02\/18A1322-768x1152.jpg 768w, https:\/\/www.vinhosdoalgarve.pt\/wp-content\/uploads\/2024\/02\/18A1322-1024x1536.jpg 1024w, https:\/\/www.vinhosdoalgarve.pt\/wp-content\/uploads\/2024\/02\/18A1322-1365x2048.jpg 1365w\" sizes=\"(max-width: 1707px) 100vw, 1707px\" \/>\t\t\t<\/a>\n\t<\/div>\n<div class=\"qodef-e qodef-image-wrapper qodef-grid-item \">\n\t\t\t<a class=\"qodef-popup-item\" itemprop=\"image\" href=\"https:\/\/www.vinhosdoalgarve.pt\/wp-content\/uploads\/2024\/02\/18A1040-1-scaled.jpg\" data-type=\"image\" title=\"\">\n\t\t<span class=\"qodef-hover-plus\"><\/span>\n\t\t\t<img loading=\"lazy\" decoding=\"async\" width=\"1707\" height=\"2560\" src=\"https:\/\/www.vinhosdoalgarve.pt\/wp-content\/uploads\/2024\/02\/18A1040-1-scaled.jpg\" class=\"attachment-full size-full\" alt=\"\" srcset=\"https:\/\/www.vinhosdoalgarve.pt\/wp-content\/uploads\/2024\/02\/18A1040-1-scaled.jpg 1707w, https:\/\/www.vinhosdoalgarve.pt\/wp-content\/uploads\/2024\/02\/18A1040-1-200x300.jpg 200w, https:\/\/www.vinhosdoalgarve.pt\/wp-content\/uploads\/2024\/02\/18A1040-1-683x1024.jpg 683w, https:\/\/www.vinhosdoalgarve.pt\/wp-content\/uploads\/2024\/02\/18A1040-1-768x1152.jpg 768w, https:\/\/www.vinhosdoalgarve.pt\/wp-content\/uploads\/2024\/02\/18A1040-1-1024x1536.jpg 1024w, https:\/\/www.vinhosdoalgarve.pt\/wp-content\/uploads\/2024\/02\/18A1040-1-1365x2048.jpg 1365w\" sizes=\"(max-width: 1707px) 100vw, 1707px\" \/>\t\t\t<\/a>\n\t<\/div>\n\t<\/div>\n<\/div>\n\t\t\t\t<\/div>\n\t\t\t\t<\/div>\n\t\t\t\t\t<\/div>\n\t\t<\/div>\n\t\t\t\t\t<\/div>\n\t\t<\/section>\n\t\t\t\t<\/div>\n\t\t","protected":false},"excerpt":{"rendered":"<p>5 D\u00c9CENNIES DE CHANGEMENT \u00c0 partir de 1980 1980 D\u00e9limitation de la r\u00e9gion vitivinicole de l&rsquo;Algarve Dans la zone correspondant aux limites totales de la r\u00e9gion aujourd&rsquo;hui. 1994 D\u00e9but de l&rsquo;activit\u00e9 de la CVA Sous le nom de Commission Vitivinicole R\u00e9gionale de l&rsquo;Algarve. 1998 D\u00e9but d&rsquo;un nouveau cycle Avec la r\u00e9cup\u00e9ration d&rsquo;environ 400 hectares de [&hellip;]<\/p>\n","protected":false},"author":1,"featured_media":0,"parent":13394,"menu_order":9,"comment_status":"closed","ping_status":"closed","template":"page-full-width.php","meta":{"_acf_changed":false,"inline_featured_image":false,"footnotes":""},"class_list":["post-13402","page","type-page","status-publish","hentry"],"acf":[],"yoast_head":"<!-- This site is optimized with the Yoast SEO plugin v26.7 - https:\/\/yoast.com\/wordpress\/plugins\/seo\/ -->\n<title>L&#039;Histoire - Comiss\u00e3o de Vinhos do Algarve<\/title>\n<meta name=\"robots\" content=\"index, follow, max-snippet:-1, max-image-preview:large, max-video-preview:-1\" \/>\n<link rel=\"canonical\" href=\"https:\/\/www.vinhosdoalgarve.pt\/fr\/la-commission\/histoire\/\" \/>\n<meta property=\"og:locale\" content=\"fr_FR\" \/>\n<meta property=\"og:type\" content=\"article\" \/>\n<meta property=\"og:title\" content=\"L&#039;Histoire - Comiss\u00e3o de Vinhos do Algarve\" \/>\n<meta property=\"og:description\" content=\"5 D\u00c9CENNIES DE CHANGEMENT \u00c0 partir de 1980 1980 D\u00e9limitation de la r\u00e9gion vitivinicole de l&rsquo;Algarve Dans la zone correspondant aux limites totales de la r\u00e9gion aujourd&rsquo;hui. 1994 D\u00e9but de l&rsquo;activit\u00e9 de la CVA Sous le nom de Commission Vitivinicole R\u00e9gionale de l&rsquo;Algarve. 1998 D\u00e9but d&rsquo;un nouveau cycle Avec la r\u00e9cup\u00e9ration d&rsquo;environ 400 hectares de [&hellip;]\" \/>\n<meta property=\"og:url\" content=\"https:\/\/www.vinhosdoalgarve.pt\/fr\/la-commission\/histoire\/\" \/>\n<meta property=\"og:site_name\" content=\"Comiss\u00e3o de Vinhos do Algarve\" \/>\n<meta property=\"article:modified_time\" content=\"2024-05-02T08:23:34+00:00\" \/>\n<meta property=\"og:image\" content=\"https:\/\/www.vinhosdoalgarve.pt\/wp-content\/uploads\/2024\/03\/18A1271-scaled.jpg\" \/>\n\t<meta property=\"og:image:width\" content=\"2560\" \/>\n\t<meta property=\"og:image:height\" content=\"1707\" \/>\n\t<meta property=\"og:image:type\" content=\"image\/jpeg\" \/>\n<meta name=\"twitter:card\" content=\"summary_large_image\" \/>\n<meta name=\"twitter:label1\" content=\"Dur\u00e9e de lecture estim\u00e9e\" \/>\n\t<meta name=\"twitter:data1\" content=\"4 minutes\" \/>\n<script type=\"application\/ld+json\" class=\"yoast-schema-graph\">{\"@context\":\"https:\/\/schema.org\",\"@graph\":[{\"@type\":\"WebPage\",\"@id\":\"https:\/\/www.vinhosdoalgarve.pt\/fr\/la-commission\/histoire\/\",\"url\":\"https:\/\/www.vinhosdoalgarve.pt\/fr\/la-commission\/histoire\/\",\"name\":\"L'Histoire - Comiss\u00e3o de Vinhos do Algarve\",\"isPartOf\":{\"@id\":\"https:\/\/www.vinhosdoalgarve.pt\/fr\/#website\"},\"primaryImageOfPage\":{\"@id\":\"https:\/\/www.vinhosdoalgarve.pt\/fr\/la-commission\/histoire\/#primaryimage\"},\"image\":{\"@id\":\"https:\/\/www.vinhosdoalgarve.pt\/fr\/la-commission\/histoire\/#primaryimage\"},\"thumbnailUrl\":\"https:\/\/www.vinhosdoalgarve.pt\/wp-content\/uploads\/2024\/03\/18A1271-1024x683.jpg\",\"datePublished\":\"2023-01-09T08:38:18+00:00\",\"dateModified\":\"2024-05-02T08:23:34+00:00\",\"breadcrumb\":{\"@id\":\"https:\/\/www.vinhosdoalgarve.pt\/fr\/la-commission\/histoire\/#breadcrumb\"},\"inLanguage\":\"fr-FR\",\"potentialAction\":[{\"@type\":\"ReadAction\",\"target\":[\"https:\/\/www.vinhosdoalgarve.pt\/fr\/la-commission\/histoire\/\"]}]},{\"@type\":\"ImageObject\",\"inLanguage\":\"fr-FR\",\"@id\":\"https:\/\/www.vinhosdoalgarve.pt\/fr\/la-commission\/histoire\/#primaryimage\",\"url\":\"https:\/\/www.vinhosdoalgarve.pt\/wp-content\/uploads\/2024\/03\/18A1271-1024x683.jpg\",\"contentUrl\":\"https:\/\/www.vinhosdoalgarve.pt\/wp-content\/uploads\/2024\/03\/18A1271-1024x683.jpg\"},{\"@type\":\"BreadcrumbList\",\"@id\":\"https:\/\/www.vinhosdoalgarve.pt\/fr\/la-commission\/histoire\/#breadcrumb\",\"itemListElement\":[{\"@type\":\"ListItem\",\"position\":1,\"name\":\"Home\",\"item\":\"https:\/\/www.vinhosdoalgarve.pt\/fr\/\"},{\"@type\":\"ListItem\",\"position\":2,\"name\":\"La Commission\",\"item\":\"https:\/\/www.vinhosdoalgarve.pt\/fr\/?page_id=13394\"},{\"@type\":\"ListItem\",\"position\":3,\"name\":\"L&#8217;Histoire\"}]},{\"@type\":\"WebSite\",\"@id\":\"https:\/\/www.vinhosdoalgarve.pt\/fr\/#website\",\"url\":\"https:\/\/www.vinhosdoalgarve.pt\/fr\/\",\"name\":\"Comiss\u00e3o de Vinhos do Algarve\",\"description\":\"\",\"publisher\":{\"@id\":\"https:\/\/www.vinhosdoalgarve.pt\/fr\/#organization\"},\"potentialAction\":[{\"@type\":\"SearchAction\",\"target\":{\"@type\":\"EntryPoint\",\"urlTemplate\":\"https:\/\/www.vinhosdoalgarve.pt\/fr\/?s={search_term_string}\"},\"query-input\":{\"@type\":\"PropertyValueSpecification\",\"valueRequired\":true,\"valueName\":\"search_term_string\"}}],\"inLanguage\":\"fr-FR\"},{\"@type\":\"Organization\",\"@id\":\"https:\/\/www.vinhosdoalgarve.pt\/fr\/#organization\",\"name\":\"Comiss\u00e3o de Vinhos do Algarve\",\"url\":\"https:\/\/www.vinhosdoalgarve.pt\/fr\/\",\"logo\":{\"@type\":\"ImageObject\",\"inLanguage\":\"fr-FR\",\"@id\":\"https:\/\/www.vinhosdoalgarve.pt\/fr\/#\/schema\/logo\/image\/\",\"url\":\"https:\/\/www.vinhosdoalgarve.pt\/wp-content\/uploads\/2023\/10\/logo-footer.svg\",\"contentUrl\":\"https:\/\/www.vinhosdoalgarve.pt\/wp-content\/uploads\/2023\/10\/logo-footer.svg\",\"width\":100,\"height\":245,\"caption\":\"Comiss\u00e3o de Vinhos do Algarve\"},\"image\":{\"@id\":\"https:\/\/www.vinhosdoalgarve.pt\/fr\/#\/schema\/logo\/image\/\"}}]}<\/script>\n<!-- \/ Yoast SEO plugin. -->","yoast_head_json":{"title":"L'Histoire - Comiss\u00e3o de Vinhos do Algarve","robots":{"index":"index","follow":"follow","max-snippet":"max-snippet:-1","max-image-preview":"max-image-preview:large","max-video-preview":"max-video-preview:-1"},"canonical":"https:\/\/www.vinhosdoalgarve.pt\/fr\/la-commission\/histoire\/","og_locale":"fr_FR","og_type":"article","og_title":"L'Histoire - Comiss\u00e3o de Vinhos do Algarve","og_description":"5 D\u00c9CENNIES DE CHANGEMENT \u00c0 partir de 1980 1980 D\u00e9limitation de la r\u00e9gion vitivinicole de l&rsquo;Algarve Dans la zone correspondant aux limites totales de la r\u00e9gion aujourd&rsquo;hui. 1994 D\u00e9but de l&rsquo;activit\u00e9 de la CVA Sous le nom de Commission Vitivinicole R\u00e9gionale de l&rsquo;Algarve. 1998 D\u00e9but d&rsquo;un nouveau cycle Avec la r\u00e9cup\u00e9ration d&rsquo;environ 400 hectares de [&hellip;]","og_url":"https:\/\/www.vinhosdoalgarve.pt\/fr\/la-commission\/histoire\/","og_site_name":"Comiss\u00e3o de Vinhos do Algarve","article_modified_time":"2024-05-02T08:23:34+00:00","og_image":[{"width":2560,"height":1707,"url":"https:\/\/www.vinhosdoalgarve.pt\/wp-content\/uploads\/2024\/03\/18A1271-scaled.jpg","type":"image\/jpeg"}],"twitter_card":"summary_large_image","twitter_misc":{"Dur\u00e9e de lecture estim\u00e9e":"4 minutes"},"schema":{"@context":"https:\/\/schema.org","@graph":[{"@type":"WebPage","@id":"https:\/\/www.vinhosdoalgarve.pt\/fr\/la-commission\/histoire\/","url":"https:\/\/www.vinhosdoalgarve.pt\/fr\/la-commission\/histoire\/","name":"L'Histoire - Comiss\u00e3o de Vinhos do Algarve","isPartOf":{"@id":"https:\/\/www.vinhosdoalgarve.pt\/fr\/#website"},"primaryImageOfPage":{"@id":"https:\/\/www.vinhosdoalgarve.pt\/fr\/la-commission\/histoire\/#primaryimage"},"image":{"@id":"https:\/\/www.vinhosdoalgarve.pt\/fr\/la-commission\/histoire\/#primaryimage"},"thumbnailUrl":"https:\/\/www.vinhosdoalgarve.pt\/wp-content\/uploads\/2024\/03\/18A1271-1024x683.jpg","datePublished":"2023-01-09T08:38:18+00:00","dateModified":"2024-05-02T08:23:34+00:00","breadcrumb":{"@id":"https:\/\/www.vinhosdoalgarve.pt\/fr\/la-commission\/histoire\/#breadcrumb"},"inLanguage":"fr-FR","potentialAction":[{"@type":"ReadAction","target":["https:\/\/www.vinhosdoalgarve.pt\/fr\/la-commission\/histoire\/"]}]},{"@type":"ImageObject","inLanguage":"fr-FR","@id":"https:\/\/www.vinhosdoalgarve.pt\/fr\/la-commission\/histoire\/#primaryimage","url":"https:\/\/www.vinhosdoalgarve.pt\/wp-content\/uploads\/2024\/03\/18A1271-1024x683.jpg","contentUrl":"https:\/\/www.vinhosdoalgarve.pt\/wp-content\/uploads\/2024\/03\/18A1271-1024x683.jpg"},{"@type":"BreadcrumbList","@id":"https:\/\/www.vinhosdoalgarve.pt\/fr\/la-commission\/histoire\/#breadcrumb","itemListElement":[{"@type":"ListItem","position":1,"name":"Home","item":"https:\/\/www.vinhosdoalgarve.pt\/fr\/"},{"@type":"ListItem","position":2,"name":"La Commission","item":"https:\/\/www.vinhosdoalgarve.pt\/fr\/?page_id=13394"},{"@type":"ListItem","position":3,"name":"L&#8217;Histoire"}]},{"@type":"WebSite","@id":"https:\/\/www.vinhosdoalgarve.pt\/fr\/#website","url":"https:\/\/www.vinhosdoalgarve.pt\/fr\/","name":"Comiss\u00e3o de Vinhos do Algarve","description":"","publisher":{"@id":"https:\/\/www.vinhosdoalgarve.pt\/fr\/#organization"},"potentialAction":[{"@type":"SearchAction","target":{"@type":"EntryPoint","urlTemplate":"https:\/\/www.vinhosdoalgarve.pt\/fr\/?s={search_term_string}"},"query-input":{"@type":"PropertyValueSpecification","valueRequired":true,"valueName":"search_term_string"}}],"inLanguage":"fr-FR"},{"@type":"Organization","@id":"https:\/\/www.vinhosdoalgarve.pt\/fr\/#organization","name":"Comiss\u00e3o de Vinhos do Algarve","url":"https:\/\/www.vinhosdoalgarve.pt\/fr\/","logo":{"@type":"ImageObject","inLanguage":"fr-FR","@id":"https:\/\/www.vinhosdoalgarve.pt\/fr\/#\/schema\/logo\/image\/","url":"https:\/\/www.vinhosdoalgarve.pt\/wp-content\/uploads\/2023\/10\/logo-footer.svg","contentUrl":"https:\/\/www.vinhosdoalgarve.pt\/wp-content\/uploads\/2023\/10\/logo-footer.svg","width":100,"height":245,"caption":"Comiss\u00e3o de Vinhos do Algarve"},"image":{"@id":"https:\/\/www.vinhosdoalgarve.pt\/fr\/#\/schema\/logo\/image\/"}}]}},"_links":{"self":[{"href":"https:\/\/www.vinhosdoalgarve.pt\/fr\/wp-json\/wp\/v2\/pages\/13402","targetHints":{"allow":["GET"]}}],"collection":[{"href":"https:\/\/www.vinhosdoalgarve.pt\/fr\/wp-json\/wp\/v2\/pages"}],"about":[{"href":"https:\/\/www.vinhosdoalgarve.pt\/fr\/wp-json\/wp\/v2\/types\/page"}],"author":[{"embeddable":true,"href":"https:\/\/www.vinhosdoalgarve.pt\/fr\/wp-json\/wp\/v2\/users\/1"}],"replies":[{"embeddable":true,"href":"https:\/\/www.vinhosdoalgarve.pt\/fr\/wp-json\/wp\/v2\/comments?post=13402"}],"version-history":[{"count":10,"href":"https:\/\/www.vinhosdoalgarve.pt\/fr\/wp-json\/wp\/v2\/pages\/13402\/revisions"}],"predecessor-version":[{"id":14093,"href":"https:\/\/www.vinhosdoalgarve.pt\/fr\/wp-json\/wp\/v2\/pages\/13402\/revisions\/14093"}],"up":[{"embeddable":true,"href":"https:\/\/www.vinhosdoalgarve.pt\/fr\/wp-json\/wp\/v2\/pages\/13394"}],"wp:attachment":[{"href":"https:\/\/www.vinhosdoalgarve.pt\/fr\/wp-json\/wp\/v2\/media?parent=13402"}],"curies":[{"name":"wp","href":"https:\/\/api.w.org\/{rel}","templated":true}]}}